{"version":"1.0","provider_name":"\u00c5ke Bonnier","provider_url":"https:\/\/blogg.svenskakyrkan.se\/akebonnier","author_name":"\u00c5ke Bonnier","author_url":"https:\/\/blogg.svenskakyrkan.se\/akebonnier\/author\/akebonnier\/","title":"Antisemitism - nej!!! - \u00c5ke Bonnier","type":"rich","width":600,"height":338,"html":"<blockquote class=\"wp-embedded-content\" data-secret=\"3cFgBQBLyv\"><a href=\"https:\/\/blogg.svenskakyrkan.se\/akebonnier\/2009\/04\/21\/antisemitism-nej\/\">Antisemitism &#8211; nej!!!<\/a><\/blockquote><iframe sandbox=\"allow-scripts\" security=\"restricted\" src=\"https:\/\/blogg.svenskakyrkan.se\/akebonnier\/2009\/04\/21\/antisemitism-nej\/embed\/#?secret=3cFgBQBLyv\" width=\"600\" height=\"338\" title=\"\u201dAntisemitism &#8211; nej!!!\u201d &ndash; \u00c5ke Bonnier\" data-secret=\"3cFgBQBLyv\" frameborder=\"0\" marginwidth=\"0\" marginheight=\"0\" scrolling=\"no\" class=\"wp-embedded-content\"><\/iframe><script type=\"text\/javascript\">\n\/* <![CDATA[ *\/\n\/*! This file is auto-generated *\/\n!function(d,l){\"use strict\";l.querySelector&&d.addEventListener&&\"undefined\"!=typeof URL&&(d.wp=d.wp||{},d.wp.receiveEmbedMessage||(d.wp.receiveEmbedMessage=function(e){var t=e.data;if((t||t.secret||t.message||t.value)&&!\/[^a-zA-Z0-9]\/.test(t.secret)){for(var s,r,n,a=l.querySelectorAll('iframe[data-secret=\"'+t.secret+'\"]'),o=l.querySelectorAll('blockquote[data-secret=\"'+t.secret+'\"]'),c=new RegExp(\"^https?:$\",\"i\"),i=0;i<o.length;i++)o[i].style.display=\"none\";for(i=0;i<a.length;i++)s=a[i],e.source===s.contentWindow&&(s.removeAttribute(\"style\"),\"height\"===t.message?(1e3<(r=parseInt(t.value,10))?r=1e3:~~r<200&&(r=200),s.height=r):\"link\"===t.message&&(r=new URL(s.getAttribute(\"src\")),n=new URL(t.value),c.test(n.protocol))&&n.host===r.host&&l.activeElement===s&&(d.top.location.href=t.value))}},d.addEventListener(\"message\",d.wp.receiveEmbedMessage,!1),l.addEventListener(\"DOMContentLoaded\",function(){for(var e,t,s=l.querySelectorAll(\"iframe.wp-embedded-content\"),r=0;r<s.length;r++)(t=(e=s[r]).getAttribute(\"data-secret\"))||(t=Math.random().toString(36).substring(2,12),e.src+=\"#?secret=\"+t,e.setAttribute(\"data-secret\",t)),e.contentWindow.postMessage({message:\"ready\",secret:t},\"*\")},!1)))}(window,document);\n\/\/# sourceURL=https:\/\/blogg.svenskakyrkan.se\/akebonnier\/wp-includes\/js\/wp-embed.min.js\n\/* ]]> *\/\n<\/script>\n","description":"FN-konferensens misslyckande \u00e4r djupt tragiskt! Det \u00e4r tydligt att antisemitismen fortfarande frodas. Man anar en \u00f6nskan om Israels ickeexistens bakom den iranske presidentens tal. Det var hedrande att s\u00e5 m\u00e5nga EU-diplomater l\u00e4mnade salen n\u00e4r Mahmoud Ahmadinejad h\u00f6ll sitt vederv\u00e4rdiga tal. Men antisemitism \u00e4r inte bara ett internationellt fenomen. Antisemitismens fula tryne dyker upp ocks\u00e5 p\u00e5 [&hellip;]","thumbnail_url":"https:\/\/blogger.googleusercontent.com\/tracker\/9055441369901436026-7733563438794818992?l=akebonnier.blogspot.com"}