{"version":"1.0","provider_name":"\u00c5ke Bonnier","provider_url":"https:\/\/blogg.svenskakyrkan.se\/akebonnier","author_name":"\u00c5ke Bonnier","author_url":"https:\/\/blogg.svenskakyrkan.se\/akebonnier\/author\/akebonnier\/","title":"Jesusmanifestationen - nu drar det ihop sig! - \u00c5ke Bonnier","type":"rich","width":600,"height":338,"html":"<blockquote class=\"wp-embedded-content\" data-secret=\"L5ZvpgPWtw\"><a href=\"https:\/\/blogg.svenskakyrkan.se\/akebonnier\/2009\/05\/01\/jesusmanifestationen-nu-drar-det-ihop-sig\/\">Jesusmanifestationen &#8211; nu drar det ihop sig!<\/a><\/blockquote><iframe sandbox=\"allow-scripts\" security=\"restricted\" src=\"https:\/\/blogg.svenskakyrkan.se\/akebonnier\/2009\/05\/01\/jesusmanifestationen-nu-drar-det-ihop-sig\/embed\/#?secret=L5ZvpgPWtw\" width=\"600\" height=\"338\" title=\"\u201dJesusmanifestationen &#8211; nu drar det ihop sig!\u201d &ndash; \u00c5ke Bonnier\" data-secret=\"L5ZvpgPWtw\" frameborder=\"0\" marginwidth=\"0\" marginheight=\"0\" scrolling=\"no\" class=\"wp-embedded-content\"><\/iframe><script type=\"text\/javascript\">\n\/* <![CDATA[ *\/\n\/*! This file is auto-generated *\/\n!function(d,l){\"use strict\";l.querySelector&&d.addEventListener&&\"undefined\"!=typeof URL&&(d.wp=d.wp||{},d.wp.receiveEmbedMessage||(d.wp.receiveEmbedMessage=function(e){var t=e.data;if((t||t.secret||t.message||t.value)&&!\/[^a-zA-Z0-9]\/.test(t.secret)){for(var s,r,n,a=l.querySelectorAll('iframe[data-secret=\"'+t.secret+'\"]'),o=l.querySelectorAll('blockquote[data-secret=\"'+t.secret+'\"]'),c=new RegExp(\"^https?:$\",\"i\"),i=0;i<o.length;i++)o[i].style.display=\"none\";for(i=0;i<a.length;i++)s=a[i],e.source===s.contentWindow&&(s.removeAttribute(\"style\"),\"height\"===t.message?(1e3<(r=parseInt(t.value,10))?r=1e3:~~r<200&&(r=200),s.height=r):\"link\"===t.message&&(r=new URL(s.getAttribute(\"src\")),n=new URL(t.value),c.test(n.protocol))&&n.host===r.host&&l.activeElement===s&&(d.top.location.href=t.value))}},d.addEventListener(\"message\",d.wp.receiveEmbedMessage,!1),l.addEventListener(\"DOMContentLoaded\",function(){for(var e,t,s=l.querySelectorAll(\"iframe.wp-embedded-content\"),r=0;r<s.length;r++)(t=(e=s[r]).getAttribute(\"data-secret\"))||(t=Math.random().toString(36).substring(2,12),e.src+=\"#?secret=\"+t,e.setAttribute(\"data-secret\",t)),e.contentWindow.postMessage({message:\"ready\",secret:t},\"*\")},!1)))}(window,document);\n\/\/# sourceURL=https:\/\/blogg.svenskakyrkan.se\/akebonnier\/wp-includes\/js\/wp-embed.min.js\n\/* ]]> *\/\n<\/script>\n","description":"P\u00e5 tidningen Dagen (www.dagen.se) kan man l\u00e4sa direktrapporter fr\u00e5n Jesusmanifestationen. Egentligen har den redan &#8221;tjuvstartat&#8221; med m\u00f6ten p\u00e5 Sergelstorg. Men imorgon \u00e4r det som det &#8221;sm\u00e4ller&#8221;. I Storkyrkan firar vi sedvanlig f\u00f6rb\u00f6nsm\u00e4ssa kl 11.00 (V\u00e4lkomna)! 12.00 talar bl a G\u00f6ran Skytte p\u00e5 Stortorget och katolikerna h\u00e5ller till p\u00e5 Mynttorget d\u00e4r Focolarer\u00f6relsen finns representerad. Fler m\u00f6ten [&hellip;]","thumbnail_url":"https:\/\/blogger.googleusercontent.com\/tracker\/9055441369901436026-7342537991387143795?l=akebonnier.blogspot.com"}