{"version":"1.0","provider_name":"\u00c5ke Bonnier","provider_url":"https:\/\/blogg.svenskakyrkan.se\/akebonnier","author_name":"\u00c5ke Bonnier","author_url":"https:\/\/blogg.svenskakyrkan.se\/akebonnier\/author\/akebonnier\/","title":"G\u00e5rdagen \u00e4r f\u00f6rbi - morgondagen k\u00e4nner ingen! - \u00c5ke Bonnier","type":"rich","width":600,"height":338,"html":"<blockquote class=\"wp-embedded-content\" data-secret=\"5Hbwpx1YTa\"><a href=\"https:\/\/blogg.svenskakyrkan.se\/akebonnier\/2009\/09\/21\/gardagen-ar-forbi-morgondagen-kanner-ingen\/\">G\u00e5rdagen \u00e4r f\u00f6rbi &#8211; morgondagen k\u00e4nner ingen!<\/a><\/blockquote><iframe sandbox=\"allow-scripts\" security=\"restricted\" src=\"https:\/\/blogg.svenskakyrkan.se\/akebonnier\/2009\/09\/21\/gardagen-ar-forbi-morgondagen-kanner-ingen\/embed\/#?secret=5Hbwpx1YTa\" width=\"600\" height=\"338\" title=\"\u201dG\u00e5rdagen \u00e4r f\u00f6rbi &#8211; morgondagen k\u00e4nner ingen!\u201d &ndash; \u00c5ke Bonnier\" data-secret=\"5Hbwpx1YTa\" frameborder=\"0\" marginwidth=\"0\" marginheight=\"0\" scrolling=\"no\" class=\"wp-embedded-content\"><\/iframe><script type=\"text\/javascript\">\n\/* <![CDATA[ *\/\n\/*! This file is auto-generated *\/\n!function(d,l){\"use strict\";l.querySelector&&d.addEventListener&&\"undefined\"!=typeof URL&&(d.wp=d.wp||{},d.wp.receiveEmbedMessage||(d.wp.receiveEmbedMessage=function(e){var t=e.data;if((t||t.secret||t.message||t.value)&&!\/[^a-zA-Z0-9]\/.test(t.secret)){for(var s,r,n,a=l.querySelectorAll('iframe[data-secret=\"'+t.secret+'\"]'),o=l.querySelectorAll('blockquote[data-secret=\"'+t.secret+'\"]'),c=new RegExp(\"^https?:$\",\"i\"),i=0;i<o.length;i++)o[i].style.display=\"none\";for(i=0;i<a.length;i++)s=a[i],e.source===s.contentWindow&&(s.removeAttribute(\"style\"),\"height\"===t.message?(1e3<(r=parseInt(t.value,10))?r=1e3:~~r<200&&(r=200),s.height=r):\"link\"===t.message&&(r=new URL(s.getAttribute(\"src\")),n=new URL(t.value),c.test(n.protocol))&&n.host===r.host&&l.activeElement===s&&(d.top.location.href=t.value))}},d.addEventListener(\"message\",d.wp.receiveEmbedMessage,!1),l.addEventListener(\"DOMContentLoaded\",function(){for(var e,t,s=l.querySelectorAll(\"iframe.wp-embedded-content\"),r=0;r<s.length;r++)(t=(e=s[r]).getAttribute(\"data-secret\"))||(t=Math.random().toString(36).substring(2,12),e.src+=\"#?secret=\"+t,e.setAttribute(\"data-secret\",t)),e.contentWindow.postMessage({message:\"ready\",secret:t},\"*\")},!1)))}(window,document);\n\/\/# sourceURL=https:\/\/blogg.svenskakyrkan.se\/akebonnier\/wp-includes\/js\/wp-embed.min.js\n\/* ]]> *\/\n<\/script>\n","description":"Ig\u00e5r avgjordes kyrkovalet. Jag kan inte s\u00e4ga att jag \u00e4r s\u00e4rskilt entusiastisk och inte heller djupt besviken. Jo, jag \u00e4r djupt besviken \u00f6ver att Sverigedemokraterna gick fram\u00e5t. Det \u00e4r bedr\u00f6vligt. De st\u00e5r i grunden f\u00f6r en fr\u00e4mlingsfientlighet som \u00e4r obiblisk. \u00e4r det n\u00e5got som de gammaltestamentliga och socialt medvetna profeterna dundrade om, \u00e4r det att [&hellip;]","thumbnail_url":"https:\/\/blogger.googleusercontent.com\/tracker\/9055441369901436026-67836482756368218?l=akebonnier.blogspot.com"}