{"version":"1.0","provider_name":"\u00c5ke Bonnier","provider_url":"https:\/\/blogg.svenskakyrkan.se\/akebonnier","author_name":"\u00c5ke Bonnier","author_url":"https:\/\/blogg.svenskakyrkan.se\/akebonnier\/author\/akebonnier\/","title":"Gl\u00f6m inte att r\u00f6sta p\u00e5 s\u00f6ndag! - \u00c5ke Bonnier","type":"rich","width":600,"height":338,"html":"<blockquote class=\"wp-embedded-content\" data-secret=\"RYVIDCt9Tl\"><a href=\"https:\/\/blogg.svenskakyrkan.se\/akebonnier\/2010\/09\/16\/glom-inte-att-rosta-pa-sondag\/\">Gl\u00f6m inte att r\u00f6sta p\u00e5 s\u00f6ndag!<\/a><\/blockquote><iframe sandbox=\"allow-scripts\" security=\"restricted\" src=\"https:\/\/blogg.svenskakyrkan.se\/akebonnier\/2010\/09\/16\/glom-inte-att-rosta-pa-sondag\/embed\/#?secret=RYVIDCt9Tl\" width=\"600\" height=\"338\" title=\"\u201dGl\u00f6m inte att r\u00f6sta p\u00e5 s\u00f6ndag!\u201d &ndash; \u00c5ke Bonnier\" data-secret=\"RYVIDCt9Tl\" frameborder=\"0\" marginwidth=\"0\" marginheight=\"0\" scrolling=\"no\" class=\"wp-embedded-content\"><\/iframe><script type=\"text\/javascript\">\n\/* <![CDATA[ *\/\n\/*! This file is auto-generated *\/\n!function(d,l){\"use strict\";l.querySelector&&d.addEventListener&&\"undefined\"!=typeof URL&&(d.wp=d.wp||{},d.wp.receiveEmbedMessage||(d.wp.receiveEmbedMessage=function(e){var t=e.data;if((t||t.secret||t.message||t.value)&&!\/[^a-zA-Z0-9]\/.test(t.secret)){for(var s,r,n,a=l.querySelectorAll('iframe[data-secret=\"'+t.secret+'\"]'),o=l.querySelectorAll('blockquote[data-secret=\"'+t.secret+'\"]'),c=new RegExp(\"^https?:$\",\"i\"),i=0;i<o.length;i++)o[i].style.display=\"none\";for(i=0;i<a.length;i++)s=a[i],e.source===s.contentWindow&&(s.removeAttribute(\"style\"),\"height\"===t.message?(1e3<(r=parseInt(t.value,10))?r=1e3:~~r<200&&(r=200),s.height=r):\"link\"===t.message&&(r=new URL(s.getAttribute(\"src\")),n=new URL(t.value),c.test(n.protocol))&&n.host===r.host&&l.activeElement===s&&(d.top.location.href=t.value))}},d.addEventListener(\"message\",d.wp.receiveEmbedMessage,!1),l.addEventListener(\"DOMContentLoaded\",function(){for(var e,t,s=l.querySelectorAll(\"iframe.wp-embedded-content\"),r=0;r<s.length;r++)(t=(e=s[r]).getAttribute(\"data-secret\"))||(t=Math.random().toString(36).substring(2,12),e.src+=\"#?secret=\"+t,e.setAttribute(\"data-secret\",t)),e.contentWindow.postMessage({message:\"ready\",secret:t},\"*\")},!1)))}(window,document);\n\/\/# sourceURL=https:\/\/blogg.svenskakyrkan.se\/akebonnier\/wp-includes\/js\/wp-embed.min.js\n\/* ]]> *\/\n<\/script>\n","description":"Jo, det \u00e4r viktigt att alla vi som har r\u00f6str\u00e4tt g\u00e5r iv\u00e4g (i den m\u00e5n det inte redan \u00e4r gjort) och r\u00f6star p\u00e5 s\u00f6ndag! Och r\u00f6sta d\u00e5 p\u00e5 n\u00e5got av de partier som redan sitter i riksdagen &#8211; inte p\u00e5 n\u00e5got annat. Ni f\u00f6rst\u00e5r s\u00e4kert vad jag menar. Det \u00e4r viktigt med en regering som [&hellip;]","thumbnail_url":"https:\/\/blogger.googleusercontent.com\/tracker\/9055441369901436026-4905743069110373969?l=akebonnier.blogspot.com"}