{"version":"1.0","provider_name":"\u00c5ke Bonnier","provider_url":"https:\/\/blogg.svenskakyrkan.se\/akebonnier","author_name":"\u00c5ke Bonnier","author_url":"https:\/\/blogg.svenskakyrkan.se\/akebonnier\/author\/akebonnier\/","title":"En vison som b\u00e4r? - \u00c5ke Bonnier","type":"rich","width":600,"height":338,"html":"<blockquote class=\"wp-embedded-content\" data-secret=\"Onx2msovRN\"><a href=\"https:\/\/blogg.svenskakyrkan.se\/akebonnier\/2010\/12\/06\/en-vison-som-bar\/\">En vison som b\u00e4r?<\/a><\/blockquote><iframe sandbox=\"allow-scripts\" security=\"restricted\" src=\"https:\/\/blogg.svenskakyrkan.se\/akebonnier\/2010\/12\/06\/en-vison-som-bar\/embed\/#?secret=Onx2msovRN\" width=\"600\" height=\"338\" title=\"\u201dEn vison som b\u00e4r?\u201d &ndash; \u00c5ke Bonnier\" data-secret=\"Onx2msovRN\" frameborder=\"0\" marginwidth=\"0\" marginheight=\"0\" scrolling=\"no\" class=\"wp-embedded-content\"><\/iframe><script type=\"text\/javascript\">\n\/* <![CDATA[ *\/\n\/*! This file is auto-generated *\/\n!function(d,l){\"use strict\";l.querySelector&&d.addEventListener&&\"undefined\"!=typeof URL&&(d.wp=d.wp||{},d.wp.receiveEmbedMessage||(d.wp.receiveEmbedMessage=function(e){var t=e.data;if((t||t.secret||t.message||t.value)&&!\/[^a-zA-Z0-9]\/.test(t.secret)){for(var s,r,n,a=l.querySelectorAll('iframe[data-secret=\"'+t.secret+'\"]'),o=l.querySelectorAll('blockquote[data-secret=\"'+t.secret+'\"]'),c=new RegExp(\"^https?:$\",\"i\"),i=0;i<o.length;i++)o[i].style.display=\"none\";for(i=0;i<a.length;i++)s=a[i],e.source===s.contentWindow&&(s.removeAttribute(\"style\"),\"height\"===t.message?(1e3<(r=parseInt(t.value,10))?r=1e3:~~r<200&&(r=200),s.height=r):\"link\"===t.message&&(r=new URL(s.getAttribute(\"src\")),n=new URL(t.value),c.test(n.protocol))&&n.host===r.host&&l.activeElement===s&&(d.top.location.href=t.value))}},d.addEventListener(\"message\",d.wp.receiveEmbedMessage,!1),l.addEventListener(\"DOMContentLoaded\",function(){for(var e,t,s=l.querySelectorAll(\"iframe.wp-embedded-content\"),r=0;r<s.length;r++)(t=(e=s[r]).getAttribute(\"data-secret\"))||(t=Math.random().toString(36).substring(2,12),e.src+=\"#?secret=\"+t,e.setAttribute(\"data-secret\",t)),e.contentWindow.postMessage({message:\"ready\",secret:t},\"*\")},!1)))}(window,document);\n\/\/# sourceURL=https:\/\/blogg.svenskakyrkan.se\/akebonnier\/wp-includes\/js\/wp-embed.min.js\n\/* ]]> *\/\n<\/script>\n","description":"Jag hopppade in i kv\u00e4ll som samtalsledare p\u00e5 S:ta Katharinastiftelsen p gr av den ordinarie samtalsledarens insjuknande. Feber och f\u00f6rkylning ska man inte dela med sig av till andra. Att f\u00e5 leda samtalet var ov\u00e4ntat roligt (jag var ju s\u00e5 gott som helt of\u00f6rberedd) och jag fick samtala med framtidsforskaren Lorentz Lyttkens och nationalekonomen Anne-Marie [&hellip;]","thumbnail_url":"https:\/\/blogger.googleusercontent.com\/tracker\/9055441369901436026-7238525578555992044?l=akebonnier.blogspot.com"}