{"version":"1.0","provider_name":"\u00c5ke Bonnier","provider_url":"https:\/\/blogg.svenskakyrkan.se\/akebonnier","author_name":"\u00c5ke Bonnier","author_url":"https:\/\/blogg.svenskakyrkan.se\/akebonnier\/author\/akebonnier\/","title":"Domkapitlet och l\u00f6psedlarna. - \u00c5ke Bonnier","type":"rich","width":600,"height":338,"html":"<blockquote class=\"wp-embedded-content\" data-secret=\"6Hn6IPws4a\"><a href=\"https:\/\/blogg.svenskakyrkan.se\/akebonnier\/2011\/05\/24\/domkapitlet-och-lopsedlarna\/\">Domkapitlet och l\u00f6psedlarna.<\/a><\/blockquote><iframe sandbox=\"allow-scripts\" security=\"restricted\" src=\"https:\/\/blogg.svenskakyrkan.se\/akebonnier\/2011\/05\/24\/domkapitlet-och-lopsedlarna\/embed\/#?secret=6Hn6IPws4a\" width=\"600\" height=\"338\" title=\"\u201dDomkapitlet och l\u00f6psedlarna.\u201d &ndash; \u00c5ke Bonnier\" data-secret=\"6Hn6IPws4a\" frameborder=\"0\" marginwidth=\"0\" marginheight=\"0\" scrolling=\"no\" class=\"wp-embedded-content\"><\/iframe><script type=\"text\/javascript\">\n\/* <![CDATA[ *\/\n\/*! This file is auto-generated *\/\n!function(d,l){\"use strict\";l.querySelector&&d.addEventListener&&\"undefined\"!=typeof URL&&(d.wp=d.wp||{},d.wp.receiveEmbedMessage||(d.wp.receiveEmbedMessage=function(e){var t=e.data;if((t||t.secret||t.message||t.value)&&!\/[^a-zA-Z0-9]\/.test(t.secret)){for(var s,r,n,a=l.querySelectorAll('iframe[data-secret=\"'+t.secret+'\"]'),o=l.querySelectorAll('blockquote[data-secret=\"'+t.secret+'\"]'),c=new RegExp(\"^https?:$\",\"i\"),i=0;i<o.length;i++)o[i].style.display=\"none\";for(i=0;i<a.length;i++)s=a[i],e.source===s.contentWindow&&(s.removeAttribute(\"style\"),\"height\"===t.message?(1e3<(r=parseInt(t.value,10))?r=1e3:~~r<200&&(r=200),s.height=r):\"link\"===t.message&&(r=new URL(s.getAttribute(\"src\")),n=new URL(t.value),c.test(n.protocol))&&n.host===r.host&&l.activeElement===s&&(d.top.location.href=t.value))}},d.addEventListener(\"message\",d.wp.receiveEmbedMessage,!1),l.addEventListener(\"DOMContentLoaded\",function(){for(var e,t,s=l.querySelectorAll(\"iframe.wp-embedded-content\"),r=0;r<s.length;r++)(t=(e=s[r]).getAttribute(\"data-secret\"))||(t=Math.random().toString(36).substring(2,12),e.src+=\"#?secret=\"+t,e.setAttribute(\"data-secret\",t)),e.contentWindow.postMessage({message:\"ready\",secret:t},\"*\")},!1)))}(window,document);\n\/\/# sourceURL=https:\/\/blogg.svenskakyrkan.se\/akebonnier\/wp-includes\/js\/wp-embed.min.js\n\/* ]]> *\/\n<\/script>\n","description":"Det har skrivits i media om djupt tragiska h\u00e4ndelser d\u00e4r pr\u00e4ster varit involverade i s\u00e5dana handlingar som p\u00e5 n\u00e5got s\u00e4tt i avsev\u00e4rd m\u00e5n kan ha skadat det anseende en pr\u00e4st b\u00f6r ha. Jag vill omedelbart och tydligt understryka att alla former av fysiska och psykiska \u00f6vergrepp \u00e4r n\u00e5got som kyrkan tar kraftfullt avst\u00e5nd ifr\u00e5n! Det [&hellip;]","thumbnail_url":"https:\/\/blogger.googleusercontent.com\/tracker\/9055441369901436026-4631616292589822265?l=akebonnier.blogspot.com"}