{"version":"1.0","provider_name":"\u00c5ke Bonnier","provider_url":"https:\/\/blogg.svenskakyrkan.se\/akebonnier","author_name":"\u00c5ke Bonnier","author_url":"https:\/\/blogg.svenskakyrkan.se\/akebonnier\/author\/akebonnier\/","title":"Vem \u00e4r jude? Vem \u00e4r svensk? - \u00c5ke Bonnier","type":"rich","width":600,"height":338,"html":"<blockquote class=\"wp-embedded-content\" data-secret=\"Q2EqTAgy4w\"><a href=\"https:\/\/blogg.svenskakyrkan.se\/akebonnier\/2011\/07\/13\/vem-ar-jude-vem-ar-svensk\/\">Vem \u00e4r jude? Vem \u00e4r svensk?<\/a><\/blockquote><iframe sandbox=\"allow-scripts\" security=\"restricted\" src=\"https:\/\/blogg.svenskakyrkan.se\/akebonnier\/2011\/07\/13\/vem-ar-jude-vem-ar-svensk\/embed\/#?secret=Q2EqTAgy4w\" width=\"600\" height=\"338\" title=\"\u201dVem \u00e4r jude? Vem \u00e4r svensk?\u201d &ndash; \u00c5ke Bonnier\" data-secret=\"Q2EqTAgy4w\" frameborder=\"0\" marginwidth=\"0\" marginheight=\"0\" scrolling=\"no\" class=\"wp-embedded-content\"><\/iframe><script type=\"text\/javascript\">\n\/* <![CDATA[ *\/\n\/*! This file is auto-generated *\/\n!function(d,l){\"use strict\";l.querySelector&&d.addEventListener&&\"undefined\"!=typeof URL&&(d.wp=d.wp||{},d.wp.receiveEmbedMessage||(d.wp.receiveEmbedMessage=function(e){var t=e.data;if((t||t.secret||t.message||t.value)&&!\/[^a-zA-Z0-9]\/.test(t.secret)){for(var s,r,n,a=l.querySelectorAll('iframe[data-secret=\"'+t.secret+'\"]'),o=l.querySelectorAll('blockquote[data-secret=\"'+t.secret+'\"]'),c=new RegExp(\"^https?:$\",\"i\"),i=0;i<o.length;i++)o[i].style.display=\"none\";for(i=0;i<a.length;i++)s=a[i],e.source===s.contentWindow&&(s.removeAttribute(\"style\"),\"height\"===t.message?(1e3<(r=parseInt(t.value,10))?r=1e3:~~r<200&&(r=200),s.height=r):\"link\"===t.message&&(r=new URL(s.getAttribute(\"src\")),n=new URL(t.value),c.test(n.protocol))&&n.host===r.host&&l.activeElement===s&&(d.top.location.href=t.value))}},d.addEventListener(\"message\",d.wp.receiveEmbedMessage,!1),l.addEventListener(\"DOMContentLoaded\",function(){for(var e,t,s=l.querySelectorAll(\"iframe.wp-embedded-content\"),r=0;r<s.length;r++)(t=(e=s[r]).getAttribute(\"data-secret\"))||(t=Math.random().toString(36).substring(2,12),e.src+=\"#?secret=\"+t,e.setAttribute(\"data-secret\",t)),e.contentWindow.postMessage({message:\"ready\",secret:t},\"*\")},!1)))}(window,document);\n\/\/# sourceURL=https:\/\/blogg.svenskakyrkan.se\/akebonnier\/wp-includes\/js\/wp-embed.min.js\n\/* ]]> *\/\n<\/script>\n","description":"F\u00f6r n\u00e5gra dagar sedan skrevs det p\u00e5 DN-debatt om detta med att vara svensk, om medborgarskap och vad som kan t\u00e4nkas konstituera svenskhet. I judisk tradition har liknande diskussioner alltid f\u00f6rts men d\u00e5 betr\u00e4ffande vem som \u00e4r jude och vad det judiska inneb\u00e4r. En jude \u00e4r en person som \u00e4r f\u00f6dd av en judisk mor [&hellip;]","thumbnail_url":"https:\/\/blogger.googleusercontent.com\/tracker\/9055441369901436026-3804037476928918898?l=akebonnier.blogspot.com"}