{"version":"1.0","provider_name":"\u00c5ke Bonnier","provider_url":"https:\/\/blogg.svenskakyrkan.se\/akebonnier","author_name":"\u00c5ke Bonnier","author_url":"https:\/\/blogg.svenskakyrkan.se\/akebonnier\/author\/akebonnier\/","title":"V\u00e4rdev\u00e4rnare och v\u00e4rdevarnare - \u00c5ke Bonnier","type":"rich","width":600,"height":338,"html":"<blockquote class=\"wp-embedded-content\" data-secret=\"QhGDRJzSWo\"><a href=\"https:\/\/blogg.svenskakyrkan.se\/akebonnier\/2011\/11\/09\/vardevarnare-och-vardevarnare\/\">V\u00e4rdev\u00e4rnare och v\u00e4rdevarnare<\/a><\/blockquote><iframe sandbox=\"allow-scripts\" security=\"restricted\" src=\"https:\/\/blogg.svenskakyrkan.se\/akebonnier\/2011\/11\/09\/vardevarnare-och-vardevarnare\/embed\/#?secret=QhGDRJzSWo\" width=\"600\" height=\"338\" title=\"\u201dV\u00e4rdev\u00e4rnare och v\u00e4rdevarnare\u201d &ndash; \u00c5ke Bonnier\" data-secret=\"QhGDRJzSWo\" frameborder=\"0\" marginwidth=\"0\" marginheight=\"0\" scrolling=\"no\" class=\"wp-embedded-content\"><\/iframe><script type=\"text\/javascript\">\n\/* <![CDATA[ *\/\n\/*! This file is auto-generated *\/\n!function(d,l){\"use strict\";l.querySelector&&d.addEventListener&&\"undefined\"!=typeof URL&&(d.wp=d.wp||{},d.wp.receiveEmbedMessage||(d.wp.receiveEmbedMessage=function(e){var t=e.data;if((t||t.secret||t.message||t.value)&&!\/[^a-zA-Z0-9]\/.test(t.secret)){for(var s,r,n,a=l.querySelectorAll('iframe[data-secret=\"'+t.secret+'\"]'),o=l.querySelectorAll('blockquote[data-secret=\"'+t.secret+'\"]'),c=new RegExp(\"^https?:$\",\"i\"),i=0;i<o.length;i++)o[i].style.display=\"none\";for(i=0;i<a.length;i++)s=a[i],e.source===s.contentWindow&&(s.removeAttribute(\"style\"),\"height\"===t.message?(1e3<(r=parseInt(t.value,10))?r=1e3:~~r<200&&(r=200),s.height=r):\"link\"===t.message&&(r=new URL(s.getAttribute(\"src\")),n=new URL(t.value),c.test(n.protocol))&&n.host===r.host&&l.activeElement===s&&(d.top.location.href=t.value))}},d.addEventListener(\"message\",d.wp.receiveEmbedMessage,!1),l.addEventListener(\"DOMContentLoaded\",function(){for(var e,t,s=l.querySelectorAll(\"iframe.wp-embedded-content\"),r=0;r<s.length;r++)(t=(e=s[r]).getAttribute(\"data-secret\"))||(t=Math.random().toString(36).substring(2,12),e.src+=\"#?secret=\"+t,e.setAttribute(\"data-secret\",t)),e.contentWindow.postMessage({message:\"ready\",secret:t},\"*\")},!1)))}(window,document);\n\/\/# sourceURL=https:\/\/blogg.svenskakyrkan.se\/akebonnier\/wp-includes\/js\/wp-embed.min.js\n\/* ]]> *\/\n<\/script>\n","description":"Idag var jag inbjuden till Moderaternas kulturkommitt\u00e9 tillsammans med Lenas Posner K\u00f6r\u00f6ssi fr\u00e5n judiska centralr\u00e5det, Abd al Haqq Kielan fr\u00e5n som representerade muslimerna, Stefan Gustafsson fr\u00e5n CredoAkademin och Pelle H\u00f6rnberg fr\u00e5n Pingst. V\u00e5r uppgift var att utifr\u00e5n v\u00e5ra respektive trossamfunds tro och l\u00e4ra\u00a0tala om vad vi \u00f6nskar av en kommande kulturpolitik (och i viss m\u00e5n [&hellip;]"}