{"version":"1.0","provider_name":"\u00c5ke Bonnier","provider_url":"https:\/\/blogg.svenskakyrkan.se\/akebonnier","author_name":"\u00c5ke Bonnier","author_url":"https:\/\/blogg.svenskakyrkan.se\/akebonnier\/author\/akebonnier\/","title":"Att leva med den Uppst\u00e5ndne. - \u00c5ke Bonnier","type":"rich","width":600,"height":338,"html":"<blockquote class=\"wp-embedded-content\" data-secret=\"kpJ6WbBHcY\"><a href=\"https:\/\/blogg.svenskakyrkan.se\/akebonnier\/2012\/04\/09\/att-leva-med-den-uppstandne\/\">Att leva med den Uppst\u00e5ndne.<\/a><\/blockquote><iframe sandbox=\"allow-scripts\" security=\"restricted\" src=\"https:\/\/blogg.svenskakyrkan.se\/akebonnier\/2012\/04\/09\/att-leva-med-den-uppstandne\/embed\/#?secret=kpJ6WbBHcY\" width=\"600\" height=\"338\" title=\"\u201dAtt leva med den Uppst\u00e5ndne.\u201d &ndash; \u00c5ke Bonnier\" data-secret=\"kpJ6WbBHcY\" frameborder=\"0\" marginwidth=\"0\" marginheight=\"0\" scrolling=\"no\" class=\"wp-embedded-content\"><\/iframe><script type=\"text\/javascript\">\n\/* <![CDATA[ *\/\n\/*! This file is auto-generated *\/\n!function(d,l){\"use strict\";l.querySelector&&d.addEventListener&&\"undefined\"!=typeof URL&&(d.wp=d.wp||{},d.wp.receiveEmbedMessage||(d.wp.receiveEmbedMessage=function(e){var t=e.data;if((t||t.secret||t.message||t.value)&&!\/[^a-zA-Z0-9]\/.test(t.secret)){for(var s,r,n,a=l.querySelectorAll('iframe[data-secret=\"'+t.secret+'\"]'),o=l.querySelectorAll('blockquote[data-secret=\"'+t.secret+'\"]'),c=new RegExp(\"^https?:$\",\"i\"),i=0;i<o.length;i++)o[i].style.display=\"none\";for(i=0;i<a.length;i++)s=a[i],e.source===s.contentWindow&&(s.removeAttribute(\"style\"),\"height\"===t.message?(1e3<(r=parseInt(t.value,10))?r=1e3:~~r<200&&(r=200),s.height=r):\"link\"===t.message&&(r=new URL(s.getAttribute(\"src\")),n=new URL(t.value),c.test(n.protocol))&&n.host===r.host&&l.activeElement===s&&(d.top.location.href=t.value))}},d.addEventListener(\"message\",d.wp.receiveEmbedMessage,!1),l.addEventListener(\"DOMContentLoaded\",function(){for(var e,t,s=l.querySelectorAll(\"iframe.wp-embedded-content\"),r=0;r<s.length;r++)(t=(e=s[r]).getAttribute(\"data-secret\"))||(t=Math.random().toString(36).substring(2,12),e.src+=\"#?secret=\"+t,e.setAttribute(\"data-secret\",t)),e.contentWindow.postMessage({message:\"ready\",secret:t},\"*\")},!1)))}(window,document);\n\/\/# sourceURL=https:\/\/blogg.svenskakyrkan.se\/akebonnier\/wp-includes\/js\/wp-embed.min.js\n\/* ]]> *\/\n<\/script>\n","description":"&#8221;Kristus kommer \u00e4ven oss till m\u00f6tes. Fr\u00e5gan \u00e4r bara om vi k\u00e4nner igen honom, om vi ser honom eller om vi \u00e4r f\u00f6rblindade av v\u00e5ra egna f\u00f6rutfattade meningar? Men Jesus Kristus \u2013 den Uppst\u00e5ndne \u2013 \u00e4r d\u00e4r n\u00e4r vi m\u00f6ter en annan m\u00e4nniska, n\u00e4r jag m\u00f6ter ett du.\u00a0 I det m\u00f6tet \u2013 det goda m\u00f6tet [&hellip;]"}