{"id":30,"date":"2016-05-30T14:03:57","date_gmt":"2016-05-30T12:03:57","guid":{"rendered":"http:\/\/blogg.svenskakyrkan.se\/bilddagboken\/?page_id=30"},"modified":"2026-03-10T10:45:38","modified_gmt":"2026-03-10T09:45:38","slug":"om-bilddagboken","status":"publish","type":"page","link":"https:\/\/blogg.svenskakyrkan.se\/bilddagboken\/om-bilddagboken\/","title":{"rendered":"Om bilddagboken"},"content":{"rendered":"\n<p>Hej och v\u00e4lkommen till Hammar\u00f6 f\u00f6rsamlings nya bilddagbok! H\u00e4r publicerar vi bilder fr\u00e5n f\u00f6rsamlingens olika verksamheter. Varmt v\u00e4lkommen att f\u00f6lja oss! Tidigare bilder kan du se via f\u00f6rsamlingens webbplats: <a title=\"Bilddagboken 2015 och tidigare\" href=\"https:\/\/www.svenskakyrkan.se\/svenskakyrkan.se\/hammaro\/hammaro\/lankar-och-bloggar\" target=\"_blank\" rel=\"noopener\">https:\/\/www.svenskakyrkan.se\/svenskakyrkan.se\/hammaro\/hammaro\/lankar-och-bloggar<\/a><\/p>\n","protected":false},"excerpt":{"rendered":"<p>Hej och v\u00e4lkommen till Hammar\u00f6 f\u00f6rsamlings nya bilddagbok! H\u00e4r publicerar vi bilder fr\u00e5n f\u00f6rsamlingens olika verksamheter. Varmt v\u00e4lkommen att f\u00f6lja oss! Tidigare bilder kan du se via f\u00f6rsamlingens webbplats: https:\/\/www.svenskakyrkan.se\/svenskakyrkan.se\/hammaro\/hammaro\/lankar-och-bloggar<\/p>\n","protected":false},"author":546,"featured_media":0,"parent":0,"menu_order":0,"comment_status":"open","ping_status":"open","template":"","meta":{"_acf_changed":false,"footnotes":""},"class_list":["post-30","page","type-page","status-publish","hentry"],"acf":[],"yoast_head":"<!-- This site is optimized with the Yoast SEO plugin v27.1.1 - https:\/\/yoast.com\/product\/yoast-seo-wordpress\/ -->\n<title>Om bilddagboken - Bilddagboken Hammar\u00f6 f\u00f6rsamling<\/title>\n<meta name=\"robots\" content=\"index, follow, max-snippet:-1, max-image-preview:large, max-video-preview:-1\" \/>\n<link rel=\"canonical\" href=\"https:\/\/blogg.svenskakyrkan.se\/bilddagboken\/om-bilddagboken\/\" \/>\n<meta property=\"og:locale\" content=\"sv_SE\" \/>\n<meta property=\"og:type\" content=\"article\" \/>\n<meta property=\"og:title\" content=\"Om bilddagboken - Bilddagboken Hammar\u00f6 f\u00f6rsamling\" \/>\n<meta property=\"og:description\" content=\"Hej och v\u00e4lkommen till Hammar\u00f6 f\u00f6rsamlings nya bilddagbok! H\u00e4r publicerar vi bilder fr\u00e5n f\u00f6rsamlingens olika verksamheter. Varmt v\u00e4lkommen att f\u00f6lja oss! Tidigare bilder kan du se via f\u00f6rsamlingens webbplats: https:\/\/www.svenskakyrkan.se\/svenskakyrkan.se\/hammaro\/hammaro\/lankar-och-bloggar\" \/>\n<meta property=\"og:url\" content=\"https:\/\/blogg.svenskakyrkan.se\/bilddagboken\/om-bilddagboken\/\" \/>\n<meta property=\"og:site_name\" content=\"Bilddagboken Hammar\u00f6 f\u00f6rsamling\" \/>\n<meta property=\"article:modified_time\" content=\"2026-03-10T09:45:38+00:00\" \/>\n<meta name=\"twitter:card\" content=\"summary_large_image\" \/>\n<script type=\"application\/ld+json\" class=\"yoast-schema-graph\">{\"@context\":\"https:\/\/schema.org\",\"@graph\":[{\"@type\":\"WebPage\",\"@id\":\"https:\/\/blogg.svenskakyrkan.se\/bilddagboken\/om-bilddagboken\/\",\"url\":\"https:\/\/blogg.svenskakyrkan.se\/bilddagboken\/om-bilddagboken\/\",\"name\":\"Om bilddagboken - Bilddagboken Hammar\u00f6 f\u00f6rsamling\",\"isPartOf\":{\"@id\":\"https:\/\/blogg.svenskakyrkan.se\/bilddagboken\/#website\"},\"datePublished\":\"2016-05-30T12:03:57+00:00\",\"dateModified\":\"2026-03-10T09:45:38+00:00\",\"breadcrumb\":{\"@id\":\"https:\/\/blogg.svenskakyrkan.se\/bilddagboken\/om-bilddagboken\/#breadcrumb\"},\"inLanguage\":\"sv-SE\",\"potentialAction\":[{\"@type\":\"ReadAction\",\"target\":[\"https:\/\/blogg.svenskakyrkan.se\/bilddagboken\/om-bilddagboken\/\"]}]},{\"@type\":\"BreadcrumbList\",\"@id\":\"https:\/\/blogg.svenskakyrkan.se\/bilddagboken\/om-bilddagboken\/#breadcrumb\",\"itemListElement\":[{\"@type\":\"ListItem\",\"position\":1,\"name\":\"Hem\",\"item\":\"https:\/\/blogg.svenskakyrkan.se\/bilddagboken\/\"},{\"@type\":\"ListItem\",\"position\":2,\"name\":\"Om bilddagboken\"}]},{\"@type\":\"WebSite\",\"@id\":\"https:\/\/blogg.svenskakyrkan.se\/bilddagboken\/#website\",\"url\":\"https:\/\/blogg.svenskakyrkan.se\/bilddagboken\/\",\"name\":\"Bilddagboken Hammar\u00f6 f\u00f6rsamling\",\"description\":\"En inblick i Hammar\u00f6 f\u00f6rsamlings verksamhet. V\u00e4lkommen!\",\"potentialAction\":[{\"@type\":\"SearchAction\",\"target\":{\"@type\":\"EntryPoint\",\"urlTemplate\":\"https:\/\/blogg.svenskakyrkan.se\/bilddagboken\/?s={search_term_string}\"},\"query-input\":{\"@type\":\"PropertyValueSpecification\",\"valueRequired\":true,\"valueName\":\"search_term_string\"}}],\"inLanguage\":\"sv-SE\"}]}<\/script>\n<!-- \/ Yoast SEO plugin. -->","yoast_head_json":{"title":"Om bilddagboken - Bilddagboken Hammar\u00f6 f\u00f6rsamling","robots":{"index":"index","follow":"follow","max-snippet":"max-snippet:-1","max-image-preview":"max-image-preview:large","max-video-preview":"max-video-preview:-1"},"canonical":"https:\/\/blogg.svenskakyrkan.se\/bilddagboken\/om-bilddagboken\/","og_locale":"sv_SE","og_type":"article","og_title":"Om bilddagboken - Bilddagboken Hammar\u00f6 f\u00f6rsamling","og_description":"Hej och v\u00e4lkommen till Hammar\u00f6 f\u00f6rsamlings nya bilddagbok! H\u00e4r publicerar vi bilder fr\u00e5n f\u00f6rsamlingens olika verksamheter. Varmt v\u00e4lkommen att f\u00f6lja oss! Tidigare bilder kan du se via f\u00f6rsamlingens webbplats: https:\/\/www.svenskakyrkan.se\/svenskakyrkan.se\/hammaro\/hammaro\/lankar-och-bloggar","og_url":"https:\/\/blogg.svenskakyrkan.se\/bilddagboken\/om-bilddagboken\/","og_site_name":"Bilddagboken Hammar\u00f6 f\u00f6rsamling","article_modified_time":"2026-03-10T09:45:38+00:00","twitter_card":"summary_large_image","schema":{"@context":"https:\/\/schema.org","@graph":[{"@type":"WebPage","@id":"https:\/\/blogg.svenskakyrkan.se\/bilddagboken\/om-bilddagboken\/","url":"https:\/\/blogg.svenskakyrkan.se\/bilddagboken\/om-bilddagboken\/","name":"Om bilddagboken - Bilddagboken Hammar\u00f6 f\u00f6rsamling","isPartOf":{"@id":"https:\/\/blogg.svenskakyrkan.se\/bilddagboken\/#website"},"datePublished":"2016-05-30T12:03:57+00:00","dateModified":"2026-03-10T09:45:38+00:00","breadcrumb":{"@id":"https:\/\/blogg.svenskakyrkan.se\/bilddagboken\/om-bilddagboken\/#breadcrumb"},"inLanguage":"sv-SE","potentialAction":[{"@type":"ReadAction","target":["https:\/\/blogg.svenskakyrkan.se\/bilddagboken\/om-bilddagboken\/"]}]},{"@type":"BreadcrumbList","@id":"https:\/\/blogg.svenskakyrkan.se\/bilddagboken\/om-bilddagboken\/#breadcrumb","itemListElement":[{"@type":"ListItem","position":1,"name":"Hem","item":"https:\/\/blogg.svenskakyrkan.se\/bilddagboken\/"},{"@type":"ListItem","position":2,"name":"Om bilddagboken"}]},{"@type":"WebSite","@id":"https:\/\/blogg.svenskakyrkan.se\/bilddagboken\/#website","url":"https:\/\/blogg.svenskakyrkan.se\/bilddagboken\/","name":"Bilddagboken Hammar\u00f6 f\u00f6rsamling","description":"En inblick i Hammar\u00f6 f\u00f6rsamlings verksamhet. V\u00e4lkommen!","potentialAction":[{"@type":"SearchAction","target":{"@type":"EntryPoint","urlTemplate":"https:\/\/blogg.svenskakyrkan.se\/bilddagboken\/?s={search_term_string}"},"query-input":{"@type":"PropertyValueSpecification","valueRequired":true,"valueName":"search_term_string"}}],"inLanguage":"sv-SE"}]}},"_links":{"self":[{"href":"https:\/\/blogg.svenskakyrkan.se\/bilddagboken\/wp-json\/wp\/v2\/pages\/30","targetHints":{"allow":["GET"]}}],"collection":[{"href":"https:\/\/blogg.svenskakyrkan.se\/bilddagboken\/wp-json\/wp\/v2\/pages"}],"about":[{"href":"https:\/\/blogg.svenskakyrkan.se\/bilddagboken\/wp-json\/wp\/v2\/types\/page"}],"author":[{"embeddable":true,"href":"https:\/\/blogg.svenskakyrkan.se\/bilddagboken\/wp-json\/wp\/v2\/users\/546"}],"replies":[{"embeddable":true,"href":"https:\/\/blogg.svenskakyrkan.se\/bilddagboken\/wp-json\/wp\/v2\/comments?post=30"}],"version-history":[{"count":6,"href":"https:\/\/blogg.svenskakyrkan.se\/bilddagboken\/wp-json\/wp\/v2\/pages\/30\/revisions"}],"predecessor-version":[{"id":363,"href":"https:\/\/blogg.svenskakyrkan.se\/bilddagboken\/wp-json\/wp\/v2\/pages\/30\/revisions\/363"}],"wp:attachment":[{"href":"https:\/\/blogg.svenskakyrkan.se\/bilddagboken\/wp-json\/wp\/v2\/media?parent=30"}],"curies":[{"name":"wp","href":"https:\/\/api.w.org\/{rel}","templated":true}]}}