{"version":"1.0","provider_name":"Johan Bonander","provider_url":"https:\/\/blogg.svenskakyrkan.se\/bonander","author_name":"Johan Bonander","author_url":"https:\/\/blogg.svenskakyrkan.se\/bonander\/author\/ostmarksprasten\/","title":"Att v\u00e4lja planhalva, en annandagsbetraktelse - Johan Bonander","type":"rich","width":600,"height":338,"html":"<blockquote class=\"wp-embedded-content\" data-secret=\"817LHZ31zR\"><a href=\"https:\/\/blogg.svenskakyrkan.se\/bonander\/2013\/12\/27\/309\/\">Att v\u00e4lja planhalva, en annandagsbetraktelse<\/a><\/blockquote><iframe sandbox=\"allow-scripts\" security=\"restricted\" src=\"https:\/\/blogg.svenskakyrkan.se\/bonander\/2013\/12\/27\/309\/embed\/#?secret=817LHZ31zR\" width=\"600\" height=\"338\" title=\"\u201dAtt v\u00e4lja planhalva, en annandagsbetraktelse\u201d &ndash; Johan Bonander\" data-secret=\"817LHZ31zR\" frameborder=\"0\" marginwidth=\"0\" marginheight=\"0\" scrolling=\"no\" class=\"wp-embedded-content\"><\/iframe><script type=\"text\/javascript\">\n\/* <![CDATA[ *\/\n\/*! This file is auto-generated *\/\n!function(d,l){\"use strict\";l.querySelector&&d.addEventListener&&\"undefined\"!=typeof URL&&(d.wp=d.wp||{},d.wp.receiveEmbedMessage||(d.wp.receiveEmbedMessage=function(e){var t=e.data;if((t||t.secret||t.message||t.value)&&!\/[^a-zA-Z0-9]\/.test(t.secret)){for(var s,r,n,a=l.querySelectorAll('iframe[data-secret=\"'+t.secret+'\"]'),o=l.querySelectorAll('blockquote[data-secret=\"'+t.secret+'\"]'),c=new RegExp(\"^https?:$\",\"i\"),i=0;i<o.length;i++)o[i].style.display=\"none\";for(i=0;i<a.length;i++)s=a[i],e.source===s.contentWindow&&(s.removeAttribute(\"style\"),\"height\"===t.message?(1e3<(r=parseInt(t.value,10))?r=1e3:~~r<200&&(r=200),s.height=r):\"link\"===t.message&&(r=new URL(s.getAttribute(\"src\")),n=new URL(t.value),c.test(n.protocol))&&n.host===r.host&&l.activeElement===s&&(d.top.location.href=t.value))}},d.addEventListener(\"message\",d.wp.receiveEmbedMessage,!1),l.addEventListener(\"DOMContentLoaded\",function(){for(var e,t,s=l.querySelectorAll(\"iframe.wp-embedded-content\"),r=0;r<s.length;r++)(t=(e=s[r]).getAttribute(\"data-secret\"))||(t=Math.random().toString(36).substring(2,12),e.src+=\"#?secret=\"+t,e.setAttribute(\"data-secret\",t)),e.contentWindow.postMessage({message:\"ready\",secret:t},\"*\")},!1)))}(window,document);\n\/\/# sourceURL=https:\/\/blogg.svenskakyrkan.se\/bonander\/wp-includes\/js\/wp-embed.min.js\n\/* ]]> *\/\n<\/script>\n","description":"Den h\u00e4r s\u00f6ndagen kallas f\u00f6r martyrernas dag. D\u00e4rf\u00f6r \u00e4r det r\u00f6tt i kyrkan \u2013 r\u00f6tt f\u00f6r lidande, umb\u00e4rande \u2013 och till och med d\u00f6d. Martyr \u2013att f\u00e5 lida f\u00f6r sin tro och \u00f6vertygelse. Altartavlan h\u00e4r bakom mig utg\u00f6r f\u00f6rst\u00e5s sj\u00e4lva sinnebilden f\u00f6r att framh\u00e4rda i ett budskap, en livsg\u00e4rning. Och senast nu ig\u00e5r s\u00e5 exploderade [&hellip;]"}