{"version":"1.0","provider_name":"Johan Bonander","provider_url":"https:\/\/blogg.svenskakyrkan.se\/bonander","author_name":"Johan Bonander","author_url":"https:\/\/blogg.svenskakyrkan.se\/bonander\/author\/ostmarksprasten\/","title":"Det grundl\u00e4ggande - Johan Bonander","type":"rich","width":600,"height":338,"html":"<blockquote class=\"wp-embedded-content\" data-secret=\"1Y2P1x8CiJ\"><a href=\"https:\/\/blogg.svenskakyrkan.se\/bonander\/2016\/08\/29\/det-grundlaggande\/\">Det grundl\u00e4ggande<\/a><\/blockquote><iframe sandbox=\"allow-scripts\" security=\"restricted\" src=\"https:\/\/blogg.svenskakyrkan.se\/bonander\/2016\/08\/29\/det-grundlaggande\/embed\/#?secret=1Y2P1x8CiJ\" width=\"600\" height=\"338\" title=\"\u201dDet grundl\u00e4ggande\u201d &ndash; Johan Bonander\" data-secret=\"1Y2P1x8CiJ\" frameborder=\"0\" marginwidth=\"0\" marginheight=\"0\" scrolling=\"no\" class=\"wp-embedded-content\"><\/iframe><script type=\"text\/javascript\">\n\/* <![CDATA[ *\/\n\/*! This file is auto-generated *\/\n!function(d,l){\"use strict\";l.querySelector&&d.addEventListener&&\"undefined\"!=typeof URL&&(d.wp=d.wp||{},d.wp.receiveEmbedMessage||(d.wp.receiveEmbedMessage=function(e){var t=e.data;if((t||t.secret||t.message||t.value)&&!\/[^a-zA-Z0-9]\/.test(t.secret)){for(var s,r,n,a=l.querySelectorAll('iframe[data-secret=\"'+t.secret+'\"]'),o=l.querySelectorAll('blockquote[data-secret=\"'+t.secret+'\"]'),c=new RegExp(\"^https?:$\",\"i\"),i=0;i<o.length;i++)o[i].style.display=\"none\";for(i=0;i<a.length;i++)s=a[i],e.source===s.contentWindow&&(s.removeAttribute(\"style\"),\"height\"===t.message?(1e3<(r=parseInt(t.value,10))?r=1e3:~~r<200&&(r=200),s.height=r):\"link\"===t.message&&(r=new URL(s.getAttribute(\"src\")),n=new URL(t.value),c.test(n.protocol))&&n.host===r.host&&l.activeElement===s&&(d.top.location.href=t.value))}},d.addEventListener(\"message\",d.wp.receiveEmbedMessage,!1),l.addEventListener(\"DOMContentLoaded\",function(){for(var e,t,s=l.querySelectorAll(\"iframe.wp-embedded-content\"),r=0;r<s.length;r++)(t=(e=s[r]).getAttribute(\"data-secret\"))||(t=Math.random().toString(36).substring(2,12),e.src+=\"#?secret=\"+t,e.setAttribute(\"data-secret\",t)),e.contentWindow.postMessage({message:\"ready\",secret:t},\"*\")},!1)))}(window,document);\n\/\/# sourceURL=https:\/\/blogg.svenskakyrkan.se\/bonander\/wp-includes\/js\/wp-embed.min.js\n\/* ]]> *\/\n<\/script>\n","description":"Vad g\u00f6r det med oss d\u00e5 de vi s\u00e4tter v\u00e5r tillit till p\u00e5 olika vis inte h\u00e5ller m\u00e5ttet? Listan kan g\u00f6ras l\u00e5ng. Och ska vara l\u00e5ng, f\u00f6r vi har r\u00e4tt att f\u00f6rv\u00e4nta oss s\u00e5v\u00e4l verkstad som ansvarstagande av de som formellt har makten \u2013 makten som getts av folket. F\u00f6rvaltas makten v\u00e4l? Ja ibland, och [&hellip;]"}