{"version":"1.0","provider_name":"Johan Bonander","provider_url":"https:\/\/blogg.svenskakyrkan.se\/bonander","author_name":"Johan Bonander","author_url":"https:\/\/blogg.svenskakyrkan.se\/bonander\/author\/ostmarksprasten\/","title":"s\u00e5 kommer Jesus in p\u00e5 v\u00e4rldsscenen och befriar - Johan Bonander","type":"rich","width":600,"height":338,"html":"<blockquote class=\"wp-embedded-content\" data-secret=\"3zYcTokuef\"><a href=\"https:\/\/blogg.svenskakyrkan.se\/bonander\/2017\/10\/08\/697\/\">s\u00e5 kommer Jesus in p\u00e5 v\u00e4rldsscenen och befriar<\/a><\/blockquote><iframe sandbox=\"allow-scripts\" security=\"restricted\" src=\"https:\/\/blogg.svenskakyrkan.se\/bonander\/2017\/10\/08\/697\/embed\/#?secret=3zYcTokuef\" width=\"600\" height=\"338\" title=\"\u201ds\u00e5 kommer Jesus in p\u00e5 v\u00e4rldsscenen och befriar\u201d &ndash; Johan Bonander\" data-secret=\"3zYcTokuef\" frameborder=\"0\" marginwidth=\"0\" marginheight=\"0\" scrolling=\"no\" class=\"wp-embedded-content\"><\/iframe><script type=\"text\/javascript\">\n\/* <![CDATA[ *\/\n\/*! This file is auto-generated *\/\n!function(d,l){\"use strict\";l.querySelector&&d.addEventListener&&\"undefined\"!=typeof URL&&(d.wp=d.wp||{},d.wp.receiveEmbedMessage||(d.wp.receiveEmbedMessage=function(e){var t=e.data;if((t||t.secret||t.message||t.value)&&!\/[^a-zA-Z0-9]\/.test(t.secret)){for(var s,r,n,a=l.querySelectorAll('iframe[data-secret=\"'+t.secret+'\"]'),o=l.querySelectorAll('blockquote[data-secret=\"'+t.secret+'\"]'),c=new RegExp(\"^https?:$\",\"i\"),i=0;i<o.length;i++)o[i].style.display=\"none\";for(i=0;i<a.length;i++)s=a[i],e.source===s.contentWindow&&(s.removeAttribute(\"style\"),\"height\"===t.message?(1e3<(r=parseInt(t.value,10))?r=1e3:~~r<200&&(r=200),s.height=r):\"link\"===t.message&&(r=new URL(s.getAttribute(\"src\")),n=new URL(t.value),c.test(n.protocol))&&n.host===r.host&&l.activeElement===s&&(d.top.location.href=t.value))}},d.addEventListener(\"message\",d.wp.receiveEmbedMessage,!1),l.addEventListener(\"DOMContentLoaded\",function(){for(var e,t,s=l.querySelectorAll(\"iframe.wp-embedded-content\"),r=0;r<s.length;r++)(t=(e=s[r]).getAttribute(\"data-secret\"))||(t=Math.random().toString(36).substring(2,12),e.src+=\"#?secret=\"+t,e.setAttribute(\"data-secret\",t)),e.contentWindow.postMessage({message:\"ready\",secret:t},\"*\")},!1)))}(window,document);\n\/\/# sourceURL=https:\/\/blogg.svenskakyrkan.se\/bonander\/wp-includes\/js\/wp-embed.min.js\n\/* ]]> *\/\n<\/script>\n","description":"N\u00e4r Jesus kom till Jorden fanns de krafter i det sociala n\u00e4tverket som under l\u00e5ng tid velat binda m\u00e4nniskan till tr\u00e4ldom under som man sa, lagen. \u00a0Guds n\u00e5d var bara tillg\u00e4nglig f\u00f6r den som gjorde exakt r\u00e4tt och som f\u00f6ljde exakta lagar och f\u00f6reskrifter och det var en r\u00e4dslans och hierarkiernas religion som var f\u00f6r [&hellip;]"}