{"version":"1.0","provider_name":"Centrum f\u00f6r religionsdialog i Stockholms stift","provider_url":"https:\/\/blogg.svenskakyrkan.se\/crd","author_name":"crd","author_url":"https:\/\/blogg.svenskakyrkan.se\/crd\/author\/crd\/","title":"Jerusalem, h\u00f6j upp din r\u00f6st.... - Centrum f\u00f6r religionsdialog i Stockholms stift","type":"rich","width":600,"height":338,"html":"<blockquote class=\"wp-embedded-content\" data-secret=\"860kHCnuBe\"><a href=\"https:\/\/blogg.svenskakyrkan.se\/crd\/2017\/12\/11\/jerusalem-hoj-upp-din-rost\/\">Jerusalem, h\u00f6j upp din r\u00f6st&#8230;.<\/a><\/blockquote><iframe sandbox=\"allow-scripts\" security=\"restricted\" src=\"https:\/\/blogg.svenskakyrkan.se\/crd\/2017\/12\/11\/jerusalem-hoj-upp-din-rost\/embed\/#?secret=860kHCnuBe\" width=\"600\" height=\"338\" title=\"\u201dJerusalem, h\u00f6j upp din r\u00f6st&#8230;.\u201d &ndash; Centrum f\u00f6r religionsdialog i Stockholms stift\" data-secret=\"860kHCnuBe\" frameborder=\"0\" marginwidth=\"0\" marginheight=\"0\" scrolling=\"no\" class=\"wp-embedded-content\"><\/iframe><script type=\"text\/javascript\">\n\/* <![CDATA[ *\/\n\/*! This file is auto-generated *\/\n!function(d,l){\"use strict\";l.querySelector&&d.addEventListener&&\"undefined\"!=typeof URL&&(d.wp=d.wp||{},d.wp.receiveEmbedMessage||(d.wp.receiveEmbedMessage=function(e){var t=e.data;if((t||t.secret||t.message||t.value)&&!\/[^a-zA-Z0-9]\/.test(t.secret)){for(var s,r,n,a=l.querySelectorAll('iframe[data-secret=\"'+t.secret+'\"]'),o=l.querySelectorAll('blockquote[data-secret=\"'+t.secret+'\"]'),c=new RegExp(\"^https?:$\",\"i\"),i=0;i<o.length;i++)o[i].style.display=\"none\";for(i=0;i<a.length;i++)s=a[i],e.source===s.contentWindow&&(s.removeAttribute(\"style\"),\"height\"===t.message?(1e3<(r=parseInt(t.value,10))?r=1e3:~~r<200&&(r=200),s.height=r):\"link\"===t.message&&(r=new URL(s.getAttribute(\"src\")),n=new URL(t.value),c.test(n.protocol))&&n.host===r.host&&l.activeElement===s&&(d.top.location.href=t.value))}},d.addEventListener(\"message\",d.wp.receiveEmbedMessage,!1),l.addEventListener(\"DOMContentLoaded\",function(){for(var e,t,s=l.querySelectorAll(\"iframe.wp-embedded-content\"),r=0;r<s.length;r++)(t=(e=s[r]).getAttribute(\"data-secret\"))||(t=Math.random().toString(36).substring(2,12),e.src+=\"#?secret=\"+t,e.setAttribute(\"data-secret\",t)),e.contentWindow.postMessage({message:\"ready\",secret:t},\"*\")},!1)))}(window,document);\n\/\/# sourceURL=https:\/\/blogg.svenskakyrkan.se\/crd\/wp-includes\/js\/wp-embed.min.js\n\/* ]]> *\/\n<\/script>\n","thumbnail_url":"https:\/\/blogg.svenskakyrkan.se\/crd\/files\/2017\/12\/jerusalempeace.jpg","thumbnail_width":3264,"thumbnail_height":716,"description":"Detta ska inte bli n\u00e5gon politisk analys av vad effekterna av Donald Trumps beslut att flytta USA:s ambassad till Jerusalem kan bli. Det f\u00e5r andra, som \u00e4r kunniga p\u00e5 detta omr\u00e5de st\u00e5 f\u00f6r. Men jag t\u00e4nker att vi som \u00e4r engagerade i interreligi\u00f6s dialog m\u00e5ste g\u00f6ra vad vi kan f\u00f6r att det inte ska f\u00e5 [&hellip;]"}