{"version":"1.0","provider_name":"Diakonibloggen","provider_url":"https:\/\/blogg.svenskakyrkan.se\/diakonibloggen","author_name":"diakonibloggen","author_url":"https:\/\/blogg.svenskakyrkan.se\/diakonibloggen\/author\/diakonibloggen\/","title":"Vi som i villkorsl\u00f6st? - Diakonibloggen","type":"rich","width":600,"height":338,"html":"<blockquote class=\"wp-embedded-content\" data-secret=\"j8xCs5nw6u\"><a href=\"https:\/\/blogg.svenskakyrkan.se\/diakonibloggen\/2017\/04\/18\/vi-som-i-villkorslost\/\">Vi som i villkorsl\u00f6st?<\/a><\/blockquote><iframe sandbox=\"allow-scripts\" security=\"restricted\" src=\"https:\/\/blogg.svenskakyrkan.se\/diakonibloggen\/2017\/04\/18\/vi-som-i-villkorslost\/embed\/#?secret=j8xCs5nw6u\" width=\"600\" height=\"338\" title=\"\u201dVi som i villkorsl\u00f6st?\u201d &ndash; Diakonibloggen\" data-secret=\"j8xCs5nw6u\" frameborder=\"0\" marginwidth=\"0\" marginheight=\"0\" scrolling=\"no\" class=\"wp-embedded-content\"><\/iframe><script type=\"text\/javascript\">\n\/* <![CDATA[ *\/\n\/*! This file is auto-generated *\/\n!function(d,l){\"use strict\";l.querySelector&&d.addEventListener&&\"undefined\"!=typeof URL&&(d.wp=d.wp||{},d.wp.receiveEmbedMessage||(d.wp.receiveEmbedMessage=function(e){var t=e.data;if((t||t.secret||t.message||t.value)&&!\/[^a-zA-Z0-9]\/.test(t.secret)){for(var s,r,n,a=l.querySelectorAll('iframe[data-secret=\"'+t.secret+'\"]'),o=l.querySelectorAll('blockquote[data-secret=\"'+t.secret+'\"]'),c=new RegExp(\"^https?:$\",\"i\"),i=0;i<o.length;i++)o[i].style.display=\"none\";for(i=0;i<a.length;i++)s=a[i],e.source===s.contentWindow&&(s.removeAttribute(\"style\"),\"height\"===t.message?(1e3<(r=parseInt(t.value,10))?r=1e3:~~r<200&&(r=200),s.height=r):\"link\"===t.message&&(r=new URL(s.getAttribute(\"src\")),n=new URL(t.value),c.test(n.protocol))&&n.host===r.host&&l.activeElement===s&&(d.top.location.href=t.value))}},d.addEventListener(\"message\",d.wp.receiveEmbedMessage,!1),l.addEventListener(\"DOMContentLoaded\",function(){for(var e,t,s=l.querySelectorAll(\"iframe.wp-embedded-content\"),r=0;r<s.length;r++)(t=(e=s[r]).getAttribute(\"data-secret\"))||(t=Math.random().toString(36).substring(2,12),e.src+=\"#?secret=\"+t,e.setAttribute(\"data-secret\",t)),e.contentWindow.postMessage({message:\"ready\",secret:t},\"*\")},!1)))}(window,document);\n\/\/# sourceURL=https:\/\/blogg.svenskakyrkan.se\/diakonibloggen\/wp-includes\/js\/wp-embed.min.js\n\/* ]]> *\/\n<\/script>\n","description":"Stockholm sv\u00e4mmar \u00f6ver av t\u00e5rar. Drottninggatan sv\u00e4mmar \u00f6ver av blommor. Hj\u00e4rtan sv\u00e4mmar \u00f6ver av medm\u00e4nsklighet. Huvudstaden som ofta f\u00e5tt kritik f\u00f6r att vara kall och og\u00e4stv\u00e4nlig har \u00f6ppnat sina d\u00f6rrar. M\u00e4nniskor bjuder in ok\u00e4nda till sina hem, str\u00e4cker ut sina h\u00e4nder till vem som helst att ta, tr\u00f6star och enas \u00f6ver partigr\u00e4nser och \u00e5ldersgr\u00e4nser &#8211; [&hellip;]","thumbnail_url":"http:\/\/blogg.svenskakyrkan.se\/diakonibloggen\/files\/2017\/04\/skc3a4rmavbild-2017-04-15-kl-23-12-26.png"}