{"version":"1.0","provider_name":"Diakonibloggen","provider_url":"https:\/\/blogg.svenskakyrkan.se\/diakonibloggen","author_name":"diakonibloggen","author_url":"https:\/\/blogg.svenskakyrkan.se\/diakonibloggen\/author\/diakonibloggen\/","title":"Kristus \u00e4r uppst\u00e5nden - Diakonibloggen","type":"rich","width":600,"height":338,"html":"<blockquote class=\"wp-embedded-content\" data-secret=\"Chqf7B5BKQ\"><a href=\"https:\/\/blogg.svenskakyrkan.se\/diakonibloggen\/2018\/04\/01\/kristus-ar-uppstanden-2\/\">Kristus \u00e4r uppst\u00e5nden<\/a><\/blockquote><iframe sandbox=\"allow-scripts\" security=\"restricted\" src=\"https:\/\/blogg.svenskakyrkan.se\/diakonibloggen\/2018\/04\/01\/kristus-ar-uppstanden-2\/embed\/#?secret=Chqf7B5BKQ\" width=\"600\" height=\"338\" title=\"\u201dKristus \u00e4r uppst\u00e5nden\u201d &ndash; Diakonibloggen\" data-secret=\"Chqf7B5BKQ\" frameborder=\"0\" marginwidth=\"0\" marginheight=\"0\" scrolling=\"no\" class=\"wp-embedded-content\"><\/iframe><script type=\"text\/javascript\">\n\/* <![CDATA[ *\/\n\/*! This file is auto-generated *\/\n!function(d,l){\"use strict\";l.querySelector&&d.addEventListener&&\"undefined\"!=typeof URL&&(d.wp=d.wp||{},d.wp.receiveEmbedMessage||(d.wp.receiveEmbedMessage=function(e){var t=e.data;if((t||t.secret||t.message||t.value)&&!\/[^a-zA-Z0-9]\/.test(t.secret)){for(var s,r,n,a=l.querySelectorAll('iframe[data-secret=\"'+t.secret+'\"]'),o=l.querySelectorAll('blockquote[data-secret=\"'+t.secret+'\"]'),c=new RegExp(\"^https?:$\",\"i\"),i=0;i<o.length;i++)o[i].style.display=\"none\";for(i=0;i<a.length;i++)s=a[i],e.source===s.contentWindow&&(s.removeAttribute(\"style\"),\"height\"===t.message?(1e3<(r=parseInt(t.value,10))?r=1e3:~~r<200&&(r=200),s.height=r):\"link\"===t.message&&(r=new URL(s.getAttribute(\"src\")),n=new URL(t.value),c.test(n.protocol))&&n.host===r.host&&l.activeElement===s&&(d.top.location.href=t.value))}},d.addEventListener(\"message\",d.wp.receiveEmbedMessage,!1),l.addEventListener(\"DOMContentLoaded\",function(){for(var e,t,s=l.querySelectorAll(\"iframe.wp-embedded-content\"),r=0;r<s.length;r++)(t=(e=s[r]).getAttribute(\"data-secret\"))||(t=Math.random().toString(36).substring(2,12),e.src+=\"#?secret=\"+t,e.setAttribute(\"data-secret\",t)),e.contentWindow.postMessage({message:\"ready\",secret:t},\"*\")},!1)))}(window,document);\n\/\/# sourceURL=https:\/\/blogg.svenskakyrkan.se\/diakonibloggen\/wp-includes\/js\/wp-embed.min.js\n\/* ]]> *\/\n<\/script>\n","description":"Morgon, morgon, lyckliga morgon! Gr\u00e5t inte mer, Maria! St\u00e5 inte d\u00e4r och stirra dina \u00f6gon tomma p\u00e5 gravm\u00f6rkret, p\u00e5 tomheten, p\u00e5 d\u00f6den, han finns inte d\u00e4r! F\u00e4st upp ditt h\u00e5r, torka dina t\u00e5rar &#8211; Maria, v\u00e4nd dig om! D\u00e4r i den levande tr\u00e4dg\u00e5rden d\u00e4r i den tunga gr\u00f6nskan d\u00e4r i gr\u00e4set som \u00e4r tungt av [&hellip;]","thumbnail_url":"http:\/\/blogg.svenskakyrkan.se\/diakonibloggen\/files\/2018\/03\/img_1851.jpg"}