{"version":"1.0","provider_name":"Diakonibloggen","provider_url":"https:\/\/blogg.svenskakyrkan.se\/diakonibloggen","author_name":"diakonibloggen","author_url":"https:\/\/blogg.svenskakyrkan.se\/diakonibloggen\/author\/diakonibloggen\/","title":"Sommar och bokl\u00e4sning - Kan du f\u00f6rst\u00e5 mig? - Diakonibloggen","type":"rich","width":600,"height":338,"html":"<blockquote class=\"wp-embedded-content\" data-secret=\"PmBnq23grt\"><a href=\"https:\/\/blogg.svenskakyrkan.se\/diakonibloggen\/2018\/09\/02\/sommar-och-boklasning-kan-du-forsta-mig\/\">Sommar och bokl\u00e4sning &#8211; Kan du f\u00f6rst\u00e5 mig?<\/a><\/blockquote><iframe sandbox=\"allow-scripts\" security=\"restricted\" src=\"https:\/\/blogg.svenskakyrkan.se\/diakonibloggen\/2018\/09\/02\/sommar-och-boklasning-kan-du-forsta-mig\/embed\/#?secret=PmBnq23grt\" width=\"600\" height=\"338\" title=\"\u201dSommar och bokl\u00e4sning &#8211; Kan du f\u00f6rst\u00e5 mig?\u201d &ndash; Diakonibloggen\" data-secret=\"PmBnq23grt\" frameborder=\"0\" marginwidth=\"0\" marginheight=\"0\" scrolling=\"no\" class=\"wp-embedded-content\"><\/iframe><script type=\"text\/javascript\">\n\/* <![CDATA[ *\/\n\/*! This file is auto-generated *\/\n!function(d,l){\"use strict\";l.querySelector&&d.addEventListener&&\"undefined\"!=typeof URL&&(d.wp=d.wp||{},d.wp.receiveEmbedMessage||(d.wp.receiveEmbedMessage=function(e){var t=e.data;if((t||t.secret||t.message||t.value)&&!\/[^a-zA-Z0-9]\/.test(t.secret)){for(var s,r,n,a=l.querySelectorAll('iframe[data-secret=\"'+t.secret+'\"]'),o=l.querySelectorAll('blockquote[data-secret=\"'+t.secret+'\"]'),c=new RegExp(\"^https?:$\",\"i\"),i=0;i<o.length;i++)o[i].style.display=\"none\";for(i=0;i<a.length;i++)s=a[i],e.source===s.contentWindow&&(s.removeAttribute(\"style\"),\"height\"===t.message?(1e3<(r=parseInt(t.value,10))?r=1e3:~~r<200&&(r=200),s.height=r):\"link\"===t.message&&(r=new URL(s.getAttribute(\"src\")),n=new URL(t.value),c.test(n.protocol))&&n.host===r.host&&l.activeElement===s&&(d.top.location.href=t.value))}},d.addEventListener(\"message\",d.wp.receiveEmbedMessage,!1),l.addEventListener(\"DOMContentLoaded\",function(){for(var e,t,s=l.querySelectorAll(\"iframe.wp-embedded-content\"),r=0;r<s.length;r++)(t=(e=s[r]).getAttribute(\"data-secret\"))||(t=Math.random().toString(36).substring(2,12),e.src+=\"#?secret=\"+t,e.setAttribute(\"data-secret\",t)),e.contentWindow.postMessage({message:\"ready\",secret:t},\"*\")},!1)))}(window,document);\n\/\/# sourceURL=https:\/\/blogg.svenskakyrkan.se\/diakonibloggen\/wp-includes\/js\/wp-embed.min.js\n\/* ]]> *\/\n<\/script>\n","description":"Ocks\u00e5 den h\u00e4r sommaren har vi p\u00e5 diakonibloggen.com tipsat om nya b\u00f6cker som ber\u00f6r det diakonala omr\u00e5det. Hoppas att du f\u00e5tt boktips som du kan inspireras av.\u00a0Tack alla som delat tid och tankar och recenserat b\u00f6cker! &#8230;.. Kan du f\u00f6rst\u00e5 mig? Om livet, fr\u00e5gorna och sorgen. Kerstin Dillmar och Lars Bj\u00f6rklund, Argument F\u00f6rlag, 2017. &#8230;.. [&hellip;]","thumbnail_url":"http:\/\/blogg.svenskakyrkan.se\/diakonibloggen\/files\/2018\/09\/img_1817.jpg?w=188"}