{"version":"1.0","provider_name":"Diakonibloggen","provider_url":"https:\/\/blogg.svenskakyrkan.se\/diakonibloggen","author_name":"diakonibloggen","author_url":"https:\/\/blogg.svenskakyrkan.se\/diakonibloggen\/author\/diakonibloggen\/","title":"#r\u00f6stamerm\u00e4nskligt - Diakonibloggen","type":"rich","width":600,"height":338,"html":"<blockquote class=\"wp-embedded-content\" data-secret=\"N2HjluikPc\"><a href=\"https:\/\/blogg.svenskakyrkan.se\/diakonibloggen\/2018\/09\/06\/rostamermanskligt\/\">#r\u00f6stamerm\u00e4nskligt<\/a><\/blockquote><iframe sandbox=\"allow-scripts\" security=\"restricted\" src=\"https:\/\/blogg.svenskakyrkan.se\/diakonibloggen\/2018\/09\/06\/rostamermanskligt\/embed\/#?secret=N2HjluikPc\" width=\"600\" height=\"338\" title=\"\u201d#r\u00f6stamerm\u00e4nskligt\u201d &ndash; Diakonibloggen\" data-secret=\"N2HjluikPc\" frameborder=\"0\" marginwidth=\"0\" marginheight=\"0\" scrolling=\"no\" class=\"wp-embedded-content\"><\/iframe><script type=\"text\/javascript\">\n\/* <![CDATA[ *\/\n\/*! This file is auto-generated *\/\n!function(d,l){\"use strict\";l.querySelector&&d.addEventListener&&\"undefined\"!=typeof URL&&(d.wp=d.wp||{},d.wp.receiveEmbedMessage||(d.wp.receiveEmbedMessage=function(e){var t=e.data;if((t||t.secret||t.message||t.value)&&!\/[^a-zA-Z0-9]\/.test(t.secret)){for(var s,r,n,a=l.querySelectorAll('iframe[data-secret=\"'+t.secret+'\"]'),o=l.querySelectorAll('blockquote[data-secret=\"'+t.secret+'\"]'),c=new RegExp(\"^https?:$\",\"i\"),i=0;i<o.length;i++)o[i].style.display=\"none\";for(i=0;i<a.length;i++)s=a[i],e.source===s.contentWindow&&(s.removeAttribute(\"style\"),\"height\"===t.message?(1e3<(r=parseInt(t.value,10))?r=1e3:~~r<200&&(r=200),s.height=r):\"link\"===t.message&&(r=new URL(s.getAttribute(\"src\")),n=new URL(t.value),c.test(n.protocol))&&n.host===r.host&&l.activeElement===s&&(d.top.location.href=t.value))}},d.addEventListener(\"message\",d.wp.receiveEmbedMessage,!1),l.addEventListener(\"DOMContentLoaded\",function(){for(var e,t,s=l.querySelectorAll(\"iframe.wp-embedded-content\"),r=0;r<s.length;r++)(t=(e=s[r]).getAttribute(\"data-secret\"))||(t=Math.random().toString(36).substring(2,12),e.src+=\"#?secret=\"+t,e.setAttribute(\"data-secret\",t)),e.contentWindow.postMessage({message:\"ready\",secret:t},\"*\")},!1)))}(window,document);\n\/\/# sourceURL=https:\/\/blogg.svenskakyrkan.se\/diakonibloggen\/wp-includes\/js\/wp-embed.min.js\n\/* ]]> *\/\n<\/script>\n","description":"Snart \u00e4r det dags f\u00f6r val och media fl\u00f6dar \u00f6ver av kommentarer, partiledardebatter, slagord och vall\u00f6ften. &#8221;Demokratin och de m\u00e4nskliga r\u00e4ttigheterna \u00e4r i fara. Det finns krafter som hotar dem b\u00e5de p\u00e5 ett nationellt och internationellt plan. Du, jag och alla vi beh\u00f6vs f\u00f6r att f\u00f6ra det politiska samtalet bort fr\u00e5n den enkelsp\u00e5riga retorik som [&hellip;]","thumbnail_url":"http:\/\/blogg.svenskakyrkan.se\/diakonibloggen\/files\/2018\/09\/rc3b6stamermc3a4nskligt-cmyk-pride-final.jpg?w=177"}