{"version":"1.0","provider_name":"Diakonibloggen","provider_url":"https:\/\/blogg.svenskakyrkan.se\/diakonibloggen","author_name":"diakonibloggen","author_url":"https:\/\/blogg.svenskakyrkan.se\/diakonibloggen\/author\/diakonibloggen\/","title":"F\u00f6r m\u00e4nniskov\u00e4rdet - inte f\u00f6r arbetsv\u00e4rdet! - Diakonibloggen","type":"rich","width":600,"height":338,"html":"<blockquote class=\"wp-embedded-content\" data-secret=\"2M1ORRT76c\"><a href=\"https:\/\/blogg.svenskakyrkan.se\/diakonibloggen\/2019\/03\/17\/for-manniskovardet-inte-for-arbetsvardet\/\">F\u00f6r m\u00e4nniskov\u00e4rdet &#8211; inte f\u00f6r arbetsv\u00e4rdet!<\/a><\/blockquote><iframe sandbox=\"allow-scripts\" security=\"restricted\" src=\"https:\/\/blogg.svenskakyrkan.se\/diakonibloggen\/2019\/03\/17\/for-manniskovardet-inte-for-arbetsvardet\/embed\/#?secret=2M1ORRT76c\" width=\"600\" height=\"338\" title=\"\u201dF\u00f6r m\u00e4nniskov\u00e4rdet &#8211; inte f\u00f6r arbetsv\u00e4rdet!\u201d &ndash; Diakonibloggen\" data-secret=\"2M1ORRT76c\" frameborder=\"0\" marginwidth=\"0\" marginheight=\"0\" scrolling=\"no\" class=\"wp-embedded-content\"><\/iframe><script type=\"text\/javascript\">\n\/* <![CDATA[ *\/\n\/*! This file is auto-generated *\/\n!function(d,l){\"use strict\";l.querySelector&&d.addEventListener&&\"undefined\"!=typeof URL&&(d.wp=d.wp||{},d.wp.receiveEmbedMessage||(d.wp.receiveEmbedMessage=function(e){var t=e.data;if((t||t.secret||t.message||t.value)&&!\/[^a-zA-Z0-9]\/.test(t.secret)){for(var s,r,n,a=l.querySelectorAll('iframe[data-secret=\"'+t.secret+'\"]'),o=l.querySelectorAll('blockquote[data-secret=\"'+t.secret+'\"]'),c=new RegExp(\"^https?:$\",\"i\"),i=0;i<o.length;i++)o[i].style.display=\"none\";for(i=0;i<a.length;i++)s=a[i],e.source===s.contentWindow&&(s.removeAttribute(\"style\"),\"height\"===t.message?(1e3<(r=parseInt(t.value,10))?r=1e3:~~r<200&&(r=200),s.height=r):\"link\"===t.message&&(r=new URL(s.getAttribute(\"src\")),n=new URL(t.value),c.test(n.protocol))&&n.host===r.host&&l.activeElement===s&&(d.top.location.href=t.value))}},d.addEventListener(\"message\",d.wp.receiveEmbedMessage,!1),l.addEventListener(\"DOMContentLoaded\",function(){for(var e,t,s=l.querySelectorAll(\"iframe.wp-embedded-content\"),r=0;r<s.length;r++)(t=(e=s[r]).getAttribute(\"data-secret\"))||(t=Math.random().toString(36).substring(2,12),e.src+=\"#?secret=\"+t,e.setAttribute(\"data-secret\",t)),e.contentWindow.postMessage({message:\"ready\",secret:t},\"*\")},!1)))}(window,document);\n\/\/# sourceURL=https:\/\/blogg.svenskakyrkan.se\/diakonibloggen\/wp-includes\/js\/wp-embed.min.js\n\/* ]]> *\/\n<\/script>\n","description":"En sen kv\u00e4ll n\u00e5s vi av nyheten att ytterligare en person i bekantskapskretsen blivit sjukskriven. Det \u00e4r tyv\u00e4rr ett alltf\u00f6r vanligt besked som vi n\u00e5tts av s\u00e5 m\u00e5nga g\u00e5nger de senaste \u00e5ren. Och varje g\u00e5ng \u00e4r en g\u00e5ng f\u00f6r mycket. Det r\u00e4cker nu! Under de senaste tio \u00e5ren har vi f\u00e5tt st\u00e5 vid sidan om [&hellip;]","thumbnail_url":"http:\/\/blogg.svenskakyrkan.se\/diakonibloggen\/files\/2019\/03\/woman-3711719_1920.jpg?w=250"}