{"version":"1.0","provider_name":"Diakonibloggen","provider_url":"https:\/\/blogg.svenskakyrkan.se\/diakonibloggen","author_name":"diakonibloggen","author_url":"https:\/\/blogg.svenskakyrkan.se\/diakonibloggen\/author\/diakonibloggen\/","title":"Utanf\u00f6rskapet m\u00e5ste brytas, eller? - Diakonibloggen","type":"rich","width":600,"height":338,"html":"<blockquote class=\"wp-embedded-content\" data-secret=\"CfxB6Ky4dX\"><a href=\"https:\/\/blogg.svenskakyrkan.se\/diakonibloggen\/2019\/04\/25\/utanforskapet-maste-brytas-eller\/\">Utanf\u00f6rskapet m\u00e5ste brytas, eller?<\/a><\/blockquote><iframe sandbox=\"allow-scripts\" security=\"restricted\" src=\"https:\/\/blogg.svenskakyrkan.se\/diakonibloggen\/2019\/04\/25\/utanforskapet-maste-brytas-eller\/embed\/#?secret=CfxB6Ky4dX\" width=\"600\" height=\"338\" title=\"\u201dUtanf\u00f6rskapet m\u00e5ste brytas, eller?\u201d &ndash; Diakonibloggen\" data-secret=\"CfxB6Ky4dX\" frameborder=\"0\" marginwidth=\"0\" marginheight=\"0\" scrolling=\"no\" class=\"wp-embedded-content\"><\/iframe><script type=\"text\/javascript\">\n\/* <![CDATA[ *\/\n\/*! This file is auto-generated *\/\n!function(d,l){\"use strict\";l.querySelector&&d.addEventListener&&\"undefined\"!=typeof URL&&(d.wp=d.wp||{},d.wp.receiveEmbedMessage||(d.wp.receiveEmbedMessage=function(e){var t=e.data;if((t||t.secret||t.message||t.value)&&!\/[^a-zA-Z0-9]\/.test(t.secret)){for(var s,r,n,a=l.querySelectorAll('iframe[data-secret=\"'+t.secret+'\"]'),o=l.querySelectorAll('blockquote[data-secret=\"'+t.secret+'\"]'),c=new RegExp(\"^https?:$\",\"i\"),i=0;i<o.length;i++)o[i].style.display=\"none\";for(i=0;i<a.length;i++)s=a[i],e.source===s.contentWindow&&(s.removeAttribute(\"style\"),\"height\"===t.message?(1e3<(r=parseInt(t.value,10))?r=1e3:~~r<200&&(r=200),s.height=r):\"link\"===t.message&&(r=new URL(s.getAttribute(\"src\")),n=new URL(t.value),c.test(n.protocol))&&n.host===r.host&&l.activeElement===s&&(d.top.location.href=t.value))}},d.addEventListener(\"message\",d.wp.receiveEmbedMessage,!1),l.addEventListener(\"DOMContentLoaded\",function(){for(var e,t,s=l.querySelectorAll(\"iframe.wp-embedded-content\"),r=0;r<s.length;r++)(t=(e=s[r]).getAttribute(\"data-secret\"))||(t=Math.random().toString(36).substring(2,12),e.src+=\"#?secret=\"+t,e.setAttribute(\"data-secret\",t)),e.contentWindow.postMessage({message:\"ready\",secret:t},\"*\")},!1)))}(window,document);\n\/\/# sourceURL=https:\/\/blogg.svenskakyrkan.se\/diakonibloggen\/wp-includes\/js\/wp-embed.min.js\n\/* ]]> *\/\n<\/script>\n","description":"Vi h\u00f6r det ofta, det s\u00e4gs av till exempel nyhetsuppl\u00e4sare, politiker och debatt\u00f6rer. Utanf\u00f6rskap &#8211; det\u00a0\u00e4r ett stort och tungt ord. Enligt Wikipedia betyder det f\u00f6ljande: \u201dUtanf\u00f6rskap, utslagning eller marginalisering som inneb\u00e4r att en individ eller grupp befinner sig\u00a0utanf\u00f6r och k\u00e4nner sig vara utest\u00e4ngd fr\u00e5n gemenskap, exempelvis ett hem eller ett folk, dess\u00a0arbetsliv, kulturliv eller [&hellip;]","thumbnail_url":"http:\/\/blogg.svenskakyrkan.se\/diakonibloggen\/files\/2019\/02\/personal-3108155_1920.jpg?w=250"}