{"version":"1.0","provider_name":"Charlotta i dur och moll","provider_url":"https:\/\/blogg.svenskakyrkan.se\/duromoll","author_name":"duromoll","author_url":"https:\/\/blogg.svenskakyrkan.se\/duromoll\/author\/duromoll\/","title":"Fr\u00e5n koloss till kontroll - Charlotta i dur och moll","type":"rich","width":600,"height":338,"html":"<blockquote class=\"wp-embedded-content\" data-secret=\"t5QX3qhrO6\"><a href=\"https:\/\/blogg.svenskakyrkan.se\/duromoll\/2014\/12\/21\/fran-koloss-till-kontroll\/\">Fr\u00e5n koloss till kontroll<\/a><\/blockquote><iframe sandbox=\"allow-scripts\" security=\"restricted\" src=\"https:\/\/blogg.svenskakyrkan.se\/duromoll\/2014\/12\/21\/fran-koloss-till-kontroll\/embed\/#?secret=t5QX3qhrO6\" width=\"600\" height=\"338\" title=\"\u201dFr\u00e5n koloss till kontroll\u201d &ndash; Charlotta i dur och moll\" data-secret=\"t5QX3qhrO6\" frameborder=\"0\" marginwidth=\"0\" marginheight=\"0\" scrolling=\"no\" class=\"wp-embedded-content\"><\/iframe><script type=\"text\/javascript\">\n\/* <![CDATA[ *\/\n\/*! This file is auto-generated *\/\n!function(d,l){\"use strict\";l.querySelector&&d.addEventListener&&\"undefined\"!=typeof URL&&(d.wp=d.wp||{},d.wp.receiveEmbedMessage||(d.wp.receiveEmbedMessage=function(e){var t=e.data;if((t||t.secret||t.message||t.value)&&!\/[^a-zA-Z0-9]\/.test(t.secret)){for(var s,r,n,a=l.querySelectorAll('iframe[data-secret=\"'+t.secret+'\"]'),o=l.querySelectorAll('blockquote[data-secret=\"'+t.secret+'\"]'),c=new RegExp(\"^https?:$\",\"i\"),i=0;i<o.length;i++)o[i].style.display=\"none\";for(i=0;i<a.length;i++)s=a[i],e.source===s.contentWindow&&(s.removeAttribute(\"style\"),\"height\"===t.message?(1e3<(r=parseInt(t.value,10))?r=1e3:~~r<200&&(r=200),s.height=r):\"link\"===t.message&&(r=new URL(s.getAttribute(\"src\")),n=new URL(t.value),c.test(n.protocol))&&n.host===r.host&&l.activeElement===s&&(d.top.location.href=t.value))}},d.addEventListener(\"message\",d.wp.receiveEmbedMessage,!1),l.addEventListener(\"DOMContentLoaded\",function(){for(var e,t,s=l.querySelectorAll(\"iframe.wp-embedded-content\"),r=0;r<s.length;r++)(t=(e=s[r]).getAttribute(\"data-secret\"))||(t=Math.random().toString(36).substring(2,12),e.src+=\"#?secret=\"+t,e.setAttribute(\"data-secret\",t)),e.contentWindow.postMessage({message:\"ready\",secret:t},\"*\")},!1)))}(window,document);\n\/\/# sourceURL=https:\/\/blogg.svenskakyrkan.se\/duromoll\/wp-includes\/js\/wp-embed.min.js\n\/* ]]> *\/\n<\/script>\n","description":"En semestervecka b\u00f6rjar ta slut. En semester full med s\u00f6mn och s\u00f6mn och miljoner tankar. Idag \u00f6vade jag med v\u00e5r solist till julb\u00f6nen p\u00e5 julafton. Det k\u00e4ndes alldeles f\u00f6r \u00e4ventyrligt att v\u00e4nta med \u00f6vandet till dagen innan julafton, d\u00e5 min semester tar slut. P\u00e5 ett s\u00e4tt har jag haft mycket semester, jag har inte varit [&hellip;]"}