{"version":"1.0","provider_name":"Johans och Jennys fasteblogg","provider_url":"https:\/\/blogg.svenskakyrkan.se\/fastebloggen","author_name":"fastebloggen","author_url":"https:\/\/blogg.svenskakyrkan.se\/fastebloggen\/author\/fastebloggen\/","title":"Tron som kan f\u00f6rs\u00e4tta berg - Johans och Jennys fasteblogg","type":"rich","width":600,"height":338,"html":"<blockquote class=\"wp-embedded-content\" data-secret=\"Ym3FaDRl9J\"><a href=\"https:\/\/blogg.svenskakyrkan.se\/fastebloggen\/2021\/03\/01\/tron-som-kan-forsatta-berg\/\">Tron som kan f\u00f6rs\u00e4tta berg<\/a><\/blockquote><iframe sandbox=\"allow-scripts\" security=\"restricted\" src=\"https:\/\/blogg.svenskakyrkan.se\/fastebloggen\/2021\/03\/01\/tron-som-kan-forsatta-berg\/embed\/#?secret=Ym3FaDRl9J\" width=\"600\" height=\"338\" title=\"\u201dTron som kan f\u00f6rs\u00e4tta berg\u201d &ndash; Johans och Jennys fasteblogg\" data-secret=\"Ym3FaDRl9J\" frameborder=\"0\" marginwidth=\"0\" marginheight=\"0\" scrolling=\"no\" class=\"wp-embedded-content\"><\/iframe><script type=\"text\/javascript\">\n\/* <![CDATA[ *\/\n\/*! This file is auto-generated *\/\n!function(d,l){\"use strict\";l.querySelector&&d.addEventListener&&\"undefined\"!=typeof URL&&(d.wp=d.wp||{},d.wp.receiveEmbedMessage||(d.wp.receiveEmbedMessage=function(e){var t=e.data;if((t||t.secret||t.message||t.value)&&!\/[^a-zA-Z0-9]\/.test(t.secret)){for(var s,r,n,a=l.querySelectorAll('iframe[data-secret=\"'+t.secret+'\"]'),o=l.querySelectorAll('blockquote[data-secret=\"'+t.secret+'\"]'),c=new RegExp(\"^https?:$\",\"i\"),i=0;i<o.length;i++)o[i].style.display=\"none\";for(i=0;i<a.length;i++)s=a[i],e.source===s.contentWindow&&(s.removeAttribute(\"style\"),\"height\"===t.message?(1e3<(r=parseInt(t.value,10))?r=1e3:~~r<200&&(r=200),s.height=r):\"link\"===t.message&&(r=new URL(s.getAttribute(\"src\")),n=new URL(t.value),c.test(n.protocol))&&n.host===r.host&&l.activeElement===s&&(d.top.location.href=t.value))}},d.addEventListener(\"message\",d.wp.receiveEmbedMessage,!1),l.addEventListener(\"DOMContentLoaded\",function(){for(var e,t,s=l.querySelectorAll(\"iframe.wp-embedded-content\"),r=0;r<s.length;r++)(t=(e=s[r]).getAttribute(\"data-secret\"))||(t=Math.random().toString(36).substring(2,12),e.src+=\"#?secret=\"+t,e.setAttribute(\"data-secret\",t)),e.contentWindow.postMessage({message:\"ready\",secret:t},\"*\")},!1)))}(window,document);\n\/\/# sourceURL=https:\/\/blogg.svenskakyrkan.se\/fastebloggen\/wp-includes\/js\/wp-embed.min.js\n\/* ]]> *\/\n<\/script>\n","description":"K\u00e4re Johan! Nu n\u00e4r vi har brevv\u00e4xlat en hel vecka k\u00e4nner jag att vi kan b\u00f6rja vara lite mindre formella. Man l\u00e4r trots allt k\u00e4nna varandra p\u00e5 djupet ganska fort n\u00e4r man b\u00f6rjar prata om de st\u00f6rre fr\u00e5gorna, bortom ifall kaffe eller te smakar b\u00e4st, bortom budgetansvar och ink\u00f6p, ja till och med bortom planering [&hellip;]"}