{"version":"1.0","provider_name":"Johans och Jennys fasteblogg","provider_url":"https:\/\/blogg.svenskakyrkan.se\/fastebloggen","author_name":"fastebloggen","author_url":"https:\/\/blogg.svenskakyrkan.se\/fastebloggen\/author\/fastebloggen\/","title":"Sf\u00e4rernas musik - Johans och Jennys fasteblogg","type":"rich","width":600,"height":338,"html":"<blockquote class=\"wp-embedded-content\" data-secret=\"Id5RF4p1Pq\"><a href=\"https:\/\/blogg.svenskakyrkan.se\/fastebloggen\/2021\/03\/04\/sfarernas-musik\/\">Sf\u00e4rernas musik<\/a><\/blockquote><iframe sandbox=\"allow-scripts\" security=\"restricted\" src=\"https:\/\/blogg.svenskakyrkan.se\/fastebloggen\/2021\/03\/04\/sfarernas-musik\/embed\/#?secret=Id5RF4p1Pq\" width=\"600\" height=\"338\" title=\"\u201dSf\u00e4rernas musik\u201d &ndash; Johans och Jennys fasteblogg\" data-secret=\"Id5RF4p1Pq\" frameborder=\"0\" marginwidth=\"0\" marginheight=\"0\" scrolling=\"no\" class=\"wp-embedded-content\"><\/iframe><script type=\"text\/javascript\">\n\/* <![CDATA[ *\/\n\/*! This file is auto-generated *\/\n!function(d,l){\"use strict\";l.querySelector&&d.addEventListener&&\"undefined\"!=typeof URL&&(d.wp=d.wp||{},d.wp.receiveEmbedMessage||(d.wp.receiveEmbedMessage=function(e){var t=e.data;if((t||t.secret||t.message||t.value)&&!\/[^a-zA-Z0-9]\/.test(t.secret)){for(var s,r,n,a=l.querySelectorAll('iframe[data-secret=\"'+t.secret+'\"]'),o=l.querySelectorAll('blockquote[data-secret=\"'+t.secret+'\"]'),c=new RegExp(\"^https?:$\",\"i\"),i=0;i<o.length;i++)o[i].style.display=\"none\";for(i=0;i<a.length;i++)s=a[i],e.source===s.contentWindow&&(s.removeAttribute(\"style\"),\"height\"===t.message?(1e3<(r=parseInt(t.value,10))?r=1e3:~~r<200&&(r=200),s.height=r):\"link\"===t.message&&(r=new URL(s.getAttribute(\"src\")),n=new URL(t.value),c.test(n.protocol))&&n.host===r.host&&l.activeElement===s&&(d.top.location.href=t.value))}},d.addEventListener(\"message\",d.wp.receiveEmbedMessage,!1),l.addEventListener(\"DOMContentLoaded\",function(){for(var e,t,s=l.querySelectorAll(\"iframe.wp-embedded-content\"),r=0;r<s.length;r++)(t=(e=s[r]).getAttribute(\"data-secret\"))||(t=Math.random().toString(36).substring(2,12),e.src+=\"#?secret=\"+t,e.setAttribute(\"data-secret\",t)),e.contentWindow.postMessage({message:\"ready\",secret:t},\"*\")},!1)))}(window,document);\n\/\/# sourceURL=https:\/\/blogg.svenskakyrkan.se\/fastebloggen\/wp-includes\/js\/wp-embed.min.js\n\/* ]]> *\/\n<\/script>\n","description":"K\u00e4ra Jenny! Ja, Ylva har verkligen f\u00f6rm\u00e5gan att tolka de gamla ber\u00e4ttelserna p\u00e5 ett nytt och ofta \u00f6verraskande s\u00e4tt. Tolkat och f\u00f6rs\u00f6kt att f\u00f6rst\u00e5 v\u00e4rlden har ju m\u00e4nniskan alltid gjort. Jag t\u00e4nker p\u00e5 det n\u00e4r du undrar hur jag ser p\u00e5 Gud och musik \u2013 ett \u00e4mne som skulle kunna fylla flera b\u00f6cker. Sj\u00e4lv har [&hellip;]"}