{"version":"1.0","provider_name":"Johans och Jennys fasteblogg","provider_url":"https:\/\/blogg.svenskakyrkan.se\/fastebloggen","author_name":"fastebloggen","author_url":"https:\/\/blogg.svenskakyrkan.se\/fastebloggen\/author\/fastebloggen\/","title":"F\u00f6r att v\u00e4rlden ska leva - Johans och Jennys fasteblogg","type":"rich","width":600,"height":338,"html":"<blockquote class=\"wp-embedded-content\" data-secret=\"Ay1tgRlKjF\"><a href=\"https:\/\/blogg.svenskakyrkan.se\/fastebloggen\/2021\/03\/18\/for-att-varlden-ska-leva\/\">F\u00f6r att v\u00e4rlden ska leva<\/a><\/blockquote><iframe sandbox=\"allow-scripts\" security=\"restricted\" src=\"https:\/\/blogg.svenskakyrkan.se\/fastebloggen\/2021\/03\/18\/for-att-varlden-ska-leva\/embed\/#?secret=Ay1tgRlKjF\" width=\"600\" height=\"338\" title=\"\u201dF\u00f6r att v\u00e4rlden ska leva\u201d &ndash; Johans och Jennys fasteblogg\" data-secret=\"Ay1tgRlKjF\" frameborder=\"0\" marginwidth=\"0\" marginheight=\"0\" scrolling=\"no\" class=\"wp-embedded-content\"><\/iframe><script type=\"text\/javascript\">\n\/* <![CDATA[ *\/\n\/*! This file is auto-generated *\/\n!function(d,l){\"use strict\";l.querySelector&&d.addEventListener&&\"undefined\"!=typeof URL&&(d.wp=d.wp||{},d.wp.receiveEmbedMessage||(d.wp.receiveEmbedMessage=function(e){var t=e.data;if((t||t.secret||t.message||t.value)&&!\/[^a-zA-Z0-9]\/.test(t.secret)){for(var s,r,n,a=l.querySelectorAll('iframe[data-secret=\"'+t.secret+'\"]'),o=l.querySelectorAll('blockquote[data-secret=\"'+t.secret+'\"]'),c=new RegExp(\"^https?:$\",\"i\"),i=0;i<o.length;i++)o[i].style.display=\"none\";for(i=0;i<a.length;i++)s=a[i],e.source===s.contentWindow&&(s.removeAttribute(\"style\"),\"height\"===t.message?(1e3<(r=parseInt(t.value,10))?r=1e3:~~r<200&&(r=200),s.height=r):\"link\"===t.message&&(r=new URL(s.getAttribute(\"src\")),n=new URL(t.value),c.test(n.protocol))&&n.host===r.host&&l.activeElement===s&&(d.top.location.href=t.value))}},d.addEventListener(\"message\",d.wp.receiveEmbedMessage,!1),l.addEventListener(\"DOMContentLoaded\",function(){for(var e,t,s=l.querySelectorAll(\"iframe.wp-embedded-content\"),r=0;r<s.length;r++)(t=(e=s[r]).getAttribute(\"data-secret\"))||(t=Math.random().toString(36).substring(2,12),e.src+=\"#?secret=\"+t,e.setAttribute(\"data-secret\",t)),e.contentWindow.postMessage({message:\"ready\",secret:t},\"*\")},!1)))}(window,document);\n\/\/# sourceURL=https:\/\/blogg.svenskakyrkan.se\/fastebloggen\/wp-includes\/js\/wp-embed.min.js\n\/* ]]> *\/\n<\/script>\n","description":"K\u00e4ra Jenny! V\u00e5ren \u00e4r s\u00e5 fylld av f\u00f6rv\u00e4ntningar och ibland blir f\u00f6rv\u00e4ntningarna f\u00f6r stora f\u00f6r oss m\u00e4nniskor. P\u00e5 v\u00e5ren ska alla vara glada men s\u00e5 enkelt \u00e4r det inte. Men f\u00f6r egen del s\u00e5 \u00e4r det b\u00e4sta med den h\u00e4r tiden ljuset. Att det inte \u00e4r m\u00f6rkt p\u00e5 eftermiddagarna l\u00e4ngre, och nu p\u00e5 kv\u00e4llarna s\u00e5 [&hellip;]"}