{"version":"1.0","provider_name":"Elisabeth Gerle funderar","provider_url":"https:\/\/blogg.svenskakyrkan.se\/gerle","author_name":"Elisabeth Gerle","author_url":"https:\/\/blogg.svenskakyrkan.se\/gerle\/author\/gerle\/","title":"Mellan h\u00e4gg och syr\u00e9n - Elisabeth Gerle funderar","type":"rich","width":600,"height":338,"html":"<blockquote class=\"wp-embedded-content\" data-secret=\"KY0pdTqiGp\"><a href=\"https:\/\/blogg.svenskakyrkan.se\/gerle\/2011\/05\/10\/mellan-hagg-och-syren\/\">Mellan h\u00e4gg och syr\u00e9n<\/a><\/blockquote><iframe sandbox=\"allow-scripts\" security=\"restricted\" src=\"https:\/\/blogg.svenskakyrkan.se\/gerle\/2011\/05\/10\/mellan-hagg-och-syren\/embed\/#?secret=KY0pdTqiGp\" width=\"600\" height=\"338\" title=\"\u201dMellan h\u00e4gg och syr\u00e9n\u201d &ndash; Elisabeth Gerle funderar\" data-secret=\"KY0pdTqiGp\" frameborder=\"0\" marginwidth=\"0\" marginheight=\"0\" scrolling=\"no\" class=\"wp-embedded-content\"><\/iframe><script type=\"text\/javascript\">\n\/* <![CDATA[ *\/\n\/*! This file is auto-generated *\/\n!function(d,l){\"use strict\";l.querySelector&&d.addEventListener&&\"undefined\"!=typeof URL&&(d.wp=d.wp||{},d.wp.receiveEmbedMessage||(d.wp.receiveEmbedMessage=function(e){var t=e.data;if((t||t.secret||t.message||t.value)&&!\/[^a-zA-Z0-9]\/.test(t.secret)){for(var s,r,n,a=l.querySelectorAll('iframe[data-secret=\"'+t.secret+'\"]'),o=l.querySelectorAll('blockquote[data-secret=\"'+t.secret+'\"]'),c=new RegExp(\"^https?:$\",\"i\"),i=0;i<o.length;i++)o[i].style.display=\"none\";for(i=0;i<a.length;i++)s=a[i],e.source===s.contentWindow&&(s.removeAttribute(\"style\"),\"height\"===t.message?(1e3<(r=parseInt(t.value,10))?r=1e3:~~r<200&&(r=200),s.height=r):\"link\"===t.message&&(r=new URL(s.getAttribute(\"src\")),n=new URL(t.value),c.test(n.protocol))&&n.host===r.host&&l.activeElement===s&&(d.top.location.href=t.value))}},d.addEventListener(\"message\",d.wp.receiveEmbedMessage,!1),l.addEventListener(\"DOMContentLoaded\",function(){for(var e,t,s=l.querySelectorAll(\"iframe.wp-embedded-content\"),r=0;r<s.length;r++)(t=(e=s[r]).getAttribute(\"data-secret\"))||(t=Math.random().toString(36).substring(2,12),e.src+=\"#?secret=\"+t,e.setAttribute(\"data-secret\",t)),e.contentWindow.postMessage({message:\"ready\",secret:t},\"*\")},!1)))}(window,document);\n\/\/# sourceURL=https:\/\/blogg.svenskakyrkan.se\/gerle\/wp-includes\/js\/wp-embed.min.js\n\/* ]]> *\/\n<\/script>\n","description":"T\u00e4nker p\u00e5 skomakaren som satte upp en lapp att han h\u00f6ll st\u00e4ngt mellan h\u00e4gg och syr\u00e9n. Den finaste tiden p\u00e5 \u00e5ret. D\u00e5 vill ta ta ledigt. S\u00e5 k\u00e4nns det f\u00f6r oss ocks\u00e5. Kort tid. H\u00e4ggen doftar och Uppsala s\u00e4gs vara varmast i landet.Kanske \u00e4r det s\u00e5. V\u00e4rlden som nu f\u00f6ds p\u00e5 nytt \u00e5terf\u00f6der gl\u00e4djen, skriver [&hellip;]"}