{"version":"1.0","provider_name":"Elisabeth Gerle funderar","provider_url":"https:\/\/blogg.svenskakyrkan.se\/gerle","author_name":"Elisabeth Gerle","author_url":"https:\/\/blogg.svenskakyrkan.se\/gerle\/author\/gerle\/","title":"Mors dag- jippo eller tillf\u00e4lle? - Elisabeth Gerle funderar","type":"rich","width":600,"height":338,"html":"<blockquote class=\"wp-embedded-content\" data-secret=\"lpNZV4dY3x\"><a href=\"https:\/\/blogg.svenskakyrkan.se\/gerle\/2011\/05\/29\/mors-dag-jippo-eller-tillfalle\/\">Mors dag- jippo eller tillf\u00e4lle?<\/a><\/blockquote><iframe sandbox=\"allow-scripts\" security=\"restricted\" src=\"https:\/\/blogg.svenskakyrkan.se\/gerle\/2011\/05\/29\/mors-dag-jippo-eller-tillfalle\/embed\/#?secret=lpNZV4dY3x\" width=\"600\" height=\"338\" title=\"\u201dMors dag- jippo eller tillf\u00e4lle?\u201d &ndash; Elisabeth Gerle funderar\" data-secret=\"lpNZV4dY3x\" frameborder=\"0\" marginwidth=\"0\" marginheight=\"0\" scrolling=\"no\" class=\"wp-embedded-content\"><\/iframe><script type=\"text\/javascript\">\n\/* <![CDATA[ *\/\n\/*! This file is auto-generated *\/\n!function(d,l){\"use strict\";l.querySelector&&d.addEventListener&&\"undefined\"!=typeof URL&&(d.wp=d.wp||{},d.wp.receiveEmbedMessage||(d.wp.receiveEmbedMessage=function(e){var t=e.data;if((t||t.secret||t.message||t.value)&&!\/[^a-zA-Z0-9]\/.test(t.secret)){for(var s,r,n,a=l.querySelectorAll('iframe[data-secret=\"'+t.secret+'\"]'),o=l.querySelectorAll('blockquote[data-secret=\"'+t.secret+'\"]'),c=new RegExp(\"^https?:$\",\"i\"),i=0;i<o.length;i++)o[i].style.display=\"none\";for(i=0;i<a.length;i++)s=a[i],e.source===s.contentWindow&&(s.removeAttribute(\"style\"),\"height\"===t.message?(1e3<(r=parseInt(t.value,10))?r=1e3:~~r<200&&(r=200),s.height=r):\"link\"===t.message&&(r=new URL(s.getAttribute(\"src\")),n=new URL(t.value),c.test(n.protocol))&&n.host===r.host&&l.activeElement===s&&(d.top.location.href=t.value))}},d.addEventListener(\"message\",d.wp.receiveEmbedMessage,!1),l.addEventListener(\"DOMContentLoaded\",function(){for(var e,t,s=l.querySelectorAll(\"iframe.wp-embedded-content\"),r=0;r<s.length;r++)(t=(e=s[r]).getAttribute(\"data-secret\"))||(t=Math.random().toString(36).substring(2,12),e.src+=\"#?secret=\"+t,e.setAttribute(\"data-secret\",t)),e.contentWindow.postMessage({message:\"ready\",secret:t},\"*\")},!1)))}(window,document);\n\/\/# sourceURL=https:\/\/blogg.svenskakyrkan.se\/gerle\/wp-includes\/js\/wp-embed.min.js\n\/* ]]> *\/\n<\/script>\n","description":"Mors dag- en kommersiell grej eller ett tillf\u00e4lle att visa uppskattning? B\u00e5de och naturligtvis. Som s\u00e5 mycket! I\u00a0almanackan st\u00e5r b\u00e5de Mors dag och B\u00f6ns\u00f6ndagen. Och jag t\u00e4nker p\u00e5 alla mammor som ber f\u00f6r sina barn, som\u00a0\u00f6nskar att de kan hj\u00e4lpa dem i livet. Att\u00a0mata, tr\u00f6sta, tv\u00e4tta, krama, natta och modra ett litet barn \u00e4r underbart,\u00a0men [&hellip;]"}