{"version":"1.0","provider_name":"Elisabeth Gerle funderar","provider_url":"https:\/\/blogg.svenskakyrkan.se\/gerle","author_name":"Elisabeth Gerle","author_url":"https:\/\/blogg.svenskakyrkan.se\/gerle\/author\/gerle\/","title":"De spr\u00e4ngda gr\u00e4nserna- Vem \u00e4r egentligen konfessionell, eller sekul\u00e4r? - Elisabeth Gerle funderar","type":"rich","width":600,"height":338,"html":"<blockquote class=\"wp-embedded-content\" data-secret=\"tpnsRI4ffH\"><a href=\"https:\/\/blogg.svenskakyrkan.se\/gerle\/2011\/06\/01\/82\/\">De spr\u00e4ngda gr\u00e4nserna- Vem \u00e4r egentligen konfessionell, eller sekul\u00e4r?<\/a><\/blockquote><iframe sandbox=\"allow-scripts\" security=\"restricted\" src=\"https:\/\/blogg.svenskakyrkan.se\/gerle\/2011\/06\/01\/82\/embed\/#?secret=tpnsRI4ffH\" width=\"600\" height=\"338\" title=\"\u201dDe spr\u00e4ngda gr\u00e4nserna- Vem \u00e4r egentligen konfessionell, eller sekul\u00e4r?\u201d &ndash; Elisabeth Gerle funderar\" data-secret=\"tpnsRI4ffH\" frameborder=\"0\" marginwidth=\"0\" marginheight=\"0\" scrolling=\"no\" class=\"wp-embedded-content\"><\/iframe><script type=\"text\/javascript\">\n\/* <![CDATA[ *\/\n\/*! This file is auto-generated *\/\n!function(d,l){\"use strict\";l.querySelector&&d.addEventListener&&\"undefined\"!=typeof URL&&(d.wp=d.wp||{},d.wp.receiveEmbedMessage||(d.wp.receiveEmbedMessage=function(e){var t=e.data;if((t||t.secret||t.message||t.value)&&!\/[^a-zA-Z0-9]\/.test(t.secret)){for(var s,r,n,a=l.querySelectorAll('iframe[data-secret=\"'+t.secret+'\"]'),o=l.querySelectorAll('blockquote[data-secret=\"'+t.secret+'\"]'),c=new RegExp(\"^https?:$\",\"i\"),i=0;i<o.length;i++)o[i].style.display=\"none\";for(i=0;i<a.length;i++)s=a[i],e.source===s.contentWindow&&(s.removeAttribute(\"style\"),\"height\"===t.message?(1e3<(r=parseInt(t.value,10))?r=1e3:~~r<200&&(r=200),s.height=r):\"link\"===t.message&&(r=new URL(s.getAttribute(\"src\")),n=new URL(t.value),c.test(n.protocol))&&n.host===r.host&&l.activeElement===s&&(d.top.location.href=t.value))}},d.addEventListener(\"message\",d.wp.receiveEmbedMessage,!1),l.addEventListener(\"DOMContentLoaded\",function(){for(var e,t,s=l.querySelectorAll(\"iframe.wp-embedded-content\"),r=0;r<s.length;r++)(t=(e=s[r]).getAttribute(\"data-secret\"))||(t=Math.random().toString(36).substring(2,12),e.src+=\"#?secret=\"+t,e.setAttribute(\"data-secret\",t)),e.contentWindow.postMessage({message:\"ready\",secret:t},\"*\")},!1)))}(window,document);\n\/\/# sourceURL=https:\/\/blogg.svenskakyrkan.se\/gerle\/wp-includes\/js\/wp-embed.min.js\n\/* ]]> *\/\n<\/script>\n","description":"\u00a0Kristi himmelsf\u00e4rd spr\u00e4nger alla gr\u00e4nser \u00a0 Kristi himmelsf\u00e4rd spr\u00e4nger alla gr\u00e4nser: Molnet som omsluter Jesus och f\u00f6r honom bort ur l\u00e4rjungarnas \u00e5syn st\u00e5r f\u00f6r n\u00e4rvaro, tr\u00f6st och ledning. \u00c4ven f\u00f6r dem som tvivlar. F\u00f6r de finns med och spanar mot skyn. Som molnet \u00a0visade v\u00e4g och ledde slavfolket genom \u00f6knen n\u00e4r de flytt fr\u00e5n farao [&hellip;]"}