{"version":"1.0","provider_name":"Elisabeth Gerle funderar","provider_url":"https:\/\/blogg.svenskakyrkan.se\/gerle","author_name":"Elisabeth Gerle","author_url":"https:\/\/blogg.svenskakyrkan.se\/gerle\/author\/gerle\/","title":"\u00d6ppenhet f\u00f6r allt- utom f\u00f6r hat! - Elisabeth Gerle funderar","type":"rich","width":600,"height":338,"html":"<blockquote class=\"wp-embedded-content\" data-secret=\"zvmzOv3suI\"><a href=\"https:\/\/blogg.svenskakyrkan.se\/gerle\/2011\/08\/07\/oppenhet-for-allt-utom-for-hat\/\">\u00d6ppenhet f\u00f6r allt- utom f\u00f6r hat!<\/a><\/blockquote><iframe sandbox=\"allow-scripts\" security=\"restricted\" src=\"https:\/\/blogg.svenskakyrkan.se\/gerle\/2011\/08\/07\/oppenhet-for-allt-utom-for-hat\/embed\/#?secret=zvmzOv3suI\" width=\"600\" height=\"338\" title=\"\u201d\u00d6ppenhet f\u00f6r allt- utom f\u00f6r hat!\u201d &ndash; Elisabeth Gerle funderar\" data-secret=\"zvmzOv3suI\" frameborder=\"0\" marginwidth=\"0\" marginheight=\"0\" scrolling=\"no\" class=\"wp-embedded-content\"><\/iframe><script type=\"text\/javascript\">\n\/* <![CDATA[ *\/\n\/*! This file is auto-generated *\/\n!function(d,l){\"use strict\";l.querySelector&&d.addEventListener&&\"undefined\"!=typeof URL&&(d.wp=d.wp||{},d.wp.receiveEmbedMessage||(d.wp.receiveEmbedMessage=function(e){var t=e.data;if((t||t.secret||t.message||t.value)&&!\/[^a-zA-Z0-9]\/.test(t.secret)){for(var s,r,n,a=l.querySelectorAll('iframe[data-secret=\"'+t.secret+'\"]'),o=l.querySelectorAll('blockquote[data-secret=\"'+t.secret+'\"]'),c=new RegExp(\"^https?:$\",\"i\"),i=0;i<o.length;i++)o[i].style.display=\"none\";for(i=0;i<a.length;i++)s=a[i],e.source===s.contentWindow&&(s.removeAttribute(\"style\"),\"height\"===t.message?(1e3<(r=parseInt(t.value,10))?r=1e3:~~r<200&&(r=200),s.height=r):\"link\"===t.message&&(r=new URL(s.getAttribute(\"src\")),n=new URL(t.value),c.test(n.protocol))&&n.host===r.host&&l.activeElement===s&&(d.top.location.href=t.value))}},d.addEventListener(\"message\",d.wp.receiveEmbedMessage,!1),l.addEventListener(\"DOMContentLoaded\",function(){for(var e,t,s=l.querySelectorAll(\"iframe.wp-embedded-content\"),r=0;r<s.length;r++)(t=(e=s[r]).getAttribute(\"data-secret\"))||(t=Math.random().toString(36).substring(2,12),e.src+=\"#?secret=\"+t,e.setAttribute(\"data-secret\",t)),e.contentWindow.postMessage({message:\"ready\",secret:t},\"*\")},!1)))}(window,document);\n\/\/# sourceURL=https:\/\/blogg.svenskakyrkan.se\/gerle\/wp-includes\/js\/wp-embed.min.js\n\/* ]]> *\/\n<\/script>\n","description":"Vilken \u00f6ppenhet b\u00f6r ett samh\u00e4lle ha? F\u00e5r allt s\u00e4gas offentligt? Detta diskuteras nu f\u00f6r fullt sedan vissa tidningar har st\u00e4ngt sina kommentarsf\u00e4lt som anv\u00e4nts f\u00f6r hatpropaganda mot muslimer. Jag tycker det \u00e4r bra. Ett demokratiskt samh\u00e4lle bygger p\u00e5 respekt f\u00f6r alla m\u00e4nniskors lika v\u00e4rde. Yttrandefrihet inneb\u00e4r r\u00e4tten att kritisera myndigheter. Det \u00e4r inte en r\u00e4tt [&hellip;]"}