{"version":"1.0","provider_name":"Elisabeth Gerle funderar","provider_url":"https:\/\/blogg.svenskakyrkan.se\/gerle","author_name":"Elisabeth Gerle","author_url":"https:\/\/blogg.svenskakyrkan.se\/gerle\/author\/gerle\/","title":"Filosofiska rummet den 11 september - Elisabeth Gerle funderar","type":"rich","width":600,"height":338,"html":"<blockquote class=\"wp-embedded-content\" data-secret=\"xhfzhN1v3f\"><a href=\"https:\/\/blogg.svenskakyrkan.se\/gerle\/2011\/09\/11\/filosofiska-rummet-den-11-september\/\">Filosofiska rummet den 11 september<\/a><\/blockquote><iframe sandbox=\"allow-scripts\" security=\"restricted\" src=\"https:\/\/blogg.svenskakyrkan.se\/gerle\/2011\/09\/11\/filosofiska-rummet-den-11-september\/embed\/#?secret=xhfzhN1v3f\" width=\"600\" height=\"338\" title=\"\u201dFilosofiska rummet den 11 september\u201d &ndash; Elisabeth Gerle funderar\" data-secret=\"xhfzhN1v3f\" frameborder=\"0\" marginwidth=\"0\" marginheight=\"0\" scrolling=\"no\" class=\"wp-embedded-content\"><\/iframe><script type=\"text\/javascript\">\n\/* <![CDATA[ *\/\n\/*! This file is auto-generated *\/\n!function(d,l){\"use strict\";l.querySelector&&d.addEventListener&&\"undefined\"!=typeof URL&&(d.wp=d.wp||{},d.wp.receiveEmbedMessage||(d.wp.receiveEmbedMessage=function(e){var t=e.data;if((t||t.secret||t.message||t.value)&&!\/[^a-zA-Z0-9]\/.test(t.secret)){for(var s,r,n,a=l.querySelectorAll('iframe[data-secret=\"'+t.secret+'\"]'),o=l.querySelectorAll('blockquote[data-secret=\"'+t.secret+'\"]'),c=new RegExp(\"^https?:$\",\"i\"),i=0;i<o.length;i++)o[i].style.display=\"none\";for(i=0;i<a.length;i++)s=a[i],e.source===s.contentWindow&&(s.removeAttribute(\"style\"),\"height\"===t.message?(1e3<(r=parseInt(t.value,10))?r=1e3:~~r<200&&(r=200),s.height=r):\"link\"===t.message&&(r=new URL(s.getAttribute(\"src\")),n=new URL(t.value),c.test(n.protocol))&&n.host===r.host&&l.activeElement===s&&(d.top.location.href=t.value))}},d.addEventListener(\"message\",d.wp.receiveEmbedMessage,!1),l.addEventListener(\"DOMContentLoaded\",function(){for(var e,t,s=l.querySelectorAll(\"iframe.wp-embedded-content\"),r=0;r<s.length;r++)(t=(e=s[r]).getAttribute(\"data-secret\"))||(t=Math.random().toString(36).substring(2,12),e.src+=\"#?secret=\"+t,e.setAttribute(\"data-secret\",t)),e.contentWindow.postMessage({message:\"ready\",secret:t},\"*\")},!1)))}(window,document);\n\/\/# sourceURL=https:\/\/blogg.svenskakyrkan.se\/gerle\/wp-includes\/js\/wp-embed.min.js\n\/* ]]> *\/\n<\/script>\n","description":"Idag den 11 september handlade Filosofiska rummet, P1 kl 17 om hur vi talar om oss sj\u00e4lva och om de andra. Kan man undvika f\u00f6renklade schablonbilder? Peter G\u00e4rdenfors,\u00a0Lars \u00c5berg och jag var ganska \u00f6verens om att alla har en tendens att tala om vi och de, \u00a0och om att spr\u00e5ket inte \u00e4r ofarligt.\u00a0 H\u00e4r finns [&hellip;]"}