{"version":"1.0","provider_name":"Elisabeth Gerle funderar","provider_url":"https:\/\/blogg.svenskakyrkan.se\/gerle","author_name":"Elisabeth Gerle","author_url":"https:\/\/blogg.svenskakyrkan.se\/gerle\/author\/gerle\/","title":"Varf\u00f6r kr\u00e4va lagstiftning ist\u00e4llet f\u00f6r samtal? - Elisabeth Gerle funderar","type":"rich","width":600,"height":338,"html":"<blockquote class=\"wp-embedded-content\" data-secret=\"CNgj5RE62x\"><a href=\"https:\/\/blogg.svenskakyrkan.se\/gerle\/2012\/02\/08\/varfor-krava-lagstiftning-istallet-for-samtal\/\">Varf\u00f6r kr\u00e4va lagstiftning ist\u00e4llet f\u00f6r samtal?<\/a><\/blockquote><iframe sandbox=\"allow-scripts\" security=\"restricted\" src=\"https:\/\/blogg.svenskakyrkan.se\/gerle\/2012\/02\/08\/varfor-krava-lagstiftning-istallet-for-samtal\/embed\/#?secret=CNgj5RE62x\" width=\"600\" height=\"338\" title=\"\u201dVarf\u00f6r kr\u00e4va lagstiftning ist\u00e4llet f\u00f6r samtal?\u201d &ndash; Elisabeth Gerle funderar\" data-secret=\"CNgj5RE62x\" frameborder=\"0\" marginwidth=\"0\" marginheight=\"0\" scrolling=\"no\" class=\"wp-embedded-content\"><\/iframe><script type=\"text\/javascript\">\n\/* <![CDATA[ *\/\n\/*! This file is auto-generated *\/\n!function(d,l){\"use strict\";l.querySelector&&d.addEventListener&&\"undefined\"!=typeof URL&&(d.wp=d.wp||{},d.wp.receiveEmbedMessage||(d.wp.receiveEmbedMessage=function(e){var t=e.data;if((t||t.secret||t.message||t.value)&&!\/[^a-zA-Z0-9]\/.test(t.secret)){for(var s,r,n,a=l.querySelectorAll('iframe[data-secret=\"'+t.secret+'\"]'),o=l.querySelectorAll('blockquote[data-secret=\"'+t.secret+'\"]'),c=new RegExp(\"^https?:$\",\"i\"),i=0;i<o.length;i++)o[i].style.display=\"none\";for(i=0;i<a.length;i++)s=a[i],e.source===s.contentWindow&&(s.removeAttribute(\"style\"),\"height\"===t.message?(1e3<(r=parseInt(t.value,10))?r=1e3:~~r<200&&(r=200),s.height=r):\"link\"===t.message&&(r=new URL(s.getAttribute(\"src\")),n=new URL(t.value),c.test(n.protocol))&&n.host===r.host&&l.activeElement===s&&(d.top.location.href=t.value))}},d.addEventListener(\"message\",d.wp.receiveEmbedMessage,!1),l.addEventListener(\"DOMContentLoaded\",function(){for(var e,t,s=l.querySelectorAll(\"iframe.wp-embedded-content\"),r=0;r<s.length;r++)(t=(e=s[r]).getAttribute(\"data-secret\"))||(t=Math.random().toString(36).substring(2,12),e.src+=\"#?secret=\"+t,e.setAttribute(\"data-secret\",t)),e.contentWindow.postMessage({message:\"ready\",secret:t},\"*\")},!1)))}(window,document);\n\/\/# sourceURL=https:\/\/blogg.svenskakyrkan.se\/gerle\/wp-includes\/js\/wp-embed.min.js\n\/* ]]> *\/\n<\/script>\n","description":"Religioner och kulturer f\u00f6r\u00e4ndras st\u00e4ndigt. Ofta i m\u00f6tet med andra. Diskussionen om sedv\u00e4njor och ritualer \u00e4r viktig. Utpekandet av de andra som just de Andra n\u00e5got annat. Det \u00e4r s\u00e5 l\u00e4tt att j\u00e4mf\u00f6ra det b\u00e4sta hos en sj\u00e4lv med det s\u00e4msta hos de andra. Ett st\u00e4nk av avundsjuka gentemot de andra \u00e4r inte fel, brukade [&hellip;]"}