{"version":"1.0","provider_name":"Elisabeth Gerle funderar","provider_url":"https:\/\/blogg.svenskakyrkan.se\/gerle","author_name":"Elisabeth Gerle","author_url":"https:\/\/blogg.svenskakyrkan.se\/gerle\/author\/gerle\/","title":"Vem \u00e4r jag p\u00e5 n\u00e4tet - Elisabeth Gerle funderar","type":"rich","width":600,"height":338,"html":"<blockquote class=\"wp-embedded-content\" data-secret=\"8gORBIv4ce\"><a href=\"https:\/\/blogg.svenskakyrkan.se\/gerle\/2014\/03\/17\/vem-ar-jag-pa-natet\/\">Vem \u00e4r jag p\u00e5 n\u00e4tet<\/a><\/blockquote><iframe sandbox=\"allow-scripts\" security=\"restricted\" src=\"https:\/\/blogg.svenskakyrkan.se\/gerle\/2014\/03\/17\/vem-ar-jag-pa-natet\/embed\/#?secret=8gORBIv4ce\" width=\"600\" height=\"338\" title=\"\u201dVem \u00e4r jag p\u00e5 n\u00e4tet\u201d &ndash; Elisabeth Gerle funderar\" data-secret=\"8gORBIv4ce\" frameborder=\"0\" marginwidth=\"0\" marginheight=\"0\" scrolling=\"no\" class=\"wp-embedded-content\"><\/iframe><script type=\"text\/javascript\">\n\/* <![CDATA[ *\/\n\/*! This file is auto-generated *\/\n!function(d,l){\"use strict\";l.querySelector&&d.addEventListener&&\"undefined\"!=typeof URL&&(d.wp=d.wp||{},d.wp.receiveEmbedMessage||(d.wp.receiveEmbedMessage=function(e){var t=e.data;if((t||t.secret||t.message||t.value)&&!\/[^a-zA-Z0-9]\/.test(t.secret)){for(var s,r,n,a=l.querySelectorAll('iframe[data-secret=\"'+t.secret+'\"]'),o=l.querySelectorAll('blockquote[data-secret=\"'+t.secret+'\"]'),c=new RegExp(\"^https?:$\",\"i\"),i=0;i<o.length;i++)o[i].style.display=\"none\";for(i=0;i<a.length;i++)s=a[i],e.source===s.contentWindow&&(s.removeAttribute(\"style\"),\"height\"===t.message?(1e3<(r=parseInt(t.value,10))?r=1e3:~~r<200&&(r=200),s.height=r):\"link\"===t.message&&(r=new URL(s.getAttribute(\"src\")),n=new URL(t.value),c.test(n.protocol))&&n.host===r.host&&l.activeElement===s&&(d.top.location.href=t.value))}},d.addEventListener(\"message\",d.wp.receiveEmbedMessage,!1),l.addEventListener(\"DOMContentLoaded\",function(){for(var e,t,s=l.querySelectorAll(\"iframe.wp-embedded-content\"),r=0;r<s.length;r++)(t=(e=s[r]).getAttribute(\"data-secret\"))||(t=Math.random().toString(36).substring(2,12),e.src+=\"#?secret=\"+t,e.setAttribute(\"data-secret\",t)),e.contentWindow.postMessage({message:\"ready\",secret:t},\"*\")},!1)))}(window,document);\n\/\/# sourceURL=https:\/\/blogg.svenskakyrkan.se\/gerle\/wp-includes\/js\/wp-embed.min.js\n\/* ]]> *\/\n<\/script>\n","description":"Som m\u00e4nniskor upptr\u00e4der vi lite olika, beroende p\u00e5 i vilket sammanhang vi finns, och vilka vi m\u00f6ter. S\u00e5 har det alltid varit. Men idag m\u00f6ter vi s\u00e5 m\u00e5nga fler \u00e4n vad v\u00e5ra f\u00f6r\u00e4ldrar eller deras f\u00f6r\u00e4ldrar gjorde. \u00c4r vi d\u00e5 falska? Eller bara anpassliga? P\u00e5 n\u00e4tet ser vi inte den andres ansikte. D\u00e4rf\u00f6r ser vi [&hellip;]"}