{"version":"1.0","provider_name":"Elisabeth Gerle funderar","provider_url":"https:\/\/blogg.svenskakyrkan.se\/gerle","author_name":"Elisabeth Gerle","author_url":"https:\/\/blogg.svenskakyrkan.se\/gerle\/author\/gerle\/","title":"B\u00e4ttre att t\u00e4nda ljus - Elisabeth Gerle funderar","type":"rich","width":600,"height":338,"html":"<blockquote class=\"wp-embedded-content\" data-secret=\"HNG1il76PY\"><a href=\"https:\/\/blogg.svenskakyrkan.se\/gerle\/2015\/02\/04\/battre-att-tanda-ljus\/\">B\u00e4ttre att t\u00e4nda ljus<\/a><\/blockquote><iframe sandbox=\"allow-scripts\" security=\"restricted\" src=\"https:\/\/blogg.svenskakyrkan.se\/gerle\/2015\/02\/04\/battre-att-tanda-ljus\/embed\/#?secret=HNG1il76PY\" width=\"600\" height=\"338\" title=\"\u201dB\u00e4ttre att t\u00e4nda ljus\u201d &ndash; Elisabeth Gerle funderar\" data-secret=\"HNG1il76PY\" frameborder=\"0\" marginwidth=\"0\" marginheight=\"0\" scrolling=\"no\" class=\"wp-embedded-content\"><\/iframe><script type=\"text\/javascript\">\n\/* <![CDATA[ *\/\n\/*! This file is auto-generated *\/\n!function(d,l){\"use strict\";l.querySelector&&d.addEventListener&&\"undefined\"!=typeof URL&&(d.wp=d.wp||{},d.wp.receiveEmbedMessage||(d.wp.receiveEmbedMessage=function(e){var t=e.data;if((t||t.secret||t.message||t.value)&&!\/[^a-zA-Z0-9]\/.test(t.secret)){for(var s,r,n,a=l.querySelectorAll('iframe[data-secret=\"'+t.secret+'\"]'),o=l.querySelectorAll('blockquote[data-secret=\"'+t.secret+'\"]'),c=new RegExp(\"^https?:$\",\"i\"),i=0;i<o.length;i++)o[i].style.display=\"none\";for(i=0;i<a.length;i++)s=a[i],e.source===s.contentWindow&&(s.removeAttribute(\"style\"),\"height\"===t.message?(1e3<(r=parseInt(t.value,10))?r=1e3:~~r<200&&(r=200),s.height=r):\"link\"===t.message&&(r=new URL(s.getAttribute(\"src\")),n=new URL(t.value),c.test(n.protocol))&&n.host===r.host&&l.activeElement===s&&(d.top.location.href=t.value))}},d.addEventListener(\"message\",d.wp.receiveEmbedMessage,!1),l.addEventListener(\"DOMContentLoaded\",function(){for(var e,t,s=l.querySelectorAll(\"iframe.wp-embedded-content\"),r=0;r<s.length;r++)(t=(e=s[r]).getAttribute(\"data-secret\"))||(t=Math.random().toString(36).substring(2,12),e.src+=\"#?secret=\"+t,e.setAttribute(\"data-secret\",t)),e.contentWindow.postMessage({message:\"ready\",secret:t},\"*\")},!1)))}(window,document);\n\/\/# sourceURL=https:\/\/blogg.svenskakyrkan.se\/gerle\/wp-includes\/js\/wp-embed.min.js\n\/* ]]> *\/\n<\/script>\n","description":"B\u00e4ttre att t\u00e4nda ljus \u00e4n att f\u00f6rbanna m\u00f6rkret.\u00a0 P\u00e5 Kyndelsm\u00e4ssodagen p\u00e5minns vi om att Gud \u00e4r ljus och att inget m\u00f6rker finns i honom. Lukas ber\u00e4ttar om Hanna och Symeon. De\u00a0hade v\u00e4ntat l\u00e4nge. Men n\u00e4r Josef och Maria kom med det lilla Jesusbarnet\u00a0s\u00e5 f\u00f6rstod de. H\u00e4r var det de v\u00e4ntat p\u00e5. Ett ljus som lyser [&hellip;]"}