{"version":"1.0","provider_name":"H\u00e5llbara tankar.","provider_url":"https:\/\/blogg.svenskakyrkan.se\/hallbar","author_name":"Henrik Grape","author_url":"https:\/\/blogg.svenskakyrkan.se\/hallbar\/author\/henrikg\/","title":"Andlighet och h\u00e5llbarhet - det h\u00f6r ihop! - H\u00e5llbara tankar.","type":"rich","width":600,"height":338,"html":"<blockquote class=\"wp-embedded-content\" data-secret=\"J6eMNJfdG6\"><a href=\"https:\/\/blogg.svenskakyrkan.se\/hallbar\/2012\/02\/09\/andlighet-och-hallbarhet-det-hor-ihop\/\">Andlighet och h\u00e5llbarhet &#8211; det h\u00f6r ihop!<\/a><\/blockquote><iframe sandbox=\"allow-scripts\" security=\"restricted\" src=\"https:\/\/blogg.svenskakyrkan.se\/hallbar\/2012\/02\/09\/andlighet-och-hallbarhet-det-hor-ihop\/embed\/#?secret=J6eMNJfdG6\" width=\"600\" height=\"338\" title=\"\u201dAndlighet och h\u00e5llbarhet &#8211; det h\u00f6r ihop!\u201d &ndash; H\u00e5llbara tankar.\" data-secret=\"J6eMNJfdG6\" frameborder=\"0\" marginwidth=\"0\" marginheight=\"0\" scrolling=\"no\" class=\"wp-embedded-content\"><\/iframe><script type=\"text\/javascript\">\n\/* <![CDATA[ *\/\n\/*! This file is auto-generated *\/\n!function(d,l){\"use strict\";l.querySelector&&d.addEventListener&&\"undefined\"!=typeof URL&&(d.wp=d.wp||{},d.wp.receiveEmbedMessage||(d.wp.receiveEmbedMessage=function(e){var t=e.data;if((t||t.secret||t.message||t.value)&&!\/[^a-zA-Z0-9]\/.test(t.secret)){for(var s,r,n,a=l.querySelectorAll('iframe[data-secret=\"'+t.secret+'\"]'),o=l.querySelectorAll('blockquote[data-secret=\"'+t.secret+'\"]'),c=new RegExp(\"^https?:$\",\"i\"),i=0;i<o.length;i++)o[i].style.display=\"none\";for(i=0;i<a.length;i++)s=a[i],e.source===s.contentWindow&&(s.removeAttribute(\"style\"),\"height\"===t.message?(1e3<(r=parseInt(t.value,10))?r=1e3:~~r<200&&(r=200),s.height=r):\"link\"===t.message&&(r=new URL(s.getAttribute(\"src\")),n=new URL(t.value),c.test(n.protocol))&&n.host===r.host&&l.activeElement===s&&(d.top.location.href=t.value))}},d.addEventListener(\"message\",d.wp.receiveEmbedMessage,!1),l.addEventListener(\"DOMContentLoaded\",function(){for(var e,t,s=l.querySelectorAll(\"iframe.wp-embedded-content\"),r=0;r<s.length;r++)(t=(e=s[r]).getAttribute(\"data-secret\"))||(t=Math.random().toString(36).substring(2,12),e.src+=\"#?secret=\"+t,e.setAttribute(\"data-secret\",t)),e.contentWindow.postMessage({message:\"ready\",secret:t},\"*\")},!1)))}(window,document);\n\/\/# sourceURL=https:\/\/blogg.svenskakyrkan.se\/hallbar\/wp-includes\/js\/wp-embed.min.js\n\/* ]]> *\/\n<\/script>\n","description":"I dag skriver jag p\u00e5 Kyrkans Tidnings Webbsida en artikel om vikten av att f\u00f6rst\u00e5 fr\u00e5gan om h\u00e5llbar utveckling som en andlig utmaning. Det handlar kort sagt om att det engagemang vi l\u00e4gger p\u00e5 att f\u00f6r\u00e4ndra till en r\u00e4ttvisare och h\u00e5llbarare v\u00e4rld m\u00e5ste f\u00f6rankras i en andlig livsf\u00f6rst\u00e5else. Det vi g\u00f6r i det yttre arbetet [&hellip;]","thumbnail_url":"http:\/\/blogg.svenskakyrkan.se\/hallbar\/files\/2012\/02\/2-8-2012_0042-194x300.jpg"}