{"version":"1.0","provider_name":"H\u00e5llbara tankar.","provider_url":"https:\/\/blogg.svenskakyrkan.se\/hallbar","author_name":"Henrik Grape","author_url":"https:\/\/blogg.svenskakyrkan.se\/hallbar\/author\/henrikg\/","title":"Ekumeniskt klimat i Notre Dame. - H\u00e5llbara tankar.","type":"rich","width":600,"height":338,"html":"<blockquote class=\"wp-embedded-content\" data-secret=\"8R1bonAMLf\"><a href=\"https:\/\/blogg.svenskakyrkan.se\/hallbar\/2015\/12\/04\/482\/\">Ekumeniskt klimat i Notre Dame.<\/a><\/blockquote><iframe sandbox=\"allow-scripts\" security=\"restricted\" src=\"https:\/\/blogg.svenskakyrkan.se\/hallbar\/2015\/12\/04\/482\/embed\/#?secret=8R1bonAMLf\" width=\"600\" height=\"338\" title=\"\u201dEkumeniskt klimat i Notre Dame.\u201d &ndash; H\u00e5llbara tankar.\" data-secret=\"8R1bonAMLf\" frameborder=\"0\" marginwidth=\"0\" marginheight=\"0\" scrolling=\"no\" class=\"wp-embedded-content\"><\/iframe><script type=\"text\/javascript\">\n\/* <![CDATA[ *\/\n\/*! This file is auto-generated *\/\n!function(d,l){\"use strict\";l.querySelector&&d.addEventListener&&\"undefined\"!=typeof URL&&(d.wp=d.wp||{},d.wp.receiveEmbedMessage||(d.wp.receiveEmbedMessage=function(e){var t=e.data;if((t||t.secret||t.message||t.value)&&!\/[^a-zA-Z0-9]\/.test(t.secret)){for(var s,r,n,a=l.querySelectorAll('iframe[data-secret=\"'+t.secret+'\"]'),o=l.querySelectorAll('blockquote[data-secret=\"'+t.secret+'\"]'),c=new RegExp(\"^https?:$\",\"i\"),i=0;i<o.length;i++)o[i].style.display=\"none\";for(i=0;i<a.length;i++)s=a[i],e.source===s.contentWindow&&(s.removeAttribute(\"style\"),\"height\"===t.message?(1e3<(r=parseInt(t.value,10))?r=1e3:~~r<200&&(r=200),s.height=r):\"link\"===t.message&&(r=new URL(s.getAttribute(\"src\")),n=new URL(t.value),c.test(n.protocol))&&n.host===r.host&&l.activeElement===s&&(d.top.location.href=t.value))}},d.addEventListener(\"message\",d.wp.receiveEmbedMessage,!1),l.addEventListener(\"DOMContentLoaded\",function(){for(var e,t,s=l.querySelectorAll(\"iframe.wp-embedded-content\"),r=0;r<s.length;r++)(t=(e=s[r]).getAttribute(\"data-secret\"))||(t=Math.random().toString(36).substring(2,12),e.src+=\"#?secret=\"+t,e.setAttribute(\"data-secret\",t)),e.contentWindow.postMessage({message:\"ready\",secret:t},\"*\")},!1)))}(window,document);\n\/\/# sourceURL=https:\/\/blogg.svenskakyrkan.se\/hallbar\/wp-includes\/js\/wp-embed.min.js\n\/* ]]> *\/\n<\/script>\n","description":"Klimat \u00e4r inte bara teknik, politik och ekonomi.\u00a0 Det nya samh\u00e4lle som vi st\u00e5r inf\u00f6r v\u00e4xer inte fram i ett vakuum. F\u00f6r\u00e4ndringar drivs av v\u00e4rderingsf\u00f6r\u00e4ndringar och av det som vi som m\u00e4nniskor uppfattar som viktigt och som r\u00e4tt. M\u00e4nniskan har varit r\u00e4tt bra p\u00e5 det d\u00e4r genom evolutionens \u00e5rtusenden. Det \u00e4r visioner och id\u00e9er som [&hellip;]","thumbnail_url":"http:\/\/blogg.svenskakyrkan.se\/hallbar\/files\/2015\/12\/RS110786_20151203-210653-france-0006-lpr-300x200.jpg"}