{"version":"1.0","provider_name":"H\u00e4nder i Undersvik","provider_url":"https:\/\/blogg.svenskakyrkan.se\/handeriundersvik","author_name":"handeriundersvik","author_url":"https:\/\/blogg.svenskakyrkan.se\/handeriundersvik\/author\/handeriundersvik\/","title":"Invigning av Undersvik - H\u00e4nder i Undersvik","type":"rich","width":600,"height":338,"html":"<blockquote class=\"wp-embedded-content\" data-secret=\"RYOxEO6ajV\"><a href=\"https:\/\/blogg.svenskakyrkan.se\/handeriundersvik\/2023\/08\/22\/invigning-av-undersvik\/\">Invigning av Undersvik<\/a><\/blockquote><iframe sandbox=\"allow-scripts\" security=\"restricted\" src=\"https:\/\/blogg.svenskakyrkan.se\/handeriundersvik\/2023\/08\/22\/invigning-av-undersvik\/embed\/#?secret=RYOxEO6ajV\" width=\"600\" height=\"338\" title=\"\u201dInvigning av Undersvik\u201d &ndash; H\u00e4nder i Undersvik\" data-secret=\"RYOxEO6ajV\" frameborder=\"0\" marginwidth=\"0\" marginheight=\"0\" scrolling=\"no\" class=\"wp-embedded-content\"><\/iframe><script type=\"text\/javascript\">\n\/* <![CDATA[ *\/\n\/*! This file is auto-generated *\/\n!function(d,l){\"use strict\";l.querySelector&&d.addEventListener&&\"undefined\"!=typeof URL&&(d.wp=d.wp||{},d.wp.receiveEmbedMessage||(d.wp.receiveEmbedMessage=function(e){var t=e.data;if((t||t.secret||t.message||t.value)&&!\/[^a-zA-Z0-9]\/.test(t.secret)){for(var s,r,n,a=l.querySelectorAll('iframe[data-secret=\"'+t.secret+'\"]'),o=l.querySelectorAll('blockquote[data-secret=\"'+t.secret+'\"]'),c=new RegExp(\"^https?:$\",\"i\"),i=0;i<o.length;i++)o[i].style.display=\"none\";for(i=0;i<a.length;i++)s=a[i],e.source===s.contentWindow&&(s.removeAttribute(\"style\"),\"height\"===t.message?(1e3<(r=parseInt(t.value,10))?r=1e3:~~r<200&&(r=200),s.height=r):\"link\"===t.message&&(r=new URL(s.getAttribute(\"src\")),n=new URL(t.value),c.test(n.protocol))&&n.host===r.host&&l.activeElement===s&&(d.top.location.href=t.value))}},d.addEventListener(\"message\",d.wp.receiveEmbedMessage,!1),l.addEventListener(\"DOMContentLoaded\",function(){for(var e,t,s=l.querySelectorAll(\"iframe.wp-embedded-content\"),r=0;r<s.length;r++)(t=(e=s[r]).getAttribute(\"data-secret\"))||(t=Math.random().toString(36).substring(2,12),e.src+=\"#?secret=\"+t,e.setAttribute(\"data-secret\",t)),e.contentWindow.postMessage({message:\"ready\",secret:t},\"*\")},!1)))}(window,document);\n\/\/# sourceURL=https:\/\/blogg.svenskakyrkan.se\/handeriundersvik\/wp-includes\/js\/wp-embed.min.js\n\/* ]]> *\/\n<\/script>\n","description":"M\u00e4ssa firas kl 14 p\u00e5 temat \u201dBege er hit\u201d. Biskop Karin leder och representanter fr\u00e5n Svenska Kyrkans Unga och Bolln\u00e4s pastorat medverkar. Invigningsceremonin inleds kl 15 med att Biskop Karin \u00f6verl\u00e4mnar till STF:s generalsekreterare Maria Ros Hjelm. D\u00e4refter f\u00f6ljer invigningstal av STF, musik och rundvandring. STF bjuder p\u00e5 enklare plockmat och snacks. Buss fr\u00e5n Uppsala [&hellip;]","thumbnail_url":"https:\/\/blogg.svenskakyrkan.se\/handeriundersvik\/files\/2023\/08\/qt2uktu2.png","thumbnail_width":1200,"thumbnail_height":535}