{"version":"1.0","provider_name":"H\u00f6rru Gud","provider_url":"https:\/\/blogg.svenskakyrkan.se\/horrugud","author_name":"Charlotte Frycklund, pr\u00e4st","author_url":"https:\/\/blogg.svenskakyrkan.se\/horrugud\/author\/charlottefrycklund\/","title":"De bor \u00e4nd\u00e5 tryggt i mammans hj\u00e4rta - H\u00f6rru Gud","type":"rich","width":600,"height":338,"html":"<blockquote class=\"wp-embedded-content\" data-secret=\"sVk0gDXVlM\"><a href=\"https:\/\/blogg.svenskakyrkan.se\/horrugud\/2017\/03\/19\/de-bor-anda-tryggt-i-mammans-hjarta\/\">De bor \u00e4nd\u00e5 tryggt i mammans hj\u00e4rta<\/a><\/blockquote><iframe sandbox=\"allow-scripts\" security=\"restricted\" src=\"https:\/\/blogg.svenskakyrkan.se\/horrugud\/2017\/03\/19\/de-bor-anda-tryggt-i-mammans-hjarta\/embed\/#?secret=sVk0gDXVlM\" width=\"600\" height=\"338\" title=\"\u201dDe bor \u00e4nd\u00e5 tryggt i mammans hj\u00e4rta\u201d &ndash; H\u00f6rru Gud\" data-secret=\"sVk0gDXVlM\" frameborder=\"0\" marginwidth=\"0\" marginheight=\"0\" scrolling=\"no\" class=\"wp-embedded-content\"><\/iframe><script type=\"text\/javascript\">\n\/* <![CDATA[ *\/\n\/*! This file is auto-generated *\/\n!function(d,l){\"use strict\";l.querySelector&&d.addEventListener&&\"undefined\"!=typeof URL&&(d.wp=d.wp||{},d.wp.receiveEmbedMessage||(d.wp.receiveEmbedMessage=function(e){var t=e.data;if((t||t.secret||t.message||t.value)&&!\/[^a-zA-Z0-9]\/.test(t.secret)){for(var s,r,n,a=l.querySelectorAll('iframe[data-secret=\"'+t.secret+'\"]'),o=l.querySelectorAll('blockquote[data-secret=\"'+t.secret+'\"]'),c=new RegExp(\"^https?:$\",\"i\"),i=0;i<o.length;i++)o[i].style.display=\"none\";for(i=0;i<a.length;i++)s=a[i],e.source===s.contentWindow&&(s.removeAttribute(\"style\"),\"height\"===t.message?(1e3<(r=parseInt(t.value,10))?r=1e3:~~r<200&&(r=200),s.height=r):\"link\"===t.message&&(r=new URL(s.getAttribute(\"src\")),n=new URL(t.value),c.test(n.protocol))&&n.host===r.host&&l.activeElement===s&&(d.top.location.href=t.value))}},d.addEventListener(\"message\",d.wp.receiveEmbedMessage,!1),l.addEventListener(\"DOMContentLoaded\",function(){for(var e,t,s=l.querySelectorAll(\"iframe.wp-embedded-content\"),r=0;r<s.length;r++)(t=(e=s[r]).getAttribute(\"data-secret\"))||(t=Math.random().toString(36).substring(2,12),e.src+=\"#?secret=\"+t,e.setAttribute(\"data-secret\",t)),e.contentWindow.postMessage({message:\"ready\",secret:t},\"*\")},!1)))}(window,document);\n\/\/# sourceURL=https:\/\/blogg.svenskakyrkan.se\/horrugud\/wp-includes\/js\/wp-embed.min.js\n\/* ]]> *\/\n<\/script>\n","thumbnail_url":"https:\/\/blogg.svenskakyrkan.se\/horrugud\/files\/2018\/06\/F522ACD2-FFF4-4C86-8DA3-7E22F47B4E27-1024x811.jpeg","thumbnail_width":1024,"thumbnail_height":811,"description":"Gud samlar, st\u00e5r det i Bibeln, Oss under sina vingar Som en h\u00f6na samlar sina kycklingar. Men i varje kull finns hon Den d\u00e4r lilla kycklingen Som hellre sitter p\u00e5 mammans rygg Eller kl\u00e4ttrar p\u00e5 v\u00e4ggarna Eller utforskar takstolarna Eller vad som helst egentligen. Och det \u00e4r mycket jag inte vet om h\u00f6ns Och \u00e4nnu [&hellip;]"}