{"version":"1.0","provider_name":"H\u00f6rru Gud","provider_url":"https:\/\/blogg.svenskakyrkan.se\/horrugud","author_name":"Charlotte Frycklund, pr\u00e4st","author_url":"https:\/\/blogg.svenskakyrkan.se\/horrugud\/author\/charlottefrycklund\/","title":"Den n\u00e5den \u00e4r din varje dag - H\u00f6rru Gud","type":"rich","width":600,"height":338,"html":"<blockquote class=\"wp-embedded-content\" data-secret=\"jg4jRAVDbw\"><a href=\"https:\/\/blogg.svenskakyrkan.se\/horrugud\/2017\/12\/31\/den-naden-ar-din-varje-dag\/\">Den n\u00e5den \u00e4r din varje dag<\/a><\/blockquote><iframe sandbox=\"allow-scripts\" security=\"restricted\" src=\"https:\/\/blogg.svenskakyrkan.se\/horrugud\/2017\/12\/31\/den-naden-ar-din-varje-dag\/embed\/#?secret=jg4jRAVDbw\" width=\"600\" height=\"338\" title=\"\u201dDen n\u00e5den \u00e4r din varje dag\u201d &ndash; H\u00f6rru Gud\" data-secret=\"jg4jRAVDbw\" frameborder=\"0\" marginwidth=\"0\" marginheight=\"0\" scrolling=\"no\" class=\"wp-embedded-content\"><\/iframe><script type=\"text\/javascript\">\n\/* <![CDATA[ *\/\n\/*! This file is auto-generated *\/\n!function(d,l){\"use strict\";l.querySelector&&d.addEventListener&&\"undefined\"!=typeof URL&&(d.wp=d.wp||{},d.wp.receiveEmbedMessage||(d.wp.receiveEmbedMessage=function(e){var t=e.data;if((t||t.secret||t.message||t.value)&&!\/[^a-zA-Z0-9]\/.test(t.secret)){for(var s,r,n,a=l.querySelectorAll('iframe[data-secret=\"'+t.secret+'\"]'),o=l.querySelectorAll('blockquote[data-secret=\"'+t.secret+'\"]'),c=new RegExp(\"^https?:$\",\"i\"),i=0;i<o.length;i++)o[i].style.display=\"none\";for(i=0;i<a.length;i++)s=a[i],e.source===s.contentWindow&&(s.removeAttribute(\"style\"),\"height\"===t.message?(1e3<(r=parseInt(t.value,10))?r=1e3:~~r<200&&(r=200),s.height=r):\"link\"===t.message&&(r=new URL(s.getAttribute(\"src\")),n=new URL(t.value),c.test(n.protocol))&&n.host===r.host&&l.activeElement===s&&(d.top.location.href=t.value))}},d.addEventListener(\"message\",d.wp.receiveEmbedMessage,!1),l.addEventListener(\"DOMContentLoaded\",function(){for(var e,t,s=l.querySelectorAll(\"iframe.wp-embedded-content\"),r=0;r<s.length;r++)(t=(e=s[r]).getAttribute(\"data-secret\"))||(t=Math.random().toString(36).substring(2,12),e.src+=\"#?secret=\"+t,e.setAttribute(\"data-secret\",t)),e.contentWindow.postMessage({message:\"ready\",secret:t},\"*\")},!1)))}(window,document);\n\/\/# sourceURL=https:\/\/blogg.svenskakyrkan.se\/horrugud\/wp-includes\/js\/wp-embed.min.js\n\/* ]]> *\/\n<\/script>\n","thumbnail_url":"https:\/\/blogg.svenskakyrkan.se\/horrugud\/files\/2018\/06\/8A78A7EF-D8AE-4699-B255-C3B5AE4D4629.jpeg","thumbnail_width":1195,"thumbnail_height":824,"description":"Den d\u00e4r dagen n\u00e4r du f\u00e5r sl\u00e4ppa allt det gamla L\u00e4mna allt som tynger dina axlar Yrvaken s\u00e4tta dig upp, l\u00e4tt om sj\u00e4len F\u00f6rl\u00e5ten, f\u00f6rst\u00e5dd, stark igen. Den dagen \u00e4r redan h\u00e4r. Den n\u00e5den \u00e4r din varje dag. S\u00e5 ta din styrka med dig in i framtiden. Det m\u00e5ste inte bli inatt du lyckas. Det [&hellip;]"}