{"version":"1.0","provider_name":"H\u00f6rru Gud","provider_url":"https:\/\/blogg.svenskakyrkan.se\/horrugud","author_name":"Charlotte Frycklund, pr\u00e4st","author_url":"https:\/\/blogg.svenskakyrkan.se\/horrugud\/author\/charlottefrycklund\/","title":"Ett nytt hopp och en rosa gryning - H\u00f6rru Gud","type":"rich","width":600,"height":338,"html":"<blockquote class=\"wp-embedded-content\" data-secret=\"9DrIk3CIwo\"><a href=\"https:\/\/blogg.svenskakyrkan.se\/horrugud\/2018\/03\/08\/ett-nytt-hopp-och-en-rosa-gryning\/\">Ett nytt hopp och en rosa gryning<\/a><\/blockquote><iframe sandbox=\"allow-scripts\" security=\"restricted\" src=\"https:\/\/blogg.svenskakyrkan.se\/horrugud\/2018\/03\/08\/ett-nytt-hopp-och-en-rosa-gryning\/embed\/#?secret=9DrIk3CIwo\" width=\"600\" height=\"338\" title=\"\u201dEtt nytt hopp och en rosa gryning\u201d &ndash; H\u00f6rru Gud\" data-secret=\"9DrIk3CIwo\" frameborder=\"0\" marginwidth=\"0\" marginheight=\"0\" scrolling=\"no\" class=\"wp-embedded-content\"><\/iframe><script type=\"text\/javascript\">\n\/* <![CDATA[ *\/\n\/*! This file is auto-generated *\/\n!function(d,l){\"use strict\";l.querySelector&&d.addEventListener&&\"undefined\"!=typeof URL&&(d.wp=d.wp||{},d.wp.receiveEmbedMessage||(d.wp.receiveEmbedMessage=function(e){var t=e.data;if((t||t.secret||t.message||t.value)&&!\/[^a-zA-Z0-9]\/.test(t.secret)){for(var s,r,n,a=l.querySelectorAll('iframe[data-secret=\"'+t.secret+'\"]'),o=l.querySelectorAll('blockquote[data-secret=\"'+t.secret+'\"]'),c=new RegExp(\"^https?:$\",\"i\"),i=0;i<o.length;i++)o[i].style.display=\"none\";for(i=0;i<a.length;i++)s=a[i],e.source===s.contentWindow&&(s.removeAttribute(\"style\"),\"height\"===t.message?(1e3<(r=parseInt(t.value,10))?r=1e3:~~r<200&&(r=200),s.height=r):\"link\"===t.message&&(r=new URL(s.getAttribute(\"src\")),n=new URL(t.value),c.test(n.protocol))&&n.host===r.host&&l.activeElement===s&&(d.top.location.href=t.value))}},d.addEventListener(\"message\",d.wp.receiveEmbedMessage,!1),l.addEventListener(\"DOMContentLoaded\",function(){for(var e,t,s=l.querySelectorAll(\"iframe.wp-embedded-content\"),r=0;r<s.length;r++)(t=(e=s[r]).getAttribute(\"data-secret\"))||(t=Math.random().toString(36).substring(2,12),e.src+=\"#?secret=\"+t,e.setAttribute(\"data-secret\",t)),e.contentWindow.postMessage({message:\"ready\",secret:t},\"*\")},!1)))}(window,document);\n\/\/# sourceURL=https:\/\/blogg.svenskakyrkan.se\/horrugud\/wp-includes\/js\/wp-embed.min.js\n\/* ]]> *\/\n<\/script>\n","thumbnail_url":"https:\/\/blogg.svenskakyrkan.se\/horrugud\/files\/2018\/06\/9F307BE4-FA9C-45FC-86CC-C98344F85E30.jpeg","thumbnail_width":1190,"thumbnail_height":1145,"description":"En dag ska gryningen f\u00f6das rosa, f\u00e4rgad av v\u00e5ra d\u00f6ttrars framtidshopp. Den dagen ska vi, gr\u00e5nade, skrapa med f\u00f6tterna och f\u00f6rsiktigt be om urs\u00e4kt att vi inte kunde r\u00e4dda v\u00e4rlden \u00e5t dem. Taffligt ska vi f\u00f6rs\u00f6ka s\u00e4ga att vi gjorde vad vi kunde, s\u00e5 mycket vi kunde. Och v\u00e5ra d\u00f6ttrar ska vara s\u00e5 fokuserade p\u00e5 [&hellip;]"}