{"version":"1.0","provider_name":"Insikten - Floby pastorat","provider_url":"https:\/\/blogg.svenskakyrkan.se\/insikten","author_name":"Floby pastorat","author_url":"https:\/\/blogg.svenskakyrkan.se\/insikten\/author\/helenataubner\/","title":"Turistchefen gl\u00e4ds \u00e5t Vilskeleden - Insikten - Floby pastorat","type":"rich","width":600,"height":338,"html":"<blockquote class=\"wp-embedded-content\" data-secret=\"FrO2VsPTlS\"><a href=\"https:\/\/blogg.svenskakyrkan.se\/insikten\/2021\/05\/12\/turistchefen-glads-at-vilskeleden\/\">Turistchefen gl\u00e4ds \u00e5t Vilskeleden<\/a><\/blockquote><iframe sandbox=\"allow-scripts\" security=\"restricted\" src=\"https:\/\/blogg.svenskakyrkan.se\/insikten\/2021\/05\/12\/turistchefen-glads-at-vilskeleden\/embed\/#?secret=FrO2VsPTlS\" width=\"600\" height=\"338\" title=\"\u201dTuristchefen gl\u00e4ds \u00e5t Vilskeleden\u201d &ndash; Insikten - Floby pastorat\" data-secret=\"FrO2VsPTlS\" frameborder=\"0\" marginwidth=\"0\" marginheight=\"0\" scrolling=\"no\" class=\"wp-embedded-content\"><\/iframe><script type=\"text\/javascript\">\n\/* <![CDATA[ *\/\n\/*! This file is auto-generated *\/\n!function(d,l){\"use strict\";l.querySelector&&d.addEventListener&&\"undefined\"!=typeof URL&&(d.wp=d.wp||{},d.wp.receiveEmbedMessage||(d.wp.receiveEmbedMessage=function(e){var t=e.data;if((t||t.secret||t.message||t.value)&&!\/[^a-zA-Z0-9]\/.test(t.secret)){for(var s,r,n,a=l.querySelectorAll('iframe[data-secret=\"'+t.secret+'\"]'),o=l.querySelectorAll('blockquote[data-secret=\"'+t.secret+'\"]'),c=new RegExp(\"^https?:$\",\"i\"),i=0;i<o.length;i++)o[i].style.display=\"none\";for(i=0;i<a.length;i++)s=a[i],e.source===s.contentWindow&&(s.removeAttribute(\"style\"),\"height\"===t.message?(1e3<(r=parseInt(t.value,10))?r=1e3:~~r<200&&(r=200),s.height=r):\"link\"===t.message&&(r=new URL(s.getAttribute(\"src\")),n=new URL(t.value),c.test(n.protocol))&&n.host===r.host&&l.activeElement===s&&(d.top.location.href=t.value))}},d.addEventListener(\"message\",d.wp.receiveEmbedMessage,!1),l.addEventListener(\"DOMContentLoaded\",function(){for(var e,t,s=l.querySelectorAll(\"iframe.wp-embedded-content\"),r=0;r<s.length;r++)(t=(e=s[r]).getAttribute(\"data-secret\"))||(t=Math.random().toString(36).substring(2,12),e.src+=\"#?secret=\"+t,e.setAttribute(\"data-secret\",t)),e.contentWindow.postMessage({message:\"ready\",secret:t},\"*\")},!1)))}(window,document);\n\/\/# sourceURL=https:\/\/blogg.svenskakyrkan.se\/insikten\/wp-includes\/js\/wp-embed.min.js\n\/* ]]> *\/\n<\/script>\n","thumbnail_url":"https:\/\/blogg.svenskakyrkan.se\/insikten\/files\/2021\/05\/Sk\u00e4rmavbild-2021-05-12-kl.-08.34.37-876x1024.png","thumbnail_width":876,"thumbnail_height":1024,"description":"Klara B\u00f6rjesson Ahlqvist, turistchef i Falk\u00f6pings kommun, \u00e4r full av beundran f\u00f6r Vilskeleden. \u2013 Ett fantastiskt initiativ som ligger helt r\u00e4tt i tiden! Fler s\u00f6ker sig till naturen och leden g\u00f6r att b\u00e5de kommuninv\u00e5nare och andra intresserade f\u00e5r uppleva v\u00e5r vackra trakt! s\u00e4ger hon. Allt fler vandrar F\u00f6r n\u00e5gra \u00e5r sedan tog Falk\u00f6pings kommun \u00f6ver [&hellip;]"}