{"version":"1.0","provider_name":"Insikten - Floby pastorat","provider_url":"https:\/\/blogg.svenskakyrkan.se\/insikten","author_name":"Floby pastorat","author_url":"https:\/\/blogg.svenskakyrkan.se\/insikten\/author\/helenataubner\/","title":"Trettio \u00e5r av tacksamhet - Insikten - Floby pastorat","type":"rich","width":600,"height":338,"html":"<blockquote class=\"wp-embedded-content\" data-secret=\"KFAXHYhB5D\"><a href=\"https:\/\/blogg.svenskakyrkan.se\/insikten\/2021\/08\/17\/trettio-ar-av-tacksamhet\/\">Trettio \u00e5r av tacksamhet<\/a><\/blockquote><iframe sandbox=\"allow-scripts\" security=\"restricted\" src=\"https:\/\/blogg.svenskakyrkan.se\/insikten\/2021\/08\/17\/trettio-ar-av-tacksamhet\/embed\/#?secret=KFAXHYhB5D\" width=\"600\" height=\"338\" title=\"\u201dTrettio \u00e5r av tacksamhet\u201d &ndash; Insikten - Floby pastorat\" data-secret=\"KFAXHYhB5D\" frameborder=\"0\" marginwidth=\"0\" marginheight=\"0\" scrolling=\"no\" class=\"wp-embedded-content\"><\/iframe><script type=\"text\/javascript\">\n\/* <![CDATA[ *\/\n\/*! This file is auto-generated *\/\n!function(d,l){\"use strict\";l.querySelector&&d.addEventListener&&\"undefined\"!=typeof URL&&(d.wp=d.wp||{},d.wp.receiveEmbedMessage||(d.wp.receiveEmbedMessage=function(e){var t=e.data;if((t||t.secret||t.message||t.value)&&!\/[^a-zA-Z0-9]\/.test(t.secret)){for(var s,r,n,a=l.querySelectorAll('iframe[data-secret=\"'+t.secret+'\"]'),o=l.querySelectorAll('blockquote[data-secret=\"'+t.secret+'\"]'),c=new RegExp(\"^https?:$\",\"i\"),i=0;i<o.length;i++)o[i].style.display=\"none\";for(i=0;i<a.length;i++)s=a[i],e.source===s.contentWindow&&(s.removeAttribute(\"style\"),\"height\"===t.message?(1e3<(r=parseInt(t.value,10))?r=1e3:~~r<200&&(r=200),s.height=r):\"link\"===t.message&&(r=new URL(s.getAttribute(\"src\")),n=new URL(t.value),c.test(n.protocol))&&n.host===r.host&&l.activeElement===s&&(d.top.location.href=t.value))}},d.addEventListener(\"message\",d.wp.receiveEmbedMessage,!1),l.addEventListener(\"DOMContentLoaded\",function(){for(var e,t,s=l.querySelectorAll(\"iframe.wp-embedded-content\"),r=0;r<s.length;r++)(t=(e=s[r]).getAttribute(\"data-secret\"))||(t=Math.random().toString(36).substring(2,12),e.src+=\"#?secret=\"+t,e.setAttribute(\"data-secret\",t)),e.contentWindow.postMessage({message:\"ready\",secret:t},\"*\")},!1)))}(window,document);\n\/\/# sourceURL=https:\/\/blogg.svenskakyrkan.se\/insikten\/wp-includes\/js\/wp-embed.min.js\n\/* ]]> *\/\n<\/script>\n","thumbnail_url":"https:\/\/blogg.svenskakyrkan.se\/insikten\/files\/2021\/08\/IMG_3475_Anita-portrNtt-4-scaled.jpg","thumbnail_width":2560,"thumbnail_height":1707,"description":"Anita Karl\u00e9n har arbetat som pr\u00e4st i just den kyrkan i 30 \u00e5r, och nu \u00e4r det dags att g\u00e5 i pension. Det var ingen slump att hon avtackades just p\u00e5 Midsommardagen.\u00a0 \u2013 Jag ville att avtackningen skulle vara p\u00e5 Midsommardagen, eftersom min f\u00f6rsta tj\u00e4nstg\u00f6ring efter pr\u00e4stvigningen var just p\u00e5 Midsommardagen 1992, s\u00e4ger hon.&nbsp; Redan [&hellip;]"}