{"version":"1.0","provider_name":"Insikten - Floby pastorat","provider_url":"https:\/\/blogg.svenskakyrkan.se\/insikten","author_name":"Floby pastorat","author_url":"https:\/\/blogg.svenskakyrkan.se\/insikten\/author\/helenataubner\/","title":"Med fokus p\u00e5 barnen - Insikten - Floby pastorat","type":"rich","width":600,"height":338,"html":"<blockquote class=\"wp-embedded-content\" data-secret=\"ms3IkFIef9\"><a href=\"https:\/\/blogg.svenskakyrkan.se\/insikten\/2021\/12\/13\/med-fokus-pa-barnen\/\">Med fokus p\u00e5 barnen<\/a><\/blockquote><iframe sandbox=\"allow-scripts\" security=\"restricted\" src=\"https:\/\/blogg.svenskakyrkan.se\/insikten\/2021\/12\/13\/med-fokus-pa-barnen\/embed\/#?secret=ms3IkFIef9\" width=\"600\" height=\"338\" title=\"\u201dMed fokus p\u00e5 barnen\u201d &ndash; Insikten - Floby pastorat\" data-secret=\"ms3IkFIef9\" frameborder=\"0\" marginwidth=\"0\" marginheight=\"0\" scrolling=\"no\" class=\"wp-embedded-content\"><\/iframe><script type=\"text\/javascript\">\n\/* <![CDATA[ *\/\n\/*! This file is auto-generated *\/\n!function(d,l){\"use strict\";l.querySelector&&d.addEventListener&&\"undefined\"!=typeof URL&&(d.wp=d.wp||{},d.wp.receiveEmbedMessage||(d.wp.receiveEmbedMessage=function(e){var t=e.data;if((t||t.secret||t.message||t.value)&&!\/[^a-zA-Z0-9]\/.test(t.secret)){for(var s,r,n,a=l.querySelectorAll('iframe[data-secret=\"'+t.secret+'\"]'),o=l.querySelectorAll('blockquote[data-secret=\"'+t.secret+'\"]'),c=new RegExp(\"^https?:$\",\"i\"),i=0;i<o.length;i++)o[i].style.display=\"none\";for(i=0;i<a.length;i++)s=a[i],e.source===s.contentWindow&&(s.removeAttribute(\"style\"),\"height\"===t.message?(1e3<(r=parseInt(t.value,10))?r=1e3:~~r<200&&(r=200),s.height=r):\"link\"===t.message&&(r=new URL(s.getAttribute(\"src\")),n=new URL(t.value),c.test(n.protocol))&&n.host===r.host&&l.activeElement===s&&(d.top.location.href=t.value))}},d.addEventListener(\"message\",d.wp.receiveEmbedMessage,!1),l.addEventListener(\"DOMContentLoaded\",function(){for(var e,t,s=l.querySelectorAll(\"iframe.wp-embedded-content\"),r=0;r<s.length;r++)(t=(e=s[r]).getAttribute(\"data-secret\"))||(t=Math.random().toString(36).substring(2,12),e.src+=\"#?secret=\"+t,e.setAttribute(\"data-secret\",t)),e.contentWindow.postMessage({message:\"ready\",secret:t},\"*\")},!1)))}(window,document);\n\/\/# sourceURL=https:\/\/blogg.svenskakyrkan.se\/insikten\/wp-includes\/js\/wp-embed.min.js\n\/* ]]> *\/\n<\/script>\n","thumbnail_url":"https:\/\/blogg.svenskakyrkan.se\/insikten\/files\/2021\/12\/Skarmavbild-2021-12-13-kl.-18.39.46-1024x961.png","thumbnail_width":1024,"thumbnail_height":961,"description":"Statistiken s\u00e4ger att vart femte barn, n\u00e5gon g\u00e5ng under sin uppv\u00e4xt, har haft en f\u00f6r\u00e4lder som druckit p\u00e5 ett problematiskt s\u00e4tt. Vit jul \u00e4r en nationell kampanj som drivs av IOGT-NTO-r\u00f6relsen. Kampanjen uppmanar vuxna att avst\u00e5 fr\u00e5n alkohol i barns n\u00e4rhet, s\u00e4rskilt under julen. Man ordnar ocks\u00e5 aktiviteter f\u00f6r barn s\u00e5 att de inte ska [&hellip;]"}