{"version":"1.0","provider_name":"Insikten - Floby pastorat","provider_url":"https:\/\/blogg.svenskakyrkan.se\/insikten","author_name":"Floby pastorat","author_url":"https:\/\/blogg.svenskakyrkan.se\/insikten\/author\/helenataubner\/","title":"Fyra r\u00f6ster om p\u00e5sken - Insikten - Floby pastorat","type":"rich","width":600,"height":338,"html":"<blockquote class=\"wp-embedded-content\" data-secret=\"WUgfRuBYCV\"><a href=\"https:\/\/blogg.svenskakyrkan.se\/insikten\/2022\/03\/22\/fyra-roster-om-pasken\/\">Fyra r\u00f6ster om p\u00e5sken<\/a><\/blockquote><iframe sandbox=\"allow-scripts\" security=\"restricted\" src=\"https:\/\/blogg.svenskakyrkan.se\/insikten\/2022\/03\/22\/fyra-roster-om-pasken\/embed\/#?secret=WUgfRuBYCV\" width=\"600\" height=\"338\" title=\"\u201dFyra r\u00f6ster om p\u00e5sken\u201d &ndash; Insikten - Floby pastorat\" data-secret=\"WUgfRuBYCV\" frameborder=\"0\" marginwidth=\"0\" marginheight=\"0\" scrolling=\"no\" class=\"wp-embedded-content\"><\/iframe><script type=\"text\/javascript\">\n\/* <![CDATA[ *\/\n\/*! This file is auto-generated *\/\n!function(d,l){\"use strict\";l.querySelector&&d.addEventListener&&\"undefined\"!=typeof URL&&(d.wp=d.wp||{},d.wp.receiveEmbedMessage||(d.wp.receiveEmbedMessage=function(e){var t=e.data;if((t||t.secret||t.message||t.value)&&!\/[^a-zA-Z0-9]\/.test(t.secret)){for(var s,r,n,a=l.querySelectorAll('iframe[data-secret=\"'+t.secret+'\"]'),o=l.querySelectorAll('blockquote[data-secret=\"'+t.secret+'\"]'),c=new RegExp(\"^https?:$\",\"i\"),i=0;i<o.length;i++)o[i].style.display=\"none\";for(i=0;i<a.length;i++)s=a[i],e.source===s.contentWindow&&(s.removeAttribute(\"style\"),\"height\"===t.message?(1e3<(r=parseInt(t.value,10))?r=1e3:~~r<200&&(r=200),s.height=r):\"link\"===t.message&&(r=new URL(s.getAttribute(\"src\")),n=new URL(t.value),c.test(n.protocol))&&n.host===r.host&&l.activeElement===s&&(d.top.location.href=t.value))}},d.addEventListener(\"message\",d.wp.receiveEmbedMessage,!1),l.addEventListener(\"DOMContentLoaded\",function(){for(var e,t,s=l.querySelectorAll(\"iframe.wp-embedded-content\"),r=0;r<s.length;r++)(t=(e=s[r]).getAttribute(\"data-secret\"))||(t=Math.random().toString(36).substring(2,12),e.src+=\"#?secret=\"+t,e.setAttribute(\"data-secret\",t)),e.contentWindow.postMessage({message:\"ready\",secret:t},\"*\")},!1)))}(window,document);\n\/\/# sourceURL=https:\/\/blogg.svenskakyrkan.se\/insikten\/wp-includes\/js\/wp-embed.min.js\n\/* ]]> *\/\n<\/script>\n","thumbnail_url":"https:\/\/blogg.svenskakyrkan.se\/insikten\/files\/2022\/03\/1125200web.jpg","thumbnail_width":1800,"thumbnail_height":1200,"description":"En tankest\u00e4llare J\u00f6rgen Jacov, J\u00e4la \u2013 F\u00f6r mig \u00e4r kv\u00e4llsm\u00e4ssan p\u00e5 sk\u00e4rtorsdagen en speciell upplevelse. N\u00e4r altaret kl\u00e4s av, och vi t\u00e4nker p\u00e5 hur Jesus gick till Getsemane, f\u00e5r man en tankest\u00e4llare. Jag f\u00f6rknippar det med m\u00f6rkret och d\u00f6den, men ocks\u00e5 med lugn och frid. N\u00e4r jag var barn var l\u00e5ngfredagen en v\u00e4ldigt stilla dag [&hellip;]"}