{"version":"1.0","provider_name":"Insikten - Floby pastorat","provider_url":"https:\/\/blogg.svenskakyrkan.se\/insikten","author_name":"Floby pastorat","author_url":"https:\/\/blogg.svenskakyrkan.se\/insikten\/author\/helenataubner\/","title":"Generositet och omtanke - Insikten - Floby pastorat","type":"rich","width":600,"height":338,"html":"<blockquote class=\"wp-embedded-content\" data-secret=\"VBcLKRiHNz\"><a href=\"https:\/\/blogg.svenskakyrkan.se\/insikten\/2022\/12\/11\/generositet-och-omtanke\/\">Generositet och omtanke<\/a><\/blockquote><iframe sandbox=\"allow-scripts\" security=\"restricted\" src=\"https:\/\/blogg.svenskakyrkan.se\/insikten\/2022\/12\/11\/generositet-och-omtanke\/embed\/#?secret=VBcLKRiHNz\" width=\"600\" height=\"338\" title=\"\u201dGenerositet och omtanke\u201d &ndash; Insikten - Floby pastorat\" data-secret=\"VBcLKRiHNz\" frameborder=\"0\" marginwidth=\"0\" marginheight=\"0\" scrolling=\"no\" class=\"wp-embedded-content\"><\/iframe><script type=\"text\/javascript\">\n\/* <![CDATA[ *\/\n\/*! This file is auto-generated *\/\n!function(d,l){\"use strict\";l.querySelector&&d.addEventListener&&\"undefined\"!=typeof URL&&(d.wp=d.wp||{},d.wp.receiveEmbedMessage||(d.wp.receiveEmbedMessage=function(e){var t=e.data;if((t||t.secret||t.message||t.value)&&!\/[^a-zA-Z0-9]\/.test(t.secret)){for(var s,r,n,a=l.querySelectorAll('iframe[data-secret=\"'+t.secret+'\"]'),o=l.querySelectorAll('blockquote[data-secret=\"'+t.secret+'\"]'),c=new RegExp(\"^https?:$\",\"i\"),i=0;i<o.length;i++)o[i].style.display=\"none\";for(i=0;i<a.length;i++)s=a[i],e.source===s.contentWindow&&(s.removeAttribute(\"style\"),\"height\"===t.message?(1e3<(r=parseInt(t.value,10))?r=1e3:~~r<200&&(r=200),s.height=r):\"link\"===t.message&&(r=new URL(s.getAttribute(\"src\")),n=new URL(t.value),c.test(n.protocol))&&n.host===r.host&&l.activeElement===s&&(d.top.location.href=t.value))}},d.addEventListener(\"message\",d.wp.receiveEmbedMessage,!1),l.addEventListener(\"DOMContentLoaded\",function(){for(var e,t,s=l.querySelectorAll(\"iframe.wp-embedded-content\"),r=0;r<s.length;r++)(t=(e=s[r]).getAttribute(\"data-secret\"))||(t=Math.random().toString(36).substring(2,12),e.src+=\"#?secret=\"+t,e.setAttribute(\"data-secret\",t)),e.contentWindow.postMessage({message:\"ready\",secret:t},\"*\")},!1)))}(window,document);\n\/\/# sourceURL=https:\/\/blogg.svenskakyrkan.se\/insikten\/wp-includes\/js\/wp-embed.min.js\n\/* ]]> *\/\n<\/script>\n","thumbnail_url":"https:\/\/blogg.svenskakyrkan.se\/insikten\/files\/2022\/12\/Skarmavbild-2022-12-11-kl.-12.47.29-1024x878.png","thumbnail_width":1024,"thumbnail_height":878,"description":"Vid&nbsp;varje s\u00f6ndagsgudstj\u00e4nst tas det upp kollekt. Det inneb\u00e4r att kyrkan samlar in pengar till egna st\u00f6dprojekt eller f\u00f6r att ge dem vidare till n\u00e5gon organisation som arbetar med v\u00e4lg\u00f6renhet. Kollekt handlar om medm\u00e4nsklighet. Vi delar med oss av det vi har och samlar in pengar till ett utvalt \u00e4ndam\u00e5l.&nbsp; \u2013 Jag tror att vi m\u00e4nniskor [&hellip;]"}