{"version":"1.0","provider_name":"Insikten - Floby pastorat","provider_url":"https:\/\/blogg.svenskakyrkan.se\/insikten","author_name":"Floby pastorat","author_url":"https:\/\/blogg.svenskakyrkan.se\/insikten\/author\/helenataubner\/","title":"Ett liv i toner - Insikten - Floby pastorat","type":"rich","width":600,"height":338,"html":"<blockquote class=\"wp-embedded-content\" data-secret=\"BLv6IirdeN\"><a href=\"https:\/\/blogg.svenskakyrkan.se\/insikten\/2023\/09\/04\/ett-liv-i-toner\/\">Ett liv i toner<\/a><\/blockquote><iframe sandbox=\"allow-scripts\" security=\"restricted\" src=\"https:\/\/blogg.svenskakyrkan.se\/insikten\/2023\/09\/04\/ett-liv-i-toner\/embed\/#?secret=BLv6IirdeN\" width=\"600\" height=\"338\" title=\"\u201dEtt liv i toner\u201d &ndash; Insikten - Floby pastorat\" data-secret=\"BLv6IirdeN\" frameborder=\"0\" marginwidth=\"0\" marginheight=\"0\" scrolling=\"no\" class=\"wp-embedded-content\"><\/iframe><script type=\"text\/javascript\">\n\/* <![CDATA[ *\/\n\/*! This file is auto-generated *\/\n!function(d,l){\"use strict\";l.querySelector&&d.addEventListener&&\"undefined\"!=typeof URL&&(d.wp=d.wp||{},d.wp.receiveEmbedMessage||(d.wp.receiveEmbedMessage=function(e){var t=e.data;if((t||t.secret||t.message||t.value)&&!\/[^a-zA-Z0-9]\/.test(t.secret)){for(var s,r,n,a=l.querySelectorAll('iframe[data-secret=\"'+t.secret+'\"]'),o=l.querySelectorAll('blockquote[data-secret=\"'+t.secret+'\"]'),c=new RegExp(\"^https?:$\",\"i\"),i=0;i<o.length;i++)o[i].style.display=\"none\";for(i=0;i<a.length;i++)s=a[i],e.source===s.contentWindow&&(s.removeAttribute(\"style\"),\"height\"===t.message?(1e3<(r=parseInt(t.value,10))?r=1e3:~~r<200&&(r=200),s.height=r):\"link\"===t.message&&(r=new URL(s.getAttribute(\"src\")),n=new URL(t.value),c.test(n.protocol))&&n.host===r.host&&l.activeElement===s&&(d.top.location.href=t.value))}},d.addEventListener(\"message\",d.wp.receiveEmbedMessage,!1),l.addEventListener(\"DOMContentLoaded\",function(){for(var e,t,s=l.querySelectorAll(\"iframe.wp-embedded-content\"),r=0;r<s.length;r++)(t=(e=s[r]).getAttribute(\"data-secret\"))||(t=Math.random().toString(36).substring(2,12),e.src+=\"#?secret=\"+t,e.setAttribute(\"data-secret\",t)),e.contentWindow.postMessage({message:\"ready\",secret:t},\"*\")},!1)))}(window,document);\n\/\/# sourceURL=https:\/\/blogg.svenskakyrkan.se\/insikten\/wp-includes\/js\/wp-embed.min.js\n\/* ]]> *\/\n<\/script>\n","thumbnail_url":"https:\/\/blogg.svenskakyrkan.se\/insikten\/files\/2023\/09\/Skarmavbild-2023-09-04-kl.-19.17.54-1024x615.png","thumbnail_width":1024,"thumbnail_height":615,"description":"Kyrkans musik har m\u00e5nga funktioner \u2013 f\u00f6rkunnelse, lovs\u00e5ng och b\u00f6n. Men kyrkan \u00e4r ocks\u00e5 en m\u00f6tesplats och en viktig b\u00e4rare av samh\u00e4llets musikkultur och musikut\u00f6vande. Samverkan med professionella musiker \u00e4r en v\u00e4rdefull tillg\u00e5ng och Svenska kyrkan \u00e4r idag den st\u00f6rsta arbetsgivaren f\u00f6r frilansmusiker i Sverige. Musik ber\u00f6r och kan bringa fram minnen och k\u00e4nslor p\u00e5 [&hellip;]"}