{"version":"1.0","provider_name":"Kyrkog\u00e5rdsbloggen i Enk\u00f6pings pastorat","provider_url":"https:\/\/blogg.svenskakyrkan.se\/kyrkogardienkoping","author_name":"Ann-Sofie Hansson","author_url":"https:\/\/blogg.svenskakyrkan.se\/kyrkogardienkoping\/author\/annsofiehansson\/","title":"Rabatten som flyttade - Kyrkog\u00e5rdsbloggen i Enk\u00f6pings pastorat","type":"rich","width":600,"height":338,"html":"<blockquote class=\"wp-embedded-content\" data-secret=\"qui3PbEOuB\"><a href=\"https:\/\/blogg.svenskakyrkan.se\/kyrkogardienkoping\/2012\/11\/15\/rabatten-som-flyttade\/\">Rabatten som flyttade<\/a><\/blockquote><iframe sandbox=\"allow-scripts\" security=\"restricted\" src=\"https:\/\/blogg.svenskakyrkan.se\/kyrkogardienkoping\/2012\/11\/15\/rabatten-som-flyttade\/embed\/#?secret=qui3PbEOuB\" width=\"600\" height=\"338\" title=\"\u201dRabatten som flyttade\u201d &ndash; Kyrkog\u00e5rdsbloggen i Enk\u00f6pings pastorat\" data-secret=\"qui3PbEOuB\" frameborder=\"0\" marginwidth=\"0\" marginheight=\"0\" scrolling=\"no\" class=\"wp-embedded-content\"><\/iframe><script type=\"text\/javascript\">\n\/* <![CDATA[ *\/\n\/*! This file is auto-generated *\/\n!function(d,l){\"use strict\";l.querySelector&&d.addEventListener&&\"undefined\"!=typeof URL&&(d.wp=d.wp||{},d.wp.receiveEmbedMessage||(d.wp.receiveEmbedMessage=function(e){var t=e.data;if((t||t.secret||t.message||t.value)&&!\/[^a-zA-Z0-9]\/.test(t.secret)){for(var s,r,n,a=l.querySelectorAll('iframe[data-secret=\"'+t.secret+'\"]'),o=l.querySelectorAll('blockquote[data-secret=\"'+t.secret+'\"]'),c=new RegExp(\"^https?:$\",\"i\"),i=0;i<o.length;i++)o[i].style.display=\"none\";for(i=0;i<a.length;i++)s=a[i],e.source===s.contentWindow&&(s.removeAttribute(\"style\"),\"height\"===t.message?(1e3<(r=parseInt(t.value,10))?r=1e3:~~r<200&&(r=200),s.height=r):\"link\"===t.message&&(r=new URL(s.getAttribute(\"src\")),n=new URL(t.value),c.test(n.protocol))&&n.host===r.host&&l.activeElement===s&&(d.top.location.href=t.value))}},d.addEventListener(\"message\",d.wp.receiveEmbedMessage,!1),l.addEventListener(\"DOMContentLoaded\",function(){for(var e,t,s=l.querySelectorAll(\"iframe.wp-embedded-content\"),r=0;r<s.length;r++)(t=(e=s[r]).getAttribute(\"data-secret\"))||(t=Math.random().toString(36).substring(2,12),e.src+=\"#?secret=\"+t,e.setAttribute(\"data-secret\",t)),e.contentWindow.postMessage({message:\"ready\",secret:t},\"*\")},!1)))}(window,document);\n\/\/# sourceURL=https:\/\/blogg.svenskakyrkan.se\/kyrkogardienkoping\/wp-includes\/js\/wp-embed.min.js\n\/* ]]> *\/\n<\/script>\n","description":"Efter V\u00e5rfrukyrkans s\u00f6dra l\u00e5ngsida gjorde vi\u00a0\u00a02011 en plantering som\u00a0blev mycket uppskattad av allm\u00e4nheten. Under 2013 skall V\u00e5rfrukyrkan byggas om, och eftersom v\u00e5r rabatt skulle hamna illa till under byggnationerna best\u00e4mde vi oss f\u00f6r att flytta den. Nu finns rabatten i en n\u00e5got ny tappning att besk\u00e5da lite\u00a0l\u00e4ngre s\u00f6derut p\u00e5 kyrkog\u00e5rden. &nbsp;","thumbnail_url":"https:\/\/blogg.svenskakyrkan.se\/kyrkogardienkoping\/files\/2012\/11\/002-1024x768.jpg","thumbnail_width":"1024","thumbnail_height":"768"}