{"version":"1.0","provider_name":"Kyrkog\u00e5rdsbloggen i Enk\u00f6pings pastorat","provider_url":"https:\/\/blogg.svenskakyrkan.se\/kyrkogardienkoping","author_name":"Ann-Sofie Hansson","author_url":"https:\/\/blogg.svenskakyrkan.se\/kyrkogardienkoping\/author\/annsofiehansson\/","title":"I v\u00e4ntan p\u00e5... - Kyrkog\u00e5rdsbloggen i Enk\u00f6pings pastorat","type":"rich","width":600,"height":338,"html":"<blockquote class=\"wp-embedded-content\" data-secret=\"hTeQ5a2D6D\"><a href=\"https:\/\/blogg.svenskakyrkan.se\/kyrkogardienkoping\/2013\/04\/04\/i-vantan-pa\/\">I v\u00e4ntan p\u00e5&#8230;<\/a><\/blockquote><iframe sandbox=\"allow-scripts\" security=\"restricted\" src=\"https:\/\/blogg.svenskakyrkan.se\/kyrkogardienkoping\/2013\/04\/04\/i-vantan-pa\/embed\/#?secret=hTeQ5a2D6D\" width=\"600\" height=\"338\" title=\"\u201dI v\u00e4ntan p\u00e5&#8230;\u201d &ndash; Kyrkog\u00e5rdsbloggen i Enk\u00f6pings pastorat\" data-secret=\"hTeQ5a2D6D\" frameborder=\"0\" marginwidth=\"0\" marginheight=\"0\" scrolling=\"no\" class=\"wp-embedded-content\"><\/iframe><script type=\"text\/javascript\">\n\/* <![CDATA[ *\/\n\/*! This file is auto-generated *\/\n!function(d,l){\"use strict\";l.querySelector&&d.addEventListener&&\"undefined\"!=typeof URL&&(d.wp=d.wp||{},d.wp.receiveEmbedMessage||(d.wp.receiveEmbedMessage=function(e){var t=e.data;if((t||t.secret||t.message||t.value)&&!\/[^a-zA-Z0-9]\/.test(t.secret)){for(var s,r,n,a=l.querySelectorAll('iframe[data-secret=\"'+t.secret+'\"]'),o=l.querySelectorAll('blockquote[data-secret=\"'+t.secret+'\"]'),c=new RegExp(\"^https?:$\",\"i\"),i=0;i<o.length;i++)o[i].style.display=\"none\";for(i=0;i<a.length;i++)s=a[i],e.source===s.contentWindow&&(s.removeAttribute(\"style\"),\"height\"===t.message?(1e3<(r=parseInt(t.value,10))?r=1e3:~~r<200&&(r=200),s.height=r):\"link\"===t.message&&(r=new URL(s.getAttribute(\"src\")),n=new URL(t.value),c.test(n.protocol))&&n.host===r.host&&l.activeElement===s&&(d.top.location.href=t.value))}},d.addEventListener(\"message\",d.wp.receiveEmbedMessage,!1),l.addEventListener(\"DOMContentLoaded\",function(){for(var e,t,s=l.querySelectorAll(\"iframe.wp-embedded-content\"),r=0;r<s.length;r++)(t=(e=s[r]).getAttribute(\"data-secret\"))||(t=Math.random().toString(36).substring(2,12),e.src+=\"#?secret=\"+t,e.setAttribute(\"data-secret\",t)),e.contentWindow.postMessage({message:\"ready\",secret:t},\"*\")},!1)))}(window,document);\n\/\/# sourceURL=https:\/\/blogg.svenskakyrkan.se\/kyrkogardienkoping\/wp-includes\/js\/wp-embed.min.js\n\/* ]]> *\/\n<\/script>\n","description":"P\u00e5 m\u00e5ndag drar s\u00e4song 2013 och sommarorganisationen\u00a0ig\u00e5ng p\u00e5 kyrkog\u00e5rdsf\u00f6rvaltningen. Vi har\u00a04 arbetslag som arbetar med drift, och ett servicelag. Varje lag har en egen p\u00e4rm och en egen almanacka till hj\u00e4lp att planera sitt arbete. Nu \u00e4r dom laddade och redo!","thumbnail_url":"https:\/\/blogg.svenskakyrkan.se\/kyrkogardienkoping\/files\/2013\/04\/130403-1024x768.jpg","thumbnail_width":"1024","thumbnail_height":"768"}