{"version":"1.0","provider_name":"Kyrkog\u00e5rdsbloggen i Enk\u00f6pings pastorat","provider_url":"https:\/\/blogg.svenskakyrkan.se\/kyrkogardienkoping","author_name":"Ann-Sofie Hansson","author_url":"https:\/\/blogg.svenskakyrkan.se\/kyrkogardienkoping\/author\/annsofiehansson\/","title":"Rapport fr\u00e5n Kyrkog\u00e5rdens dag - Kyrkog\u00e5rdsbloggen i Enk\u00f6pings pastorat","type":"rich","width":600,"height":338,"html":"<blockquote class=\"wp-embedded-content\" data-secret=\"aI2QCeI6x7\"><a href=\"https:\/\/blogg.svenskakyrkan.se\/kyrkogardienkoping\/2015\/08\/25\/rapport-fran-kyrkogardens-dag\/\">Rapport fr\u00e5n Kyrkog\u00e5rdens dag<\/a><\/blockquote><iframe sandbox=\"allow-scripts\" security=\"restricted\" src=\"https:\/\/blogg.svenskakyrkan.se\/kyrkogardienkoping\/2015\/08\/25\/rapport-fran-kyrkogardens-dag\/embed\/#?secret=aI2QCeI6x7\" width=\"600\" height=\"338\" title=\"\u201dRapport fr\u00e5n Kyrkog\u00e5rdens dag\u201d &ndash; Kyrkog\u00e5rdsbloggen i Enk\u00f6pings pastorat\" data-secret=\"aI2QCeI6x7\" frameborder=\"0\" marginwidth=\"0\" marginheight=\"0\" scrolling=\"no\" class=\"wp-embedded-content\"><\/iframe><script type=\"text\/javascript\">\n\/* <![CDATA[ *\/\n\/*! This file is auto-generated *\/\n!function(d,l){\"use strict\";l.querySelector&&d.addEventListener&&\"undefined\"!=typeof URL&&(d.wp=d.wp||{},d.wp.receiveEmbedMessage||(d.wp.receiveEmbedMessage=function(e){var t=e.data;if((t||t.secret||t.message||t.value)&&!\/[^a-zA-Z0-9]\/.test(t.secret)){for(var s,r,n,a=l.querySelectorAll('iframe[data-secret=\"'+t.secret+'\"]'),o=l.querySelectorAll('blockquote[data-secret=\"'+t.secret+'\"]'),c=new RegExp(\"^https?:$\",\"i\"),i=0;i<o.length;i++)o[i].style.display=\"none\";for(i=0;i<a.length;i++)s=a[i],e.source===s.contentWindow&&(s.removeAttribute(\"style\"),\"height\"===t.message?(1e3<(r=parseInt(t.value,10))?r=1e3:~~r<200&&(r=200),s.height=r):\"link\"===t.message&&(r=new URL(s.getAttribute(\"src\")),n=new URL(t.value),c.test(n.protocol))&&n.host===r.host&&l.activeElement===s&&(d.top.location.href=t.value))}},d.addEventListener(\"message\",d.wp.receiveEmbedMessage,!1),l.addEventListener(\"DOMContentLoaded\",function(){for(var e,t,s=l.querySelectorAll(\"iframe.wp-embedded-content\"),r=0;r<s.length;r++)(t=(e=s[r]).getAttribute(\"data-secret\"))||(t=Math.random().toString(36).substring(2,12),e.src+=\"#?secret=\"+t,e.setAttribute(\"data-secret\",t)),e.contentWindow.postMessage({message:\"ready\",secret:t},\"*\")},!1)))}(window,document);\n\/\/# sourceURL=https:\/\/blogg.svenskakyrkan.se\/kyrkogardienkoping\/wp-includes\/js\/wp-embed.min.js\n\/* ]]> *\/\n<\/script>\n","description":"I l\u00f6rdags den 22 augusti\u00a0gick Kyrkog\u00e5rdens dag av stapeln. Ett sorts \u00f6ppet hus p\u00e5 kyrkog\u00e5rden, d\u00e4r alla v\u00e4lkomnades att se vad vi p\u00e5 kyrkog\u00e5rdsf\u00f6rvaltningen g\u00f6r och m\u00f6jligheten fanns ocks\u00e5 att\u00a0st\u00e4lla fr\u00e5gor om kyrkog\u00e5rdar och begravning. S\u00e5 h\u00e4r s\u00e5g det ut p\u00e5 Svinnegarns kyrkog\u00e5rd","thumbnail_url":"https:\/\/blogg.svenskakyrkan.se\/kyrkogardienkoping\/files\/2015\/08\/bild-2-e1440420924517.jpg","thumbnail_width":1224,"thumbnail_height":1632}