{"version":"1.0","provider_name":"Kyrkog\u00e5rdsbloggen i Enk\u00f6pings pastorat","provider_url":"https:\/\/blogg.svenskakyrkan.se\/kyrkogardienkoping","author_name":"Ann-Sofie Hansson","author_url":"https:\/\/blogg.svenskakyrkan.se\/kyrkogardienkoping\/author\/annsofiehansson\/","title":"Efterl\u00e4ngtade - Kyrkog\u00e5rdsbloggen i Enk\u00f6pings pastorat","type":"rich","width":600,"height":338,"html":"<blockquote class=\"wp-embedded-content\" data-secret=\"786C11PAKc\"><a href=\"https:\/\/blogg.svenskakyrkan.se\/kyrkogardienkoping\/2016\/12\/29\/efterlangtade\/\">Efterl\u00e4ngtade<\/a><\/blockquote><iframe sandbox=\"allow-scripts\" security=\"restricted\" src=\"https:\/\/blogg.svenskakyrkan.se\/kyrkogardienkoping\/2016\/12\/29\/efterlangtade\/embed\/#?secret=786C11PAKc\" width=\"600\" height=\"338\" title=\"\u201dEfterl\u00e4ngtade\u201d &ndash; Kyrkog\u00e5rdsbloggen i Enk\u00f6pings pastorat\" data-secret=\"786C11PAKc\" frameborder=\"0\" marginwidth=\"0\" marginheight=\"0\" scrolling=\"no\" class=\"wp-embedded-content\"><\/iframe><script type=\"text\/javascript\">\n\/* <![CDATA[ *\/\n\/*! This file is auto-generated *\/\n!function(d,l){\"use strict\";l.querySelector&&d.addEventListener&&\"undefined\"!=typeof URL&&(d.wp=d.wp||{},d.wp.receiveEmbedMessage||(d.wp.receiveEmbedMessage=function(e){var t=e.data;if((t||t.secret||t.message||t.value)&&!\/[^a-zA-Z0-9]\/.test(t.secret)){for(var s,r,n,a=l.querySelectorAll('iframe[data-secret=\"'+t.secret+'\"]'),o=l.querySelectorAll('blockquote[data-secret=\"'+t.secret+'\"]'),c=new RegExp(\"^https?:$\",\"i\"),i=0;i<o.length;i++)o[i].style.display=\"none\";for(i=0;i<a.length;i++)s=a[i],e.source===s.contentWindow&&(s.removeAttribute(\"style\"),\"height\"===t.message?(1e3<(r=parseInt(t.value,10))?r=1e3:~~r<200&&(r=200),s.height=r):\"link\"===t.message&&(r=new URL(s.getAttribute(\"src\")),n=new URL(t.value),c.test(n.protocol))&&n.host===r.host&&l.activeElement===s&&(d.top.location.href=t.value))}},d.addEventListener(\"message\",d.wp.receiveEmbedMessage,!1),l.addEventListener(\"DOMContentLoaded\",function(){for(var e,t,s=l.querySelectorAll(\"iframe.wp-embedded-content\"),r=0;r<s.length;r++)(t=(e=s[r]).getAttribute(\"data-secret\"))||(t=Math.random().toString(36).substring(2,12),e.src+=\"#?secret=\"+t,e.setAttribute(\"data-secret\",t)),e.contentWindow.postMessage({message:\"ready\",secret:t},\"*\")},!1)))}(window,document);\n\/\/# sourceURL=https:\/\/blogg.svenskakyrkan.se\/kyrkogardienkoping\/wp-includes\/js\/wp-embed.min.js\n\/* ]]> *\/\n<\/script>\n","description":"Under l\u00e5ng tid har b\u00e5de bes\u00f6kare och kyrkog\u00e5rdspersonal efterfr\u00e5gat markeringar med respektive gravplats nummer f\u00f6r att det ska g\u00e5 l\u00e4ttare att hitta just den gravplats man s\u00f6ker p\u00e5 kyrkog\u00e5rden. \u00c4ntligen har nu dessa markeringar k\u00f6pts in och levererats till kyrkog\u00e5rdsf\u00f6rvaltningen. Markeringarna kommer att s\u00e4ttas ut under v\u00e5ren 2017.","thumbnail_url":"https:\/\/blogg.svenskakyrkan.se\/kyrkogardienkoping\/files\/2016\/12\/IMG_1140.jpg","thumbnail_width":640,"thumbnail_height":480}