{"version":"1.0","provider_name":"Kyrkog\u00e5rdsbloggen i Enk\u00f6pings pastorat","provider_url":"https:\/\/blogg.svenskakyrkan.se\/kyrkogardienkoping","author_name":"Enk\u00f6pings pastorat","author_url":"https:\/\/blogg.svenskakyrkan.se\/kyrkogardienkoping\/author\/susannegorne\/","title":"Nyheter fr\u00e5n oss! - Kyrkog\u00e5rdsbloggen i Enk\u00f6pings pastorat","type":"rich","width":600,"height":338,"html":"<blockquote class=\"wp-embedded-content\" data-secret=\"FeOB9jb3hm\"><a href=\"https:\/\/blogg.svenskakyrkan.se\/kyrkogardienkoping\/2023\/10\/19\/nyheter-fran-oss\/\">Nyheter fr\u00e5n oss!<\/a><\/blockquote><iframe sandbox=\"allow-scripts\" security=\"restricted\" src=\"https:\/\/blogg.svenskakyrkan.se\/kyrkogardienkoping\/2023\/10\/19\/nyheter-fran-oss\/embed\/#?secret=FeOB9jb3hm\" width=\"600\" height=\"338\" title=\"\u201dNyheter fr\u00e5n oss!\u201d &ndash; Kyrkog\u00e5rdsbloggen i Enk\u00f6pings pastorat\" data-secret=\"FeOB9jb3hm\" frameborder=\"0\" marginwidth=\"0\" marginheight=\"0\" scrolling=\"no\" class=\"wp-embedded-content\"><\/iframe><script type=\"text\/javascript\">\n\/* <![CDATA[ *\/\n\/*! This file is auto-generated *\/\n!function(d,l){\"use strict\";l.querySelector&&d.addEventListener&&\"undefined\"!=typeof URL&&(d.wp=d.wp||{},d.wp.receiveEmbedMessage||(d.wp.receiveEmbedMessage=function(e){var t=e.data;if((t||t.secret||t.message||t.value)&&!\/[^a-zA-Z0-9]\/.test(t.secret)){for(var s,r,n,a=l.querySelectorAll('iframe[data-secret=\"'+t.secret+'\"]'),o=l.querySelectorAll('blockquote[data-secret=\"'+t.secret+'\"]'),c=new RegExp(\"^https?:$\",\"i\"),i=0;i<o.length;i++)o[i].style.display=\"none\";for(i=0;i<a.length;i++)s=a[i],e.source===s.contentWindow&&(s.removeAttribute(\"style\"),\"height\"===t.message?(1e3<(r=parseInt(t.value,10))?r=1e3:~~r<200&&(r=200),s.height=r):\"link\"===t.message&&(r=new URL(s.getAttribute(\"src\")),n=new URL(t.value),c.test(n.protocol))&&n.host===r.host&&l.activeElement===s&&(d.top.location.href=t.value))}},d.addEventListener(\"message\",d.wp.receiveEmbedMessage,!1),l.addEventListener(\"DOMContentLoaded\",function(){for(var e,t,s=l.querySelectorAll(\"iframe.wp-embedded-content\"),r=0;r<s.length;r++)(t=(e=s[r]).getAttribute(\"data-secret\"))||(t=Math.random().toString(36).substring(2,12),e.src+=\"#?secret=\"+t,e.setAttribute(\"data-secret\",t)),e.contentWindow.postMessage({message:\"ready\",secret:t},\"*\")},!1)))}(window,document);\n\/\/# sourceURL=https:\/\/blogg.svenskakyrkan.se\/kyrkogardienkoping\/wp-includes\/js\/wp-embed.min.js\n\/* ]]> *\/\n<\/script>\n","thumbnail_url":"https:\/\/blogg.svenskakyrkan.se\/kyrkogardienkoping\/files\/2023\/10\/Sprattandehonsbild2-scaled.jpeg","thumbnail_width":2560,"thumbnail_height":1920,"description":"H\u00f6sten \u00e4r h\u00e4r och vi inv\u00e4ntar frosten S\u00e5 \u00e4r den \u00e4ntligen h\u00e4r, h\u00f6sten. Vackra f\u00e4rger, och allt vad h\u00f6sten tar med sig. Ett skifte p\u00e5 m\u00e5nga s\u00e4tt f\u00f6r oss p\u00e5 kyrkog\u00e5rdsf\u00f6rvaltningen. Gr\u00e4smattornas tillv\u00e4xt har avtagit i v\u00e4xtkraft, behovet av vattning likas\u00e5. Sommarblommorna \u00e4r ett minne blott och ljungen har nu \u201dlyst\u201d upp m\u00e5nga gravplatser. I [&hellip;]"}