{"version":"1.0","provider_name":"Kyrkog\u00e5rdsbloggen i Enk\u00f6pings pastorat","provider_url":"https:\/\/blogg.svenskakyrkan.se\/kyrkogardienkoping","author_name":"Enk\u00f6pings pastorat","author_url":"https:\/\/blogg.svenskakyrkan.se\/kyrkogardienkoping\/author\/susannegorne\/","title":"Vinter\u00e4songen \u00e4r i ant\u00e5gande - Kyrkog\u00e5rdsbloggen i Enk\u00f6pings pastorat","type":"rich","width":600,"height":338,"html":"<blockquote class=\"wp-embedded-content\" data-secret=\"rV6dKNVq1n\"><a href=\"https:\/\/blogg.svenskakyrkan.se\/kyrkogardienkoping\/2023\/11\/16\/1912\/\">Vinter\u00e4songen \u00e4r i ant\u00e5gande<\/a><\/blockquote><iframe sandbox=\"allow-scripts\" security=\"restricted\" src=\"https:\/\/blogg.svenskakyrkan.se\/kyrkogardienkoping\/2023\/11\/16\/1912\/embed\/#?secret=rV6dKNVq1n\" width=\"600\" height=\"338\" title=\"\u201dVinter\u00e4songen \u00e4r i ant\u00e5gande\u201d &ndash; Kyrkog\u00e5rdsbloggen i Enk\u00f6pings pastorat\" data-secret=\"rV6dKNVq1n\" frameborder=\"0\" marginwidth=\"0\" marginheight=\"0\" scrolling=\"no\" class=\"wp-embedded-content\"><\/iframe><script type=\"text\/javascript\">\n\/* <![CDATA[ *\/\n\/*! This file is auto-generated *\/\n!function(d,l){\"use strict\";l.querySelector&&d.addEventListener&&\"undefined\"!=typeof URL&&(d.wp=d.wp||{},d.wp.receiveEmbedMessage||(d.wp.receiveEmbedMessage=function(e){var t=e.data;if((t||t.secret||t.message||t.value)&&!\/[^a-zA-Z0-9]\/.test(t.secret)){for(var s,r,n,a=l.querySelectorAll('iframe[data-secret=\"'+t.secret+'\"]'),o=l.querySelectorAll('blockquote[data-secret=\"'+t.secret+'\"]'),c=new RegExp(\"^https?:$\",\"i\"),i=0;i<o.length;i++)o[i].style.display=\"none\";for(i=0;i<a.length;i++)s=a[i],e.source===s.contentWindow&&(s.removeAttribute(\"style\"),\"height\"===t.message?(1e3<(r=parseInt(t.value,10))?r=1e3:~~r<200&&(r=200),s.height=r):\"link\"===t.message&&(r=new URL(s.getAttribute(\"src\")),n=new URL(t.value),c.test(n.protocol))&&n.host===r.host&&l.activeElement===s&&(d.top.location.href=t.value))}},d.addEventListener(\"message\",d.wp.receiveEmbedMessage,!1),l.addEventListener(\"DOMContentLoaded\",function(){for(var e,t,s=l.querySelectorAll(\"iframe.wp-embedded-content\"),r=0;r<s.length;r++)(t=(e=s[r]).getAttribute(\"data-secret\"))||(t=Math.random().toString(36).substring(2,12),e.src+=\"#?secret=\"+t,e.setAttribute(\"data-secret\",t)),e.contentWindow.postMessage({message:\"ready\",secret:t},\"*\")},!1)))}(window,document);\n\/\/# sourceURL=https:\/\/blogg.svenskakyrkan.se\/kyrkogardienkoping\/wp-includes\/js\/wp-embed.min.js\n\/* ]]> *\/\n<\/script>\n","thumbnail_url":"https:\/\/blogg.svenskakyrkan.se\/kyrkogardienkoping\/files\/2023\/11\/Snobild1_Elisabeth_Nordfors.jpg","thumbnail_width":640,"thumbnail_height":480,"description":"Vi \u00e4r f\u00e4rre nu \u201dVinters\u00e4songen\u201d \u00e4r p\u00e5b\u00f6rjad. Pl\u00f6tsligt blir vi m\u00e5nga f\u00e4rre i personalen (s\u00e4songarna har slutat) men antalet kyrkog\u00e5rdar best\u00e5r och arbetet d\u00e4r. Vi har p\u00e5b\u00f6rjat avst\u00e4ngning av vattnet p\u00e5 kyrkog\u00e5rdarna, vilket ocks\u00e5 inneb\u00e4r att vi plockar bort vattenkannor och n\u00e4stan alla vaser. \u00d6nskem\u00e5l har kommit fr\u00e5n bes\u00f6kare att kunna s\u00e4tta snittblommor i vaser [&hellip;]"}